{"id":3506,"date":"2022-06-01T22:19:34","date_gmt":"2022-06-01T22:19:34","guid":{"rendered":"https:\/\/nadinospina.org\/?page_id=3506"},"modified":"2024-10-22T23:00:22","modified_gmt":"2024-10-22T23:00:22","slug":"biografia","status":"publish","type":"page","link":"https:\/\/nadinospina.org\/en\/biografia\/","title":{"rendered":"Biography"},"content":{"rendered":"<p class=\"wp-block-paragraph\"><\/p>\n\n\n\n<figure class=\"wp-block-image size-large\"><img data-recalc-dims=\"1\" fetchpriority=\"high\" decoding=\"async\" width=\"640\" height=\"444\" data-attachment-id=\"3508\" data-permalink=\"https:\/\/nadinospina.org\/en\/biografia\/captura-de-pantalla-2022-06-01-a-las-4-41-30-p-m\/\" data-orig-file=\"https:\/\/i0.wp.com\/nadinospina.org\/wp-content\/uploads\/2022\/06\/captura-de-pantalla-2022-06-01-a-las-4.41.30-p.-m..png?fit=962%2C668&amp;ssl=1\" data-orig-size=\"962,668\" data-comments-opened=\"1\" data-image-meta=\"{&quot;aperture&quot;:&quot;0&quot;,&quot;credit&quot;:&quot;&quot;,&quot;camera&quot;:&quot;&quot;,&quot;caption&quot;:&quot;&quot;,&quot;created_timestamp&quot;:&quot;0&quot;,&quot;copyright&quot;:&quot;&quot;,&quot;focal_length&quot;:&quot;0&quot;,&quot;iso&quot;:&quot;0&quot;,&quot;shutter_speed&quot;:&quot;0&quot;,&quot;title&quot;:&quot;&quot;,&quot;orientation&quot;:&quot;0&quot;}\" data-image-title=\"captura-de-pantalla-2022-06-01-a-las-4.41.30-p.-m.\" data-image-description=\"\" data-image-caption=\"\" data-large-file=\"https:\/\/i0.wp.com\/nadinospina.org\/wp-content\/uploads\/2022\/06\/captura-de-pantalla-2022-06-01-a-las-4.41.30-p.-m..png?fit=640%2C444&amp;ssl=1\" src=\"https:\/\/i0.wp.com\/nadinospina.org\/wp-content\/uploads\/2022\/06\/captura-de-pantalla-2022-06-01-a-las-4.41.30-p.-m..png?resize=640%2C444&#038;ssl=1\" alt=\"\" class=\"wp-image-3508\"\/><\/figure>\n\n\n\n<p class=\"wp-block-paragraph\"><strong>1960<\/strong><\/p>\n\n\n\n<p class=\"textojustificado wp-block-paragraph\">Born in Bogot\u00e1, Colombia, on May 16, 1960, son of lawyer Nad\u00edn Ospina and Lucy Valbuena. He studied at the Jesuit school San Bartolom\u00e9 de la Merced, where he acquired a rigorous education and a social and political conscience focused on the problems of the people of Latin America.<\/p>\n\n\n\n<p class=\"wp-block-paragraph\"><strong>1977<\/strong><\/p>\n\n\n\n<p class=\"textojustificado wp-block-paragraph\">Influenced by his family and driven by his interest in humanism and science, he studies medicine at the Javeriana University in Bogota, where he approaches a cosmogonic vision of man and marvels at the human body and its artistic representation, but becomes disenchanted when confronted with the reality of medical practice at the time and decides to unenroll.<\/p>\n\n\n\n<figure class=\"wp-block-image size-large\"><img data-recalc-dims=\"1\" decoding=\"async\" width=\"640\" height=\"950\" data-attachment-id=\"3510\" data-permalink=\"https:\/\/nadinospina.org\/en\/biografia\/captura-de-pantalla-2022-06-01-a-las-4-43-06-p-m\/\" data-orig-file=\"https:\/\/i0.wp.com\/nadinospina.org\/wp-content\/uploads\/2022\/06\/captura-de-pantalla-2022-06-01-a-las-4.43.06-p.-m..png?fit=808%2C1200&amp;ssl=1\" data-orig-size=\"808,1200\" data-comments-opened=\"1\" data-image-meta=\"{&quot;aperture&quot;:&quot;0&quot;,&quot;credit&quot;:&quot;&quot;,&quot;camera&quot;:&quot;&quot;,&quot;caption&quot;:&quot;&quot;,&quot;created_timestamp&quot;:&quot;0&quot;,&quot;copyright&quot;:&quot;&quot;,&quot;focal_length&quot;:&quot;0&quot;,&quot;iso&quot;:&quot;0&quot;,&quot;shutter_speed&quot;:&quot;0&quot;,&quot;title&quot;:&quot;&quot;,&quot;orientation&quot;:&quot;0&quot;}\" data-image-title=\"captura-de-pantalla-2022-06-01-a-las-4.43.06-p.-m.\" data-image-description=\"\" data-image-caption=\"\" data-large-file=\"https:\/\/i0.wp.com\/nadinospina.org\/wp-content\/uploads\/2022\/06\/captura-de-pantalla-2022-06-01-a-las-4.43.06-p.-m..png?fit=640%2C950&amp;ssl=1\" src=\"https:\/\/i0.wp.com\/nadinospina.org\/wp-content\/uploads\/2022\/06\/captura-de-pantalla-2022-06-01-a-las-4.43.06-p.-m..png?resize=640%2C950&#038;ssl=1\" alt=\"\" class=\"wp-image-3510\"\/><\/figure>\n\n\n\n<p class=\"wp-block-paragraph\"><strong>1979<\/strong><\/p>\n\n\n\n<p class=\"textojustificado wp-block-paragraph\">He studies plastic arts at the Jorge Tadeo Lozano University in Bogota. With an intellectual curiosity that is not satisfied with the conventional, he turns his life into a creative experience of permanent discovery. He meets and becomes friends with his teachers: Miguel Angel Rojas, German Linares, Momo del Villar and Luis Hernando Giraldo who push him towards a future of personal search against the conventionally established at that time.<\/p>\n\n\n\n<p class=\"wp-block-paragraph\"><strong>1980<\/strong><\/p>\n\n\n\n<p class=\"textojustificado wp-block-paragraph\">He is a student of Beatriz Gonzalez at the<strong>&nbsp;School of Guides of the Museum of Modern Art,<\/strong>sharing with Doris Salcedo, Jos\u00e9 Alejandro Restrepo and Carolina Ponce, among others, in a study group where art history is discussed, texts are read, research is done and anecdotes are shared.&nbsp;<\/p>\n\n\n\n<figure class=\"wp-block-image size-large\"><img data-recalc-dims=\"1\" decoding=\"async\" width=\"640\" height=\"1073\" data-attachment-id=\"3512\" data-permalink=\"https:\/\/nadinospina.org\/en\/biografia\/captura-de-pantalla-2022-06-01-a-las-4-47-09-p-m\/\" data-orig-file=\"https:\/\/i0.wp.com\/nadinospina.org\/wp-content\/uploads\/2022\/06\/captura-de-pantalla-2022-06-01-a-las-4.47.09-p.-m..png?fit=644%2C1080&amp;ssl=1\" data-orig-size=\"644,1080\" data-comments-opened=\"1\" data-image-meta=\"{&quot;aperture&quot;:&quot;0&quot;,&quot;credit&quot;:&quot;&quot;,&quot;camera&quot;:&quot;&quot;,&quot;caption&quot;:&quot;&quot;,&quot;created_timestamp&quot;:&quot;0&quot;,&quot;copyright&quot;:&quot;&quot;,&quot;focal_length&quot;:&quot;0&quot;,&quot;iso&quot;:&quot;0&quot;,&quot;shutter_speed&quot;:&quot;0&quot;,&quot;title&quot;:&quot;&quot;,&quot;orientation&quot;:&quot;0&quot;}\" data-image-title=\"captura-de-pantalla-2022-06-01-a-las-4.47.09-p.-m.\" data-image-description=\"\" data-image-caption=\"\" data-large-file=\"https:\/\/i0.wp.com\/nadinospina.org\/wp-content\/uploads\/2022\/06\/captura-de-pantalla-2022-06-01-a-las-4.47.09-p.-m..png?fit=611%2C1024&amp;ssl=1\" src=\"https:\/\/i0.wp.com\/nadinospina.org\/wp-content\/uploads\/2022\/06\/captura-de-pantalla-2022-06-01-a-las-4.47.09-p.-m..png?resize=640%2C1073&#038;ssl=1\" alt=\"\" class=\"wp-image-3512\"\/><\/figure>\n\n\n\n<p class=\"wp-block-paragraph\"><strong>1981<\/strong><\/p>\n\n\n\n<figure class=\"wp-block-image size-large\"><img data-recalc-dims=\"1\" loading=\"lazy\" decoding=\"async\" width=\"640\" height=\"519\" data-attachment-id=\"1022\" data-permalink=\"https:\/\/nadinospina.org\/en\/movimientos-1981\/trampa-de-sol-b\/\" data-orig-file=\"https:\/\/i0.wp.com\/nadinospina.org\/wp-content\/uploads\/2019\/06\/trampa-de-sol-b.jpg?fit=1742%2C1414&amp;ssl=1\" data-orig-size=\"1742,1414\" data-comments-opened=\"1\" data-image-meta=\"{&quot;aperture&quot;:&quot;0&quot;,&quot;credit&quot;:&quot;Krause, Johansen&quot;,&quot;camera&quot;:&quot;Scanner DC3000&quot;,&quot;caption&quot;:&quot;002&quot;,&quot;created_timestamp&quot;:&quot;0&quot;,&quot;copyright&quot;:&quot;&quot;,&quot;focal_length&quot;:&quot;0&quot;,&quot;iso&quot;:&quot;0&quot;,&quot;shutter_speed&quot;:&quot;0&quot;,&quot;title&quot;:&quot;002&quot;,&quot;orientation&quot;:&quot;1&quot;}\" data-image-title=\"Trampa de sol B\" data-image-description=\"\" data-image-caption=\"&lt;p&gt;002&lt;\/p&gt;\" data-large-file=\"https:\/\/i0.wp.com\/nadinospina.org\/wp-content\/uploads\/2019\/06\/trampa-de-sol-b.jpg?fit=640%2C519&amp;ssl=1\" src=\"https:\/\/i0.wp.com\/nadinospina.org\/wp-content\/uploads\/2019\/06\/trampa-de-sol-b.jpg?resize=640%2C519&#038;ssl=1\" alt=\"\" class=\"wp-image-1022\"\/><\/figure>\n\n\n\n<p class=\"textojustificado wp-block-paragraph\">He lives here his first paradox of which his life is full: considering that he did not meet the traditional aesthetic standards, and about to finish his training, the dean of his Faculty invites him to retire for his \"lack of talent\" and to \"devote himself to something else in life\", \"do your parents a favor\", phrases that leave him devastated, with such good fortune that days later he is chosen by the curator Alberto Sierra for the&nbsp;<strong>First Arturo and Rebeca Rabinovich Salon,<\/strong>an event created with the support of the Museum of Modern Art of Medellin, for the promotion and the diffusion of young, university and contemporary art. He wins an honorable mention.<em>\" This circumstance saved my artistic career and even my life\",<\/em>in Nad\u00edn's words.<\/p>\n\n\n\n<p class=\"wp-block-paragraph\"><strong>1982- 1984<\/strong><\/p>\n\n\n\n<figure class=\"wp-block-image size-large\"><img data-recalc-dims=\"1\" loading=\"lazy\" decoding=\"async\" width=\"640\" height=\"413\" data-attachment-id=\"3514\" data-permalink=\"https:\/\/nadinospina.org\/en\/biografia\/captura-de-pantalla-2022-06-01-a-las-4-48-20-p-m\/\" data-orig-file=\"https:\/\/i0.wp.com\/nadinospina.org\/wp-content\/uploads\/2022\/06\/captura-de-pantalla-2022-06-01-a-las-4.48.20-p.-m..png?fit=1024%2C660&amp;ssl=1\" data-orig-size=\"1024,660\" data-comments-opened=\"1\" data-image-meta=\"{&quot;aperture&quot;:&quot;0&quot;,&quot;credit&quot;:&quot;&quot;,&quot;camera&quot;:&quot;&quot;,&quot;caption&quot;:&quot;&quot;,&quot;created_timestamp&quot;:&quot;0&quot;,&quot;copyright&quot;:&quot;&quot;,&quot;focal_length&quot;:&quot;0&quot;,&quot;iso&quot;:&quot;0&quot;,&quot;shutter_speed&quot;:&quot;0&quot;,&quot;title&quot;:&quot;&quot;,&quot;orientation&quot;:&quot;0&quot;}\" data-image-title=\"captura-de-pantalla-2022-06-01-a-las-4.48.20-p.-m.\" data-image-description=\"\" data-image-caption=\"\" data-large-file=\"https:\/\/i0.wp.com\/nadinospina.org\/wp-content\/uploads\/2022\/06\/captura-de-pantalla-2022-06-01-a-las-4.48.20-p.-m..png?fit=640%2C413&amp;ssl=1\" src=\"https:\/\/i0.wp.com\/nadinospina.org\/wp-content\/uploads\/2022\/06\/captura-de-pantalla-2022-06-01-a-las-4.48.20-p.-m..png?resize=640%2C413&#038;ssl=1\" alt=\"\" class=\"wp-image-3514\"\/><\/figure>\n\n\n\n<p class=\"textojustificado wp-block-paragraph\">He is selected by the curator Eduardo Serrano to participate in the&nbsp;&nbsp;<strong>VIII Sal\u00f3n Atenas<\/strong>&nbsp;of the Museo de Arte Moderno de Bogot\u00e1. Event that introduces relevant figures for the Colombian contemporary plastic art such as Miguel \u00c1ngel Rojas, Antonio Caro, and Nad\u00edn himself, among others.<\/p>\n\n\n\n<figure class=\"wp-block-image size-large\"><img data-recalc-dims=\"1\" loading=\"lazy\" decoding=\"async\" width=\"640\" height=\"319\" data-attachment-id=\"3516\" data-permalink=\"https:\/\/nadinospina.org\/en\/biografia\/captura-de-pantalla-2022-06-01-a-las-5-02-53-p-m\/\" data-orig-file=\"https:\/\/i0.wp.com\/nadinospina.org\/wp-content\/uploads\/2022\/06\/captura-de-pantalla-2022-06-01-a-las-5.02.53-p.-m..png?fit=1960%2C978&amp;ssl=1\" data-orig-size=\"1960,978\" data-comments-opened=\"1\" data-image-meta=\"{&quot;aperture&quot;:&quot;0&quot;,&quot;credit&quot;:&quot;&quot;,&quot;camera&quot;:&quot;&quot;,&quot;caption&quot;:&quot;&quot;,&quot;created_timestamp&quot;:&quot;0&quot;,&quot;copyright&quot;:&quot;&quot;,&quot;focal_length&quot;:&quot;0&quot;,&quot;iso&quot;:&quot;0&quot;,&quot;shutter_speed&quot;:&quot;0&quot;,&quot;title&quot;:&quot;&quot;,&quot;orientation&quot;:&quot;0&quot;}\" data-image-title=\"captura-de-pantalla-2022-06-01-a-las-5.02.53-p.-m.\" data-image-description=\"\" data-image-caption=\"\" data-large-file=\"https:\/\/i0.wp.com\/nadinospina.org\/wp-content\/uploads\/2022\/06\/captura-de-pantalla-2022-06-01-a-las-5.02.53-p.-m..png?fit=640%2C319&amp;ssl=1\" src=\"https:\/\/i0.wp.com\/nadinospina.org\/wp-content\/uploads\/2022\/06\/captura-de-pantalla-2022-06-01-a-las-5.02.53-p.-m..png?resize=640%2C319&#038;ssl=1\" alt=\"\" class=\"wp-image-3516\"\/><\/figure>\n\n\n\n<p class=\"textojustificado wp-block-paragraph\">He produces&nbsp;<strong>\u201cMovimientos\u201d (Movements)<\/strong>: \u201c<em>\"Repeated but independent objects to form works in which the final arrangement, the insistence and the chromatic richness collaborate to introduce us into an innocent and poetic world\"<\/em>writes Eduardo Serrano.<\/p>\n\n\n\n<figure class=\"wp-block-image size-large\"><img data-recalc-dims=\"1\" loading=\"lazy\" decoding=\"async\" width=\"640\" height=\"437\" data-attachment-id=\"3518\" data-permalink=\"https:\/\/nadinospina.org\/en\/biografia\/captura-de-pantalla-2022-06-01-a-las-5-04-14-p-m\/\" data-orig-file=\"https:\/\/i0.wp.com\/nadinospina.org\/wp-content\/uploads\/2022\/06\/captura-de-pantalla-2022-06-01-a-las-5.04.14-p.-m..png?fit=1608%2C1098&amp;ssl=1\" data-orig-size=\"1608,1098\" data-comments-opened=\"1\" data-image-meta=\"{&quot;aperture&quot;:&quot;0&quot;,&quot;credit&quot;:&quot;&quot;,&quot;camera&quot;:&quot;&quot;,&quot;caption&quot;:&quot;&quot;,&quot;created_timestamp&quot;:&quot;0&quot;,&quot;copyright&quot;:&quot;&quot;,&quot;focal_length&quot;:&quot;0&quot;,&quot;iso&quot;:&quot;0&quot;,&quot;shutter_speed&quot;:&quot;0&quot;,&quot;title&quot;:&quot;&quot;,&quot;orientation&quot;:&quot;0&quot;}\" data-image-title=\"captura-de-pantalla-2022-06-01-a-las-5.04.14-p.-m.\" data-image-description=\"\" data-image-caption=\"\" data-large-file=\"https:\/\/i0.wp.com\/nadinospina.org\/wp-content\/uploads\/2022\/06\/captura-de-pantalla-2022-06-01-a-las-5.04.14-p.-m..png?fit=640%2C437&amp;ssl=1\" src=\"https:\/\/i0.wp.com\/nadinospina.org\/wp-content\/uploads\/2022\/06\/captura-de-pantalla-2022-06-01-a-las-5.04.14-p.-m..png?resize=640%2C437&#038;ssl=1\" alt=\"\" class=\"wp-image-3518\"\/><\/figure>\n\n\n\n<p class=\"textojustificado wp-block-paragraph\">&nbsp;\u201c<strong>\"Juegos en el campanario\" (Games at the bell tower),<\/strong>this series, marks a definitive path in terms of the simultaneous use of techniques and procedures (painting and sculpture) as well as the appropriation of the museum space.<\/p>\n\n\n\n<p class=\"wp-block-paragraph\"><\/p>\n\n\n\n<figure class=\"wp-block-image size-large\"><img data-recalc-dims=\"1\" loading=\"lazy\" decoding=\"async\" width=\"640\" height=\"564\" data-attachment-id=\"3521\" data-permalink=\"https:\/\/nadinospina.org\/en\/biografia\/captura-de-pantalla-2022-06-01-a-las-5-05-24-p-m\/\" data-orig-file=\"https:\/\/i0.wp.com\/nadinospina.org\/wp-content\/uploads\/2022\/06\/captura-de-pantalla-2022-06-01-a-las-5.05.24-p.-m..png?fit=1830%2C1614&amp;ssl=1\" data-orig-size=\"1830,1614\" data-comments-opened=\"1\" data-image-meta=\"{&quot;aperture&quot;:&quot;0&quot;,&quot;credit&quot;:&quot;&quot;,&quot;camera&quot;:&quot;&quot;,&quot;caption&quot;:&quot;&quot;,&quot;created_timestamp&quot;:&quot;0&quot;,&quot;copyright&quot;:&quot;&quot;,&quot;focal_length&quot;:&quot;0&quot;,&quot;iso&quot;:&quot;0&quot;,&quot;shutter_speed&quot;:&quot;0&quot;,&quot;title&quot;:&quot;&quot;,&quot;orientation&quot;:&quot;0&quot;}\" data-image-title=\"captura-de-pantalla-2022-06-01-a-las-5.05.24-p.-m.\" data-image-description=\"\" data-image-caption=\"\" data-large-file=\"https:\/\/i0.wp.com\/nadinospina.org\/wp-content\/uploads\/2022\/06\/captura-de-pantalla-2022-06-01-a-las-5.05.24-p.-m..png?fit=640%2C564&amp;ssl=1\" src=\"https:\/\/i0.wp.com\/nadinospina.org\/wp-content\/uploads\/2022\/06\/captura-de-pantalla-2022-06-01-a-las-5.05.24-p.-m..png?resize=640%2C564&#038;ssl=1\" alt=\"\" class=\"wp-image-3521\"\/><\/figure>\n\n\n\n<p class=\"textojustificado wp-block-paragraph\">In 1984 he met his wife Mirella Cabrera, with whom he lived for 30 years until her death in 2014.<\/p>\n\n\n\n<figure class=\"wp-block-gallery has-nested-images columns-default is-cropped wp-block-gallery-1 is-layout-flex wp-block-gallery-is-layout-flex\">\n<figure class=\"wp-block-image size-large\"><img data-recalc-dims=\"1\" loading=\"lazy\" decoding=\"async\" width=\"640\" height=\"418\" data-attachment-id=\"3523\" data-permalink=\"https:\/\/nadinospina.org\/en\/biografia\/captura-de-pantalla-2022-06-01-a-las-5-06-41-p-m\/\" data-orig-file=\"https:\/\/i0.wp.com\/nadinospina.org\/wp-content\/uploads\/2022\/06\/captura-de-pantalla-2022-06-01-a-las-5.06.41-p.-m..png?fit=1962%2C1282&amp;ssl=1\" data-orig-size=\"1962,1282\" data-comments-opened=\"1\" data-image-meta=\"{&quot;aperture&quot;:&quot;0&quot;,&quot;credit&quot;:&quot;&quot;,&quot;camera&quot;:&quot;&quot;,&quot;caption&quot;:&quot;&quot;,&quot;created_timestamp&quot;:&quot;0&quot;,&quot;copyright&quot;:&quot;&quot;,&quot;focal_length&quot;:&quot;0&quot;,&quot;iso&quot;:&quot;0&quot;,&quot;shutter_speed&quot;:&quot;0&quot;,&quot;title&quot;:&quot;&quot;,&quot;orientation&quot;:&quot;0&quot;}\" data-image-title=\"captura-de-pantalla-2022-06-01-a-las-5.06.41-p.-m.\" data-image-description=\"\" data-image-caption=\"\" data-large-file=\"https:\/\/i0.wp.com\/nadinospina.org\/wp-content\/uploads\/2022\/06\/captura-de-pantalla-2022-06-01-a-las-5.06.41-p.-m..png?fit=640%2C418&amp;ssl=1\" data-id=\"3523\" src=\"https:\/\/i0.wp.com\/nadinospina.org\/wp-content\/uploads\/2022\/06\/captura-de-pantalla-2022-06-01-a-las-5.06.41-p.-m..png?resize=640%2C418&#038;ssl=1\" alt=\"\" class=\"wp-image-3523\"\/><\/figure>\n<\/figure>\n\n\n\n<p class=\"wp-block-paragraph\"><strong>1985-1987<\/strong><\/p>\n\n\n\n<p class=\"textojustificado wp-block-paragraph\">Holds his first institutional solo exhibition:&nbsp;<strong>\"Collages\"<\/strong>&nbsp;at La Casa de la Moneda in the space&nbsp;<strong>New Names<\/strong>&nbsp;in Bogota. A program focused on promoting and promoting the work of emerging artists. Curated by Carolina Ponce de Le\u00f3n.<\/p>\n\n\n\n<figure class=\"wp-block-image size-large\"><img data-recalc-dims=\"1\" loading=\"lazy\" decoding=\"async\" width=\"640\" height=\"480\" data-attachment-id=\"3525\" data-permalink=\"https:\/\/nadinospina.org\/en\/biografia\/captura-de-pantalla-2022-06-01-a-las-5-09-59-p-m\/\" data-orig-file=\"https:\/\/i0.wp.com\/nadinospina.org\/wp-content\/uploads\/2022\/06\/captura-de-pantalla-2022-06-01-a-las-5.09.59-p.-m..png?fit=1796%2C1348&amp;ssl=1\" data-orig-size=\"1796,1348\" data-comments-opened=\"1\" data-image-meta=\"{&quot;aperture&quot;:&quot;0&quot;,&quot;credit&quot;:&quot;&quot;,&quot;camera&quot;:&quot;&quot;,&quot;caption&quot;:&quot;&quot;,&quot;created_timestamp&quot;:&quot;0&quot;,&quot;copyright&quot;:&quot;&quot;,&quot;focal_length&quot;:&quot;0&quot;,&quot;iso&quot;:&quot;0&quot;,&quot;shutter_speed&quot;:&quot;0&quot;,&quot;title&quot;:&quot;&quot;,&quot;orientation&quot;:&quot;0&quot;}\" data-image-title=\"captura-de-pantalla-2022-06-01-a-las-5.09.59-p.-m.\" data-image-description=\"\" data-image-caption=\"\" data-large-file=\"https:\/\/i0.wp.com\/nadinospina.org\/wp-content\/uploads\/2022\/06\/captura-de-pantalla-2022-06-01-a-las-5.09.59-p.-m..png?fit=640%2C480&amp;ssl=1\" src=\"https:\/\/i0.wp.com\/nadinospina.org\/wp-content\/uploads\/2022\/06\/captura-de-pantalla-2022-06-01-a-las-5.09.59-p.-m..png?resize=640%2C480&#038;ssl=1\" alt=\"\" class=\"wp-image-3525\"\/><\/figure>\n\n\n\n<p class=\"textojustificado wp-block-paragraph\">He develops a particular fondness for collecting diverse types of objects including contemporary art, pre-Columbian pieces, toys and popular crafts.<\/p>\n\n\n\n<p class=\"wp-block-paragraph\"><\/p>\n\n\n\n<figure class=\"wp-block-image size-large\"><img data-recalc-dims=\"1\" loading=\"lazy\" decoding=\"async\" width=\"640\" height=\"1032\" data-attachment-id=\"3527\" data-permalink=\"https:\/\/nadinospina.org\/en\/biografia\/captura-de-pantalla-2022-06-01-a-las-5-10-49-p-m\/\" data-orig-file=\"https:\/\/i0.wp.com\/nadinospina.org\/wp-content\/uploads\/2022\/06\/captura-de-pantalla-2022-06-01-a-las-5.10.49-p.-m..png?fit=764%2C1232&amp;ssl=1\" data-orig-size=\"764,1232\" data-comments-opened=\"1\" data-image-meta=\"{&quot;aperture&quot;:&quot;0&quot;,&quot;credit&quot;:&quot;&quot;,&quot;camera&quot;:&quot;&quot;,&quot;caption&quot;:&quot;&quot;,&quot;created_timestamp&quot;:&quot;0&quot;,&quot;copyright&quot;:&quot;&quot;,&quot;focal_length&quot;:&quot;0&quot;,&quot;iso&quot;:&quot;0&quot;,&quot;shutter_speed&quot;:&quot;0&quot;,&quot;title&quot;:&quot;&quot;,&quot;orientation&quot;:&quot;0&quot;}\" data-image-title=\"captura-de-pantalla-2022-06-01-a-las-5.10.49-p.-m.\" data-image-description=\"\" data-image-caption=\"\" data-large-file=\"https:\/\/i0.wp.com\/nadinospina.org\/wp-content\/uploads\/2022\/06\/captura-de-pantalla-2022-06-01-a-las-5.10.49-p.-m..png?fit=635%2C1024&amp;ssl=1\" src=\"https:\/\/i0.wp.com\/nadinospina.org\/wp-content\/uploads\/2022\/06\/captura-de-pantalla-2022-06-01-a-las-5.10.49-p.-m..png?resize=640%2C1032&#038;ssl=1\" alt=\"\" class=\"wp-image-3527\"\/><\/figure>\n\n\n\n<p class=\"textojustificado wp-block-paragraph translation-block\">A year later, he is included in the anthological exhibition <strong>Cien a\u00f1os de Arte Colombiano<\/strong>, held at the Museo de Arte Moderno in Bogota on the occasion of the launching of the book <strong>Cien A\u00f1os de Arte Colombiano 1886-1986<\/strong> written by Eduardo Serrano. Nad\u00edn participates as one of the youngest artists of the moment.<\/p>\n\n\n\n<figure class=\"wp-block-image size-large\"><img data-recalc-dims=\"1\" loading=\"lazy\" decoding=\"async\" width=\"640\" height=\"461\" data-attachment-id=\"3534\" data-permalink=\"https:\/\/nadinospina.org\/en\/biografia\/captura-de-pantalla-2022-06-01-a-las-5-26-10-p-m\/\" data-orig-file=\"https:\/\/i0.wp.com\/nadinospina.org\/wp-content\/uploads\/2022\/06\/captura-de-pantalla-2022-06-01-a-las-5.26.10-p.-m..png?fit=1956%2C1408&amp;ssl=1\" data-orig-size=\"1956,1408\" data-comments-opened=\"1\" data-image-meta=\"{&quot;aperture&quot;:&quot;0&quot;,&quot;credit&quot;:&quot;&quot;,&quot;camera&quot;:&quot;&quot;,&quot;caption&quot;:&quot;&quot;,&quot;created_timestamp&quot;:&quot;0&quot;,&quot;copyright&quot;:&quot;&quot;,&quot;focal_length&quot;:&quot;0&quot;,&quot;iso&quot;:&quot;0&quot;,&quot;shutter_speed&quot;:&quot;0&quot;,&quot;title&quot;:&quot;&quot;,&quot;orientation&quot;:&quot;0&quot;}\" data-image-title=\"captura-de-pantalla-2022-06-01-a-las-5.26.10-p.-m.\" data-image-description=\"\" data-image-caption=\"\" data-large-file=\"https:\/\/i0.wp.com\/nadinospina.org\/wp-content\/uploads\/2022\/06\/captura-de-pantalla-2022-06-01-a-las-5.26.10-p.-m..png?fit=640%2C461&amp;ssl=1\" src=\"https:\/\/i0.wp.com\/nadinospina.org\/wp-content\/uploads\/2022\/06\/captura-de-pantalla-2022-06-01-a-las-5.26.10-p.-m..png?resize=640%2C461&#038;ssl=1\" alt=\"\" class=\"wp-image-3534\"\/><\/figure>\n\n\n\n<p class=\"textojustificado wp-block-paragraph\">With his work:<strong>\"San Sebasti\u00e1n\"<\/strong> (Homage to Mishima), he is invited in 1986 for the first time by the Colombian Institute of Culture to the <strong>XXX Sal\u00f3n Anual de Artistas Colombianos<\/strong>a contest in which he participates uninterruptedly until 1996, Referring to the works of this period, historian Germ\u00e1n Rubiano argues: \"<em>his works can be seen as paintings with unconventional supports -made paintings- in most cases, sprinkled with many colors on a monochromatic base-or as sculptures made with canvases and wires, with papier mach\u00e9 and, in recent years with polyester resin, whose surfaces appear coated with bright colors, splashed and dripped\".<\/em><\/p>\n\n\n\n<figure class=\"wp-block-image size-large\"><img data-recalc-dims=\"1\" loading=\"lazy\" decoding=\"async\" width=\"640\" height=\"460\" data-attachment-id=\"3539\" data-permalink=\"https:\/\/nadinospina.org\/en\/biografia\/captura-de-pantalla-2022-06-01-a-las-6-08-04-p-m\/\" data-orig-file=\"https:\/\/i0.wp.com\/nadinospina.org\/wp-content\/uploads\/2022\/06\/captura-de-pantalla-2022-06-01-a-las-6.08.04-p.-m..png?fit=1928%2C1386&amp;ssl=1\" data-orig-size=\"1928,1386\" data-comments-opened=\"1\" data-image-meta=\"{&quot;aperture&quot;:&quot;0&quot;,&quot;credit&quot;:&quot;&quot;,&quot;camera&quot;:&quot;&quot;,&quot;caption&quot;:&quot;&quot;,&quot;created_timestamp&quot;:&quot;0&quot;,&quot;copyright&quot;:&quot;&quot;,&quot;focal_length&quot;:&quot;0&quot;,&quot;iso&quot;:&quot;0&quot;,&quot;shutter_speed&quot;:&quot;0&quot;,&quot;title&quot;:&quot;&quot;,&quot;orientation&quot;:&quot;0&quot;}\" data-image-title=\"captura-de-pantalla-2022-06-01-a-las-6.08.04-p.-m.\" data-image-description=\"\" data-image-caption=\"\" data-large-file=\"https:\/\/i0.wp.com\/nadinospina.org\/wp-content\/uploads\/2022\/06\/captura-de-pantalla-2022-06-01-a-las-6.08.04-p.-m..png?fit=640%2C460&amp;ssl=1\" src=\"https:\/\/i0.wp.com\/nadinospina.org\/wp-content\/uploads\/2022\/06\/captura-de-pantalla-2022-06-01-a-las-6.08.04-p.-m..png?resize=640%2C460&#038;ssl=1\" alt=\"\" class=\"wp-image-3539\"\/><\/figure>\n\n\n\n<p class=\"textojustificado wp-block-paragraph\">He develops new techniques in the field of sculpture, creating installations that appropriate the museum space with independent volumetric elements of rich color. With this series he takes a step from abstraction to figuration, which he never abandons in the course of his career.<\/p>\n\n\n\n<figure class=\"wp-block-image size-large\"><img data-recalc-dims=\"1\" loading=\"lazy\" decoding=\"async\" width=\"640\" height=\"424\" data-attachment-id=\"3540\" data-permalink=\"https:\/\/nadinospina.org\/en\/biografia\/captura-de-pantalla-2022-06-01-a-las-6-09-02-p-m\/\" data-orig-file=\"https:\/\/i0.wp.com\/nadinospina.org\/wp-content\/uploads\/2022\/06\/captura-de-pantalla-2022-06-01-a-las-6.09.02-p.-m..png?fit=1928%2C1276&amp;ssl=1\" data-orig-size=\"1928,1276\" data-comments-opened=\"1\" data-image-meta=\"{&quot;aperture&quot;:&quot;0&quot;,&quot;credit&quot;:&quot;&quot;,&quot;camera&quot;:&quot;&quot;,&quot;caption&quot;:&quot;&quot;,&quot;created_timestamp&quot;:&quot;0&quot;,&quot;copyright&quot;:&quot;&quot;,&quot;focal_length&quot;:&quot;0&quot;,&quot;iso&quot;:&quot;0&quot;,&quot;shutter_speed&quot;:&quot;0&quot;,&quot;title&quot;:&quot;&quot;,&quot;orientation&quot;:&quot;0&quot;}\" data-image-title=\"captura-de-pantalla-2022-06-01-a-las-6.09.02-p.-m.\" data-image-description=\"\" data-image-caption=\"\" data-large-file=\"https:\/\/i0.wp.com\/nadinospina.org\/wp-content\/uploads\/2022\/06\/captura-de-pantalla-2022-06-01-a-las-6.09.02-p.-m..png?fit=640%2C424&amp;ssl=1\" src=\"https:\/\/i0.wp.com\/nadinospina.org\/wp-content\/uploads\/2022\/06\/captura-de-pantalla-2022-06-01-a-las-6.09.02-p.-m..png?resize=640%2C424&#038;ssl=1\" alt=\"\" class=\"wp-image-3540\"\/><\/figure>\n\n\n\n<p class=\"wp-block-paragraph\"><strong>1988<\/strong><\/p>\n\n\n\n<p class=\"textojustificado wp-block-paragraph\">Wins the <strong>Francisco de Paula Santander Scholarship<\/strong>, from the Colombian Institute of Culture. Award that allows him to work for 2 years to produce the work <strong>\"Los Estrategas\" (The Strategists)<\/strong>. Installation of 150 tapirs in polyester resin. Eduardo Serrano writes: \"his<em> works have a certain air of pi\u00f1ata, nativity scene or carnival, leading the viewer to a state of mind - between consciousness and innocence, the transcendental and the festive - in which his ideas operate more effectively\".<\/em>.<\/p>\n\n\n\n<figure class=\"wp-block-image size-large\"><img data-recalc-dims=\"1\" loading=\"lazy\" decoding=\"async\" width=\"640\" height=\"976\" data-attachment-id=\"3542\" data-permalink=\"https:\/\/nadinospina.org\/en\/biografia\/captura-de-pantalla-2022-06-01-a-las-6-09-59-p-m\/\" data-orig-file=\"https:\/\/i0.wp.com\/nadinospina.org\/wp-content\/uploads\/2022\/06\/captura-de-pantalla-2022-06-01-a-las-6.09.59-p.-m..png?fit=1150%2C1754&amp;ssl=1\" data-orig-size=\"1150,1754\" data-comments-opened=\"1\" data-image-meta=\"{&quot;aperture&quot;:&quot;0&quot;,&quot;credit&quot;:&quot;&quot;,&quot;camera&quot;:&quot;&quot;,&quot;caption&quot;:&quot;&quot;,&quot;created_timestamp&quot;:&quot;0&quot;,&quot;copyright&quot;:&quot;&quot;,&quot;focal_length&quot;:&quot;0&quot;,&quot;iso&quot;:&quot;0&quot;,&quot;shutter_speed&quot;:&quot;0&quot;,&quot;title&quot;:&quot;&quot;,&quot;orientation&quot;:&quot;0&quot;}\" data-image-title=\"captura-de-pantalla-2022-06-01-a-las-6.09.59-p.-m.\" data-image-description=\"\" data-image-caption=\"\" data-large-file=\"https:\/\/i0.wp.com\/nadinospina.org\/wp-content\/uploads\/2022\/06\/captura-de-pantalla-2022-06-01-a-las-6.09.59-p.-m..png?fit=640%2C976&amp;ssl=1\" src=\"https:\/\/i0.wp.com\/nadinospina.org\/wp-content\/uploads\/2022\/06\/captura-de-pantalla-2022-06-01-a-las-6.09.59-p.-m..png?resize=640%2C976&#038;ssl=1\" alt=\"\" class=\"wp-image-3542\"\/><\/figure>\n\n\n\n<p class=\"textojustificado wp-block-paragraph\">Participates in the <strong>I\u00aa Bienal de Arte de Bogot\u00e1 del Museo de Arte Moderno de Bogot\u00e1<\/strong>, with the series <strong>\"Amazon\u00eda\"<\/strong>: Three-dimensional painted pieces executed in polyester resin, representing animals of the American and Colombian fauna with a totemic sense. A search for cultural identity and symbolism associated with pre-Columbian cultures.<\/p>\n\n\n\n<p class=\"textojustificado wp-block-paragraph translation-block\">He participates in the exhibition <strong>Doce Mundos Colombianos<\/strong>, at the Grand Palais in Paris and at the Babstadt Castle in Germany curated by Adrian Torre<\/p>\n\n\n\n<figure class=\"wp-block-image size-large\"><img data-recalc-dims=\"1\" loading=\"lazy\" decoding=\"async\" width=\"640\" height=\"785\" data-attachment-id=\"3544\" data-permalink=\"https:\/\/nadinospina.org\/en\/biografia\/captura-de-pantalla-2022-06-01-a-las-6-10-38-p-m\/\" data-orig-file=\"https:\/\/i0.wp.com\/nadinospina.org\/wp-content\/uploads\/2022\/06\/captura-de-pantalla-2022-06-01-a-las-6.10.38-p.-m..png?fit=1388%2C1702&amp;ssl=1\" data-orig-size=\"1388,1702\" data-comments-opened=\"1\" data-image-meta=\"{&quot;aperture&quot;:&quot;0&quot;,&quot;credit&quot;:&quot;&quot;,&quot;camera&quot;:&quot;&quot;,&quot;caption&quot;:&quot;&quot;,&quot;created_timestamp&quot;:&quot;0&quot;,&quot;copyright&quot;:&quot;&quot;,&quot;focal_length&quot;:&quot;0&quot;,&quot;iso&quot;:&quot;0&quot;,&quot;shutter_speed&quot;:&quot;0&quot;,&quot;title&quot;:&quot;&quot;,&quot;orientation&quot;:&quot;0&quot;}\" data-image-title=\"captura-de-pantalla-2022-06-01-a-las-6.10.38-p.-m.\" data-image-description=\"\" data-image-caption=\"\" data-large-file=\"https:\/\/i0.wp.com\/nadinospina.org\/wp-content\/uploads\/2022\/06\/captura-de-pantalla-2022-06-01-a-las-6.10.38-p.-m..png?fit=640%2C785&amp;ssl=1\" src=\"https:\/\/i0.wp.com\/nadinospina.org\/wp-content\/uploads\/2022\/06\/captura-de-pantalla-2022-06-01-a-las-6.10.38-p.-m..png?resize=640%2C785&#038;ssl=1\" alt=\"\" class=\"wp-image-3544\"\/><\/figure>\n\n\n\n<p class=\"wp-block-paragraph\"><strong>1989<\/strong><\/p>\n\n\n\n<p class=\"textojustificado wp-block-paragraph\">Wins Second Prize in the <strong>\"Concurso de Arte Ciudad Salitre Bogot\u00e1\",<\/strong> as a result in the public space of a business center in Bogota is installed in the work \"<strong>Pr\u00edncipes\" (Princes), <\/strong>eight bronze deers that run through the architectural space.<\/p>\n\n\n\n<figure class=\"wp-block-image size-large\"><img data-recalc-dims=\"1\" loading=\"lazy\" decoding=\"async\" width=\"640\" height=\"443\" data-attachment-id=\"3546\" data-permalink=\"https:\/\/nadinospina.org\/en\/biografia\/captura-de-pantalla-2022-06-01-a-las-6-11-47-p-m\/\" data-orig-file=\"https:\/\/i0.wp.com\/nadinospina.org\/wp-content\/uploads\/2022\/06\/captura-de-pantalla-2022-06-01-a-las-6.11.47-p.-m..png?fit=1642%2C1136&amp;ssl=1\" data-orig-size=\"1642,1136\" data-comments-opened=\"1\" data-image-meta=\"{&quot;aperture&quot;:&quot;0&quot;,&quot;credit&quot;:&quot;&quot;,&quot;camera&quot;:&quot;&quot;,&quot;caption&quot;:&quot;&quot;,&quot;created_timestamp&quot;:&quot;0&quot;,&quot;copyright&quot;:&quot;&quot;,&quot;focal_length&quot;:&quot;0&quot;,&quot;iso&quot;:&quot;0&quot;,&quot;shutter_speed&quot;:&quot;0&quot;,&quot;title&quot;:&quot;&quot;,&quot;orientation&quot;:&quot;0&quot;}\" data-image-title=\"captura-de-pantalla-2022-06-01-a-las-6.11.47-p.-m.\" data-image-description=\"\" data-image-caption=\"\" data-large-file=\"https:\/\/i0.wp.com\/nadinospina.org\/wp-content\/uploads\/2022\/06\/captura-de-pantalla-2022-06-01-a-las-6.11.47-p.-m..png?fit=640%2C443&amp;ssl=1\" src=\"https:\/\/i0.wp.com\/nadinospina.org\/wp-content\/uploads\/2022\/06\/captura-de-pantalla-2022-06-01-a-las-6.11.47-p.-m..png?resize=640%2C443&#038;ssl=1\" alt=\"\" class=\"wp-image-3546\"\/><\/figure>\n\n\n\n<p class=\"textojustificado wp-block-paragraph\">Represents Colombia in 1989 at the<strong>XX Bienal Internacional de Sao Pablo<\/strong> with the series <strong>\"Amazon\u00eda\"<\/strong>.<\/p>\n\n\n\n<figure class=\"wp-block-image size-large\"><img data-recalc-dims=\"1\" loading=\"lazy\" decoding=\"async\" width=\"640\" height=\"665\" data-attachment-id=\"3548\" data-permalink=\"https:\/\/nadinospina.org\/en\/biografia\/captura-de-pantalla-2022-06-01-a-las-6-12-34-p-m\/\" data-orig-file=\"https:\/\/i0.wp.com\/nadinospina.org\/wp-content\/uploads\/2022\/06\/captura-de-pantalla-2022-06-01-a-las-6.12.34-p.-m..png?fit=1744%2C1812&amp;ssl=1\" data-orig-size=\"1744,1812\" data-comments-opened=\"1\" data-image-meta=\"{&quot;aperture&quot;:&quot;0&quot;,&quot;credit&quot;:&quot;&quot;,&quot;camera&quot;:&quot;&quot;,&quot;caption&quot;:&quot;&quot;,&quot;created_timestamp&quot;:&quot;0&quot;,&quot;copyright&quot;:&quot;&quot;,&quot;focal_length&quot;:&quot;0&quot;,&quot;iso&quot;:&quot;0&quot;,&quot;shutter_speed&quot;:&quot;0&quot;,&quot;title&quot;:&quot;&quot;,&quot;orientation&quot;:&quot;0&quot;}\" data-image-title=\"captura-de-pantalla-2022-06-01-a-las-6.12.34-p.-m.\" data-image-description=\"\" data-image-caption=\"\" data-large-file=\"https:\/\/i0.wp.com\/nadinospina.org\/wp-content\/uploads\/2022\/06\/captura-de-pantalla-2022-06-01-a-las-6.12.34-p.-m..png?fit=640%2C665&amp;ssl=1\" src=\"https:\/\/i0.wp.com\/nadinospina.org\/wp-content\/uploads\/2022\/06\/captura-de-pantalla-2022-06-01-a-las-6.12.34-p.-m..png?resize=640%2C665&#038;ssl=1\" alt=\"\" class=\"wp-image-3548\"\/><\/figure>\n\n\n\n<p class=\"textojustificado wp-block-paragraph\">1990 The collection of the Bass Museum of Miami acquires his work \"<strong>Los pensadores\" (The thinkers).<\/strong>1989. Acrylic and mineral pigment on canvas, polyester resin and motors. 150 x 60 x 60 cm.<\/p>\n\n\n\n<p class=\"wp-block-paragraph\"><strong>1990<\/strong><\/p>\n\n\n\n<figure class=\"wp-block-image size-large\"><img data-recalc-dims=\"1\" loading=\"lazy\" decoding=\"async\" width=\"640\" height=\"527\" data-attachment-id=\"3550\" data-permalink=\"https:\/\/nadinospina.org\/en\/biografia\/captura-de-pantalla-2022-06-01-a-las-6-13-41-p-m\/\" data-orig-file=\"https:\/\/i0.wp.com\/nadinospina.org\/wp-content\/uploads\/2022\/06\/captura-de-pantalla-2022-06-01-a-las-6.13.41-p.-m..png?fit=1558%2C1282&amp;ssl=1\" data-orig-size=\"1558,1282\" data-comments-opened=\"1\" data-image-meta=\"{&quot;aperture&quot;:&quot;0&quot;,&quot;credit&quot;:&quot;&quot;,&quot;camera&quot;:&quot;&quot;,&quot;caption&quot;:&quot;&quot;,&quot;created_timestamp&quot;:&quot;0&quot;,&quot;copyright&quot;:&quot;&quot;,&quot;focal_length&quot;:&quot;0&quot;,&quot;iso&quot;:&quot;0&quot;,&quot;shutter_speed&quot;:&quot;0&quot;,&quot;title&quot;:&quot;&quot;,&quot;orientation&quot;:&quot;0&quot;}\" data-image-title=\"captura-de-pantalla-2022-06-01-a-las-6.13.41-p.-m.\" data-image-description=\"\" data-image-caption=\"\" data-large-file=\"https:\/\/i0.wp.com\/nadinospina.org\/wp-content\/uploads\/2022\/06\/captura-de-pantalla-2022-06-01-a-las-6.13.41-p.-m..png?fit=640%2C527&amp;ssl=1\" src=\"https:\/\/i0.wp.com\/nadinospina.org\/wp-content\/uploads\/2022\/06\/captura-de-pantalla-2022-06-01-a-las-6.13.41-p.-m..png?resize=640%2C527&#038;ssl=1\" alt=\"\" class=\"wp-image-3550\"\/><\/figure>\n\n\n\n<p class=\"textojustificado wp-block-paragraph\">Finishes the work <strong>\"Los Estrategas\" (The Strategists)<\/strong>. John Stinger, curator of the Art Gallery of Western Australia in Pert, acquires it for the collection. Fortunate coincidence: the first work of art sold and the birth of his daughter Mariana.<\/p>\n\n\n\n<figure class=\"wp-block-image size-large\"><img data-recalc-dims=\"1\" loading=\"lazy\" decoding=\"async\" width=\"640\" height=\"437\" data-attachment-id=\"3552\" data-permalink=\"https:\/\/nadinospina.org\/en\/biografia\/captura-de-pantalla-2022-06-01-a-las-6-14-26-p-m\/\" data-orig-file=\"https:\/\/i0.wp.com\/nadinospina.org\/wp-content\/uploads\/2022\/06\/captura-de-pantalla-2022-06-01-a-las-6.14.26-p.-m..png?fit=1506%2C1028&amp;ssl=1\" data-orig-size=\"1506,1028\" data-comments-opened=\"1\" data-image-meta=\"{&quot;aperture&quot;:&quot;0&quot;,&quot;credit&quot;:&quot;&quot;,&quot;camera&quot;:&quot;&quot;,&quot;caption&quot;:&quot;&quot;,&quot;created_timestamp&quot;:&quot;0&quot;,&quot;copyright&quot;:&quot;&quot;,&quot;focal_length&quot;:&quot;0&quot;,&quot;iso&quot;:&quot;0&quot;,&quot;shutter_speed&quot;:&quot;0&quot;,&quot;title&quot;:&quot;&quot;,&quot;orientation&quot;:&quot;0&quot;}\" data-image-title=\"captura-de-pantalla-2022-06-01-a-las-6.14.26-p.-m.\" data-image-description=\"\" data-image-caption=\"\" data-large-file=\"https:\/\/i0.wp.com\/nadinospina.org\/wp-content\/uploads\/2022\/06\/captura-de-pantalla-2022-06-01-a-las-6.14.26-p.-m..png?fit=640%2C437&amp;ssl=1\" src=\"https:\/\/i0.wp.com\/nadinospina.org\/wp-content\/uploads\/2022\/06\/captura-de-pantalla-2022-06-01-a-las-6.14.26-p.-m..png?resize=640%2C437&#038;ssl=1\" alt=\"\" class=\"wp-image-3552\"\/><\/figure>\n\n\n\n<p class=\"textojustificado wp-block-paragraph\">In the<strong>\" Santuario\" (sanctuary) <\/strong>de 1991, el artista introduce el uso del azul cobalto como el color de los sue\u00f1os, &nbsp;de lo sacro, de lo ultraterrenal, de lo m\u00edstico, del delirio. Carmen Mar\u00eda Jaramillo comenta en la revista Arte sobre la exposici\u00f3n realizada en la Galer\u00eda Arte 19 de Carlos Alberto Gonz\u00e1lez: <em>\"Upon entering the gallery, we find few works, arranged by the sculptor in a sober and ascetic manner. The use of colors such as black and blue in a vibrant and deep tonality, an organized and symmetrical arrangement and the figurative mood of the pieces, achieve that atmosphere where the magical and the sacred coexist. In the works there is a fusion of images belonging to different cultures located throughout history, in which East and West, civilization and barbarism converge\".<\/em><\/p>\n\n\n\n<figure class=\"wp-block-image size-large\"><img data-recalc-dims=\"1\" loading=\"lazy\" decoding=\"async\" width=\"640\" height=\"783\" data-attachment-id=\"3554\" data-permalink=\"https:\/\/nadinospina.org\/en\/biografia\/captura-de-pantalla-2022-06-01-a-las-6-15-15-p-m\/\" data-orig-file=\"https:\/\/i0.wp.com\/nadinospina.org\/wp-content\/uploads\/2022\/06\/captura-de-pantalla-2022-06-01-a-las-6.15.15-p.-m..png?fit=1562%2C1912&amp;ssl=1\" data-orig-size=\"1562,1912\" data-comments-opened=\"1\" data-image-meta=\"{&quot;aperture&quot;:&quot;0&quot;,&quot;credit&quot;:&quot;&quot;,&quot;camera&quot;:&quot;&quot;,&quot;caption&quot;:&quot;&quot;,&quot;created_timestamp&quot;:&quot;0&quot;,&quot;copyright&quot;:&quot;&quot;,&quot;focal_length&quot;:&quot;0&quot;,&quot;iso&quot;:&quot;0&quot;,&quot;shutter_speed&quot;:&quot;0&quot;,&quot;title&quot;:&quot;&quot;,&quot;orientation&quot;:&quot;0&quot;}\" data-image-title=\"captura-de-pantalla-2022-06-01-a-las-6.15.15-p.-m.\" data-image-description=\"\" data-image-caption=\"\" data-large-file=\"https:\/\/i0.wp.com\/nadinospina.org\/wp-content\/uploads\/2022\/06\/captura-de-pantalla-2022-06-01-a-las-6.15.15-p.-m..png?fit=640%2C783&amp;ssl=1\" src=\"https:\/\/i0.wp.com\/nadinospina.org\/wp-content\/uploads\/2022\/06\/captura-de-pantalla-2022-06-01-a-las-6.15.15-p.-m..png?resize=640%2C783&#038;ssl=1\" alt=\"\" class=\"wp-image-3554\"\/><\/figure>\n\n\n\n<p class=\"textojustificado wp-block-paragraph\"><strong>1992<\/strong> Is invited to the exhibition<strong> \"De Bogot\u00e1 a Caracas\"<\/strong> at the Museo de Bellas Artes de Caracas, where he participates<strong>&nbsp; <\/strong>with the piece <strong>\"\u00c1rbol de la Esperanza\"<\/strong> from the series <strong>\"Amazon\u00eda\"<\/strong>. The work became part of the Museum's collection.<\/p>\n\n\n\n<figure class=\"wp-block-gallery has-nested-images columns-default is-cropped wp-block-gallery-2 is-layout-flex wp-block-gallery-is-layout-flex\">\n<figure class=\"wp-block-image size-large\"><img data-recalc-dims=\"1\" loading=\"lazy\" decoding=\"async\" width=\"640\" height=\"420\" data-attachment-id=\"3555\" data-permalink=\"https:\/\/nadinospina.org\/en\/biografia\/captura-de-pantalla-2022-06-01-a-las-6-15-47-p-m\/\" data-orig-file=\"https:\/\/i0.wp.com\/nadinospina.org\/wp-content\/uploads\/2022\/06\/captura-de-pantalla-2022-06-01-a-las-6.15.47-p.-m..png?fit=1466%2C962&amp;ssl=1\" data-orig-size=\"1466,962\" data-comments-opened=\"1\" data-image-meta=\"{&quot;aperture&quot;:&quot;0&quot;,&quot;credit&quot;:&quot;&quot;,&quot;camera&quot;:&quot;&quot;,&quot;caption&quot;:&quot;&quot;,&quot;created_timestamp&quot;:&quot;0&quot;,&quot;copyright&quot;:&quot;&quot;,&quot;focal_length&quot;:&quot;0&quot;,&quot;iso&quot;:&quot;0&quot;,&quot;shutter_speed&quot;:&quot;0&quot;,&quot;title&quot;:&quot;&quot;,&quot;orientation&quot;:&quot;0&quot;}\" data-image-title=\"captura-de-pantalla-2022-06-01-a-las-6.15.47-p.-m.\" data-image-description=\"\" data-image-caption=\"\" data-large-file=\"https:\/\/i0.wp.com\/nadinospina.org\/wp-content\/uploads\/2022\/06\/captura-de-pantalla-2022-06-01-a-las-6.15.47-p.-m..png?fit=640%2C420&amp;ssl=1\" data-id=\"3555\" src=\"https:\/\/i0.wp.com\/nadinospina.org\/wp-content\/uploads\/2022\/06\/captura-de-pantalla-2022-06-01-a-las-6.15.47-p.-m..png?resize=640%2C420&#038;ssl=1\" alt=\"\" class=\"wp-image-3555\"\/><\/figure>\n<\/figure>\n\n\n\n<p class=\"textojustificado wp-block-paragraph translation-block\">He is invited to make a work in situ at the <strong>\"Encountering the Others\"<\/strong> event in Kassel, Germany, an exhibition parallel to Documenta. There he lives the first and definitive contact with international art, the confrontation with the great figures of international art and the experience of seeing installations such as those of Nam June Paik, Bruce Nauman and Anish Kapoor, opened even more for Nad\u00edn his spatial world.<\/p>\n\n\n\n<figure class=\"wp-block-image size-large\"><img data-recalc-dims=\"1\" loading=\"lazy\" decoding=\"async\" width=\"640\" height=\"932\" data-attachment-id=\"3557\" data-permalink=\"https:\/\/nadinospina.org\/en\/biografia\/captura-de-pantalla-2022-06-01-a-las-6-16-33-p-m\/\" data-orig-file=\"https:\/\/i0.wp.com\/nadinospina.org\/wp-content\/uploads\/2022\/06\/captura-de-pantalla-2022-06-01-a-las-6.16.33-p.-m..png?fit=1184%2C1724&amp;ssl=1\" data-orig-size=\"1184,1724\" data-comments-opened=\"1\" data-image-meta=\"{&quot;aperture&quot;:&quot;0&quot;,&quot;credit&quot;:&quot;&quot;,&quot;camera&quot;:&quot;&quot;,&quot;caption&quot;:&quot;&quot;,&quot;created_timestamp&quot;:&quot;0&quot;,&quot;copyright&quot;:&quot;&quot;,&quot;focal_length&quot;:&quot;0&quot;,&quot;iso&quot;:&quot;0&quot;,&quot;shutter_speed&quot;:&quot;0&quot;,&quot;title&quot;:&quot;&quot;,&quot;orientation&quot;:&quot;0&quot;}\" data-image-title=\"captura-de-pantalla-2022-06-01-a-las-6.16.33-p.-m.\" data-image-description=\"\" data-image-caption=\"\" data-large-file=\"https:\/\/i0.wp.com\/nadinospina.org\/wp-content\/uploads\/2022\/06\/captura-de-pantalla-2022-06-01-a-las-6.16.33-p.-m..png?fit=640%2C932&amp;ssl=1\" src=\"https:\/\/i0.wp.com\/nadinospina.org\/wp-content\/uploads\/2022\/06\/captura-de-pantalla-2022-06-01-a-las-6.16.33-p.-m..png?resize=640%2C932&#038;ssl=1\" alt=\"\" class=\"wp-image-3557\"\/><\/figure>\n\n\n\n<p class=\"textojustificado wp-block-paragraph\">A fond collector of pre-Columbian art, very popular at the time, he got his hands on a ceramic representing a shaman of the Hama-Cocaque culture of Ecuador, Nad\u00edn learned from expert friends that the piece was a fake. Alvaro Medina refers to this circumstance<em>: \"The disappointment he felt when he discovered that he had been deceived, with forgeries, led him to ask himself what value they might have. That value, he quickly discovered, could depend on him, on the use he wanted to make of them\".<\/em> Empieza a dar vueltas en su cabeza el mundo de la falsificaci\u00f3n, idea que conecta con el tema de la simulaci\u00f3n en la obra de arte. Con estas reflexiones decide&nbsp; hacer r\u00e9plicas de piezas de culturas prehisp\u00e1nicas.<\/p>\n\n\n\n<figure class=\"wp-block-image size-large\"><img data-recalc-dims=\"1\" loading=\"lazy\" decoding=\"async\" width=\"640\" height=\"833\" data-attachment-id=\"3559\" data-permalink=\"https:\/\/nadinospina.org\/en\/biografia\/captura-de-pantalla-2022-06-01-a-las-6-17-16-p-m\/\" data-orig-file=\"https:\/\/i0.wp.com\/nadinospina.org\/wp-content\/uploads\/2022\/06\/captura-de-pantalla-2022-06-01-a-las-6.17.16-p.-m..png?fit=1426%2C1856&amp;ssl=1\" data-orig-size=\"1426,1856\" data-comments-opened=\"1\" data-image-meta=\"{&quot;aperture&quot;:&quot;0&quot;,&quot;credit&quot;:&quot;&quot;,&quot;camera&quot;:&quot;&quot;,&quot;caption&quot;:&quot;&quot;,&quot;created_timestamp&quot;:&quot;0&quot;,&quot;copyright&quot;:&quot;&quot;,&quot;focal_length&quot;:&quot;0&quot;,&quot;iso&quot;:&quot;0&quot;,&quot;shutter_speed&quot;:&quot;0&quot;,&quot;title&quot;:&quot;&quot;,&quot;orientation&quot;:&quot;0&quot;}\" data-image-title=\"captura-de-pantalla-2022-06-01-a-las-6.17.16-p.-m.\" data-image-description=\"\" data-image-caption=\"\" data-large-file=\"https:\/\/i0.wp.com\/nadinospina.org\/wp-content\/uploads\/2022\/06\/captura-de-pantalla-2022-06-01-a-las-6.17.16-p.-m..png?fit=640%2C833&amp;ssl=1\" src=\"https:\/\/i0.wp.com\/nadinospina.org\/wp-content\/uploads\/2022\/06\/captura-de-pantalla-2022-06-01-a-las-6.17.16-p.-m..png?resize=640%2C833&#038;ssl=1\" alt=\"\" class=\"wp-image-3559\"\/><\/figure>\n\n\n\n<p class=\"textojustificado wp-block-paragraph\">Carolina Ponce de Le\u00f3n writes in the magazine Poli\u00e9ster of Mexico: \"<em>\"He wins the prize of the XXXIV Sal\u00f3n Nacional de artistas colombianos, the most important contest in Colombia, with a work entitled: <\/em>\u201c<strong>\"In paritibus infidelium\" (In lands of infidels)<em>\u201d<\/em><\/strong><em> (<\/em><strong>En tierras de infieles<\/strong><em>) that recreates a museum installation of \"pre-Columbian\" objects imagined with new \"ancient\" forms, manufactured by contemporary indigenous people and set with painted jungle walls and cicada noises...\".<\/em><\/p>\n\n\n\n<p class=\"wp-block-paragraph\">The jury for the event consisted of Luis Camnitzer, Gloria Delgado, Diego Mazuera, Ivonne Pinni and Edward Sullivan.<\/p>\n\n\n\n<p class=\"wp-block-paragraph\"><strong>1993<\/strong><\/p>\n\n\n\n<figure class=\"wp-block-image size-large\"><img data-recalc-dims=\"1\" loading=\"lazy\" decoding=\"async\" width=\"640\" height=\"562\" data-attachment-id=\"3561\" data-permalink=\"https:\/\/nadinospina.org\/en\/biografia\/captura-de-pantalla-2022-06-01-a-las-6-18-46-p-m\/\" data-orig-file=\"https:\/\/i0.wp.com\/nadinospina.org\/wp-content\/uploads\/2022\/06\/captura-de-pantalla-2022-06-01-a-las-6.18.46-p.-m..png?fit=1568%2C1376&amp;ssl=1\" data-orig-size=\"1568,1376\" data-comments-opened=\"1\" data-image-meta=\"{&quot;aperture&quot;:&quot;0&quot;,&quot;credit&quot;:&quot;&quot;,&quot;camera&quot;:&quot;&quot;,&quot;caption&quot;:&quot;&quot;,&quot;created_timestamp&quot;:&quot;0&quot;,&quot;copyright&quot;:&quot;&quot;,&quot;focal_length&quot;:&quot;0&quot;,&quot;iso&quot;:&quot;0&quot;,&quot;shutter_speed&quot;:&quot;0&quot;,&quot;title&quot;:&quot;&quot;,&quot;orientation&quot;:&quot;0&quot;}\" data-image-title=\"captura-de-pantalla-2022-06-01-a-las-6.18.46-p.-m.\" data-image-description=\"\" data-image-caption=\"\" data-large-file=\"https:\/\/i0.wp.com\/nadinospina.org\/wp-content\/uploads\/2022\/06\/captura-de-pantalla-2022-06-01-a-las-6.18.46-p.-m..png?fit=640%2C562&amp;ssl=1\" src=\"https:\/\/i0.wp.com\/nadinospina.org\/wp-content\/uploads\/2022\/06\/captura-de-pantalla-2022-06-01-a-las-6.18.46-p.-m..png?resize=640%2C562&#038;ssl=1\" alt=\"\" class=\"wp-image-3561\"\/><\/figure>\n\n\n\n<p class=\"textojustificado wp-block-paragraph\">He develops the idea of \"falsification\", comes into contact with ceramists from different regions of Colombia and produces works with his own ideas, no longer simple reproductions. The first work of this new series is <strong>\"Los Cr\u00edticos\" (The Critics):<\/strong><em>:<\/em> a Bart Simpson and a Buddha produced in the Tairona ceramic style. From this moment on, he makes a radical decision in his career and delegates the physical production of the work to specialized craftsmen. In the artist's words<em>: \"A fundamental factor of refiguration is to meticulously copy with a purpose of \"deception\" the original subjected to the exercise of appropriation, just as art forgers do\"<\/em><\/p>\n\n\n\n<figure class=\"wp-block-image size-large\"><img data-recalc-dims=\"1\" loading=\"lazy\" decoding=\"async\" width=\"640\" height=\"545\" data-attachment-id=\"3563\" data-permalink=\"https:\/\/nadinospina.org\/en\/biografia\/captura-de-pantalla-2022-06-01-a-las-6-19-20-p-m\/\" data-orig-file=\"https:\/\/i0.wp.com\/nadinospina.org\/wp-content\/uploads\/2022\/06\/captura-de-pantalla-2022-06-01-a-las-6.19.20-p.-m..png?fit=1548%2C1318&amp;ssl=1\" data-orig-size=\"1548,1318\" data-comments-opened=\"1\" data-image-meta=\"{&quot;aperture&quot;:&quot;0&quot;,&quot;credit&quot;:&quot;&quot;,&quot;camera&quot;:&quot;&quot;,&quot;caption&quot;:&quot;&quot;,&quot;created_timestamp&quot;:&quot;0&quot;,&quot;copyright&quot;:&quot;&quot;,&quot;focal_length&quot;:&quot;0&quot;,&quot;iso&quot;:&quot;0&quot;,&quot;shutter_speed&quot;:&quot;0&quot;,&quot;title&quot;:&quot;&quot;,&quot;orientation&quot;:&quot;0&quot;}\" data-image-title=\"captura-de-pantalla-2022-06-01-a-las-6.19.20-p.-m.\" data-image-description=\"\" data-image-caption=\"\" data-large-file=\"https:\/\/i0.wp.com\/nadinospina.org\/wp-content\/uploads\/2022\/06\/captura-de-pantalla-2022-06-01-a-las-6.19.20-p.-m..png?fit=640%2C545&amp;ssl=1\" src=\"https:\/\/i0.wp.com\/nadinospina.org\/wp-content\/uploads\/2022\/06\/captura-de-pantalla-2022-06-01-a-las-6.19.20-p.-m..png?resize=640%2C545&#038;ssl=1\" alt=\"\" class=\"wp-image-3563\"\/><\/figure>\n\n\n\n<p class=\"textojustificado wp-block-paragraph\">Through a pre-Columbian merchant, he managed to get in contact with the forgers and with them he made the first piece in stone in the style of the statuary of the culture of San Agust\u00edn: <strong>\"Cr\u00edtico Ext\u00e1tico\" (Ecstatic Critic).<\/strong>.<\/p>\n\n\n\n<figure class=\"wp-block-image size-large\"><img data-recalc-dims=\"1\" loading=\"lazy\" decoding=\"async\" width=\"640\" height=\"936\" data-attachment-id=\"3564\" data-permalink=\"https:\/\/nadinospina.org\/en\/biografia\/captura-de-pantalla-2022-06-01-a-las-6-19-53-p-m\/\" data-orig-file=\"https:\/\/i0.wp.com\/nadinospina.org\/wp-content\/uploads\/2022\/06\/captura-de-pantalla-2022-06-01-a-las-6.19.53-p.-m..png?fit=1138%2C1664&amp;ssl=1\" data-orig-size=\"1138,1664\" data-comments-opened=\"1\" data-image-meta=\"{&quot;aperture&quot;:&quot;0&quot;,&quot;credit&quot;:&quot;&quot;,&quot;camera&quot;:&quot;&quot;,&quot;caption&quot;:&quot;&quot;,&quot;created_timestamp&quot;:&quot;0&quot;,&quot;copyright&quot;:&quot;&quot;,&quot;focal_length&quot;:&quot;0&quot;,&quot;iso&quot;:&quot;0&quot;,&quot;shutter_speed&quot;:&quot;0&quot;,&quot;title&quot;:&quot;&quot;,&quot;orientation&quot;:&quot;0&quot;}\" data-image-title=\"captura-de-pantalla-2022-06-01-a-las-6.19.53-p.-m.\" data-image-description=\"\" data-image-caption=\"\" data-large-file=\"https:\/\/i0.wp.com\/nadinospina.org\/wp-content\/uploads\/2022\/06\/captura-de-pantalla-2022-06-01-a-las-6.19.53-p.-m..png?fit=640%2C936&amp;ssl=1\" src=\"https:\/\/i0.wp.com\/nadinospina.org\/wp-content\/uploads\/2022\/06\/captura-de-pantalla-2022-06-01-a-las-6.19.53-p.-m..png?resize=640%2C936&#038;ssl=1\" alt=\"\" class=\"wp-image-3564\"\/><\/figure>\n\n\n\n<p class=\"textojustificado wp-block-paragraph\">With his wife Mirella he travels for long periods of time to San Agust\u00edn, a region of Huila, a department in southern Colombia where the largest complex of pre-Columbian lithic statuary and one of the largest necropolises in the Americas is located. There he finds the connection with the pre-Columbian world that is the foundation of his work and the stone carving artisans who preserve the tradition of the ancestral craft, with whom he works.<\/p>\n\n\n\n<figure class=\"wp-block-image size-large\"><img data-recalc-dims=\"1\" loading=\"lazy\" decoding=\"async\" width=\"640\" height=\"444\" data-attachment-id=\"3566\" data-permalink=\"https:\/\/nadinospina.org\/en\/biografia\/captura-de-pantalla-2022-06-01-a-las-6-20-26-p-m\/\" data-orig-file=\"https:\/\/i0.wp.com\/nadinospina.org\/wp-content\/uploads\/2022\/06\/captura-de-pantalla-2022-06-01-a-las-6.20.26-p.-m..png?fit=1564%2C1084&amp;ssl=1\" data-orig-size=\"1564,1084\" data-comments-opened=\"1\" data-image-meta=\"{&quot;aperture&quot;:&quot;0&quot;,&quot;credit&quot;:&quot;&quot;,&quot;camera&quot;:&quot;&quot;,&quot;caption&quot;:&quot;&quot;,&quot;created_timestamp&quot;:&quot;0&quot;,&quot;copyright&quot;:&quot;&quot;,&quot;focal_length&quot;:&quot;0&quot;,&quot;iso&quot;:&quot;0&quot;,&quot;shutter_speed&quot;:&quot;0&quot;,&quot;title&quot;:&quot;&quot;,&quot;orientation&quot;:&quot;0&quot;}\" data-image-title=\"captura-de-pantalla-2022-06-01-a-las-6.20.26-p.-m.\" data-image-description=\"\" data-image-caption=\"\" data-large-file=\"https:\/\/i0.wp.com\/nadinospina.org\/wp-content\/uploads\/2022\/06\/captura-de-pantalla-2022-06-01-a-las-6.20.26-p.-m..png?fit=640%2C444&amp;ssl=1\" src=\"https:\/\/i0.wp.com\/nadinospina.org\/wp-content\/uploads\/2022\/06\/captura-de-pantalla-2022-06-01-a-las-6.20.26-p.-m..png?resize=640%2C444&#038;ssl=1\" alt=\"\" class=\"wp-image-3566\"\/><\/figure>\n\n\n\n<p class=\"textojustificado wp-block-paragraph\">In 1993, he held the exhibitions \"<strong>Fausto\" <\/strong>and <strong>\"Bizarros &amp; Cr\u00edticos\"<\/strong> at the Arte 19 gallery in Bogota. Two fundamental stagings for his work and an obligatory reference in Colombian and Latin American art.<\/p>\n\n\n\n<p class=\"textojustificado wp-block-paragraph\">In the exhibition <strong>\"Fausto\"<\/strong> Nad\u00edn acquires a gigantic painting by the artist Carlos Salas, a work that he breaks into fragments and exhibits as his own in the midst of a staging that involves sounds of applause and changing lights, highlighting the \"end of authorship\" and affirming the resource of appropriation.<\/p>\n\n\n\n<figure class=\"wp-block-image size-large\"><img data-recalc-dims=\"1\" loading=\"lazy\" decoding=\"async\" width=\"640\" height=\"641\" data-attachment-id=\"3567\" data-permalink=\"https:\/\/nadinospina.org\/en\/biografia\/captura-de-pantalla-2022-06-01-a-las-6-21-02-p-m\/\" data-orig-file=\"https:\/\/i0.wp.com\/nadinospina.org\/wp-content\/uploads\/2022\/06\/captura-de-pantalla-2022-06-01-a-las-6.21.02-p.-m..png?fit=1560%2C1562&amp;ssl=1\" data-orig-size=\"1560,1562\" data-comments-opened=\"1\" data-image-meta=\"{&quot;aperture&quot;:&quot;0&quot;,&quot;credit&quot;:&quot;&quot;,&quot;camera&quot;:&quot;&quot;,&quot;caption&quot;:&quot;&quot;,&quot;created_timestamp&quot;:&quot;0&quot;,&quot;copyright&quot;:&quot;&quot;,&quot;focal_length&quot;:&quot;0&quot;,&quot;iso&quot;:&quot;0&quot;,&quot;shutter_speed&quot;:&quot;0&quot;,&quot;title&quot;:&quot;&quot;,&quot;orientation&quot;:&quot;0&quot;}\" data-image-title=\"captura-de-pantalla-2022-06-01-a-las-6.21.02-p.-m.\" data-image-description=\"\" data-image-caption=\"\" data-large-file=\"https:\/\/i0.wp.com\/nadinospina.org\/wp-content\/uploads\/2022\/06\/captura-de-pantalla-2022-06-01-a-las-6.21.02-p.-m..png?fit=640%2C641&amp;ssl=1\" src=\"https:\/\/i0.wp.com\/nadinospina.org\/wp-content\/uploads\/2022\/06\/captura-de-pantalla-2022-06-01-a-las-6.21.02-p.-m..png?resize=640%2C641&#038;ssl=1\" alt=\"\" class=\"wp-image-3567\"\/><\/figure>\n\n\n\n<p class=\"textojustificado wp-block-paragraph\">In <strong>\"Bizarros &amp; Cr\u00edticos\" <\/strong>he presents for the first time a group of works based on the production of pieces with pre-Columbian techniques and popular contemporary images. This is the beginning of the series <strong>\"el Gran Sue\u00f1o Americano\" (The Great American Dream)<\/strong>. Art historian and critic Javier Gil writes: <em>\"The artificial figures, elaborated with the greatest technical precision, reveal the fissures, cracks and discolorations that time imprints on ancient objects. In such virtue the exhibition produces the strangeness of what is and is not at the same time, of the serious and ironic, of the real and the simulated\".<\/em><\/p>\n\n\n\n<figure class=\"wp-block-image size-large\"><img data-recalc-dims=\"1\" loading=\"lazy\" decoding=\"async\" width=\"640\" height=\"880\" data-attachment-id=\"3569\" data-permalink=\"https:\/\/nadinospina.org\/en\/biografia\/captura-de-pantalla-2022-06-01-a-las-6-21-48-p-m\/\" data-orig-file=\"https:\/\/i0.wp.com\/nadinospina.org\/wp-content\/uploads\/2022\/06\/captura-de-pantalla-2022-06-01-a-las-6.21.48-p.-m..png?fit=1268%2C1744&amp;ssl=1\" data-orig-size=\"1268,1744\" data-comments-opened=\"1\" data-image-meta=\"{&quot;aperture&quot;:&quot;0&quot;,&quot;credit&quot;:&quot;&quot;,&quot;camera&quot;:&quot;&quot;,&quot;caption&quot;:&quot;&quot;,&quot;created_timestamp&quot;:&quot;0&quot;,&quot;copyright&quot;:&quot;&quot;,&quot;focal_length&quot;:&quot;0&quot;,&quot;iso&quot;:&quot;0&quot;,&quot;shutter_speed&quot;:&quot;0&quot;,&quot;title&quot;:&quot;&quot;,&quot;orientation&quot;:&quot;0&quot;}\" data-image-title=\"captura-de-pantalla-2022-06-01-a-las-6.21.48-p.-m.\" data-image-description=\"\" data-image-caption=\"\" data-large-file=\"https:\/\/i0.wp.com\/nadinospina.org\/wp-content\/uploads\/2022\/06\/captura-de-pantalla-2022-06-01-a-las-6.21.48-p.-m..png?fit=640%2C880&amp;ssl=1\" src=\"https:\/\/i0.wp.com\/nadinospina.org\/wp-content\/uploads\/2022\/06\/captura-de-pantalla-2022-06-01-a-las-6.21.48-p.-m..png?resize=640%2C880&#038;ssl=1\" alt=\"\" class=\"wp-image-3569\"\/><\/figure>\n\n\n\n<p class=\"textojustificado wp-block-paragraph\">En la revista mejicana POLIESTER&nbsp; de diciembre de 1995, dedicada al cambio en los modos de producci\u00f3n en el arte contempor\u00e1neo, Carolina Ponce de Le\u00f3n escribe: <em>\"The resource of appropriation became a fundamental piece of gear in the work of Nad\u00edn Ospina\".<\/em><\/p>\n\n\n\n<figure class=\"wp-block-image size-large\"><img data-recalc-dims=\"1\" loading=\"lazy\" decoding=\"async\" width=\"640\" height=\"853\" data-attachment-id=\"3570\" data-permalink=\"https:\/\/nadinospina.org\/en\/biografia\/captura-de-pantalla-2022-06-01-a-las-6-22-19-p-m\/\" data-orig-file=\"https:\/\/i0.wp.com\/nadinospina.org\/wp-content\/uploads\/2022\/06\/captura-de-pantalla-2022-06-01-a-las-6.22.19-p.-m..png?fit=1258%2C1676&amp;ssl=1\" data-orig-size=\"1258,1676\" data-comments-opened=\"1\" data-image-meta=\"{&quot;aperture&quot;:&quot;0&quot;,&quot;credit&quot;:&quot;&quot;,&quot;camera&quot;:&quot;&quot;,&quot;caption&quot;:&quot;&quot;,&quot;created_timestamp&quot;:&quot;0&quot;,&quot;copyright&quot;:&quot;&quot;,&quot;focal_length&quot;:&quot;0&quot;,&quot;iso&quot;:&quot;0&quot;,&quot;shutter_speed&quot;:&quot;0&quot;,&quot;title&quot;:&quot;&quot;,&quot;orientation&quot;:&quot;0&quot;}\" data-image-title=\"captura-de-pantalla-2022-06-01-a-las-6.22.19-p.-m.\" data-image-description=\"\" data-image-caption=\"\" data-large-file=\"https:\/\/i0.wp.com\/nadinospina.org\/wp-content\/uploads\/2022\/06\/captura-de-pantalla-2022-06-01-a-las-6.22.19-p.-m..png?fit=640%2C853&amp;ssl=1\" src=\"https:\/\/i0.wp.com\/nadinospina.org\/wp-content\/uploads\/2022\/06\/captura-de-pantalla-2022-06-01-a-las-6.22.19-p.-m..png?resize=640%2C853&#038;ssl=1\" alt=\"\" class=\"wp-image-3570\"\/><\/figure>\n\n\n\n<p class=\"textojustificado wp-block-paragraph translation-block\">Guest of the <strong>Sal\u00f3n Pirelli<\/strong>, at the Museo de Arte Contempor\u00e1neo, Caracas, the only event of its kind in Venezuela that exhibits the work of artists who approach contemporary languages. Participates with Alexander Ap\u00f3stol, Fernando Arias and Pablo Van Wong among others.<\/p>\n\n\n\n<p class=\"wp-block-paragraph\"><strong>1994-1996<\/strong><\/p>\n\n\n\n<figure class=\"wp-block-image size-large\"><img data-recalc-dims=\"1\" loading=\"lazy\" decoding=\"async\" width=\"640\" height=\"615\" data-attachment-id=\"3572\" data-permalink=\"https:\/\/nadinospina.org\/en\/biografia\/captura-de-pantalla-2022-06-01-a-las-6-22-50-p-m\/\" data-orig-file=\"https:\/\/i0.wp.com\/nadinospina.org\/wp-content\/uploads\/2022\/06\/captura-de-pantalla-2022-06-01-a-las-6.22.50-p.-m..png?fit=1284%2C1234&amp;ssl=1\" data-orig-size=\"1284,1234\" data-comments-opened=\"1\" data-image-meta=\"{&quot;aperture&quot;:&quot;0&quot;,&quot;credit&quot;:&quot;&quot;,&quot;camera&quot;:&quot;&quot;,&quot;caption&quot;:&quot;&quot;,&quot;created_timestamp&quot;:&quot;0&quot;,&quot;copyright&quot;:&quot;&quot;,&quot;focal_length&quot;:&quot;0&quot;,&quot;iso&quot;:&quot;0&quot;,&quot;shutter_speed&quot;:&quot;0&quot;,&quot;title&quot;:&quot;&quot;,&quot;orientation&quot;:&quot;0&quot;}\" data-image-title=\"captura-de-pantalla-2022-06-01-a-las-6.22.50-p.-m.\" data-image-description=\"\" data-image-caption=\"\" data-large-file=\"https:\/\/i0.wp.com\/nadinospina.org\/wp-content\/uploads\/2022\/06\/captura-de-pantalla-2022-06-01-a-las-6.22.50-p.-m..png?fit=640%2C615&amp;ssl=1\" src=\"https:\/\/i0.wp.com\/nadinospina.org\/wp-content\/uploads\/2022\/06\/captura-de-pantalla-2022-06-01-a-las-6.22.50-p.-m..png?resize=640%2C615&#038;ssl=1\" alt=\"\" class=\"wp-image-3572\"\/><\/figure>\n\n\n\n<p class=\"textojustificado wp-block-paragraph\">He participates with <strong>\"Bizarros y Cr\u00edticos\"<\/strong>, en <em>&nbsp;in the 5\u00aa bienal de la Habana<\/em>, a space-specific intervention at the Bolivar House in old Havana.<\/p>\n\n\n\n<p class=\"textojustificado wp-block-paragraph\">Javier Gil points out in his essay <strong>La Simulaci\u00f3n de Nad\u00edn y Simpson<\/strong>: <em>\"In any case, the serial reproduction of Simpson men, beyond the smile that awakens its allusion to the critics, is an object that reveals the deterritorializations of contemporary culture. This figure synthesizes the unique product with industrial production, the original with the massive, the sacred with the everyday, the past and the present, the popular and the elitist, the fleeting with the permanent. It merges the most radically different, making explicit their unexpected proximities, we could almost say that the pre-Columbian Simpson becomes a happily mocking and playful symbol of many of today's cultural displacements\".<\/em><\/p>\n\n\n\n<figure class=\"wp-block-image size-large\"><img data-recalc-dims=\"1\" loading=\"lazy\" decoding=\"async\" width=\"640\" height=\"426\" data-attachment-id=\"3574\" data-permalink=\"https:\/\/nadinospina.org\/en\/biografia\/captura-de-pantalla-2022-06-01-a-las-6-23-32-p-m\/\" data-orig-file=\"https:\/\/i0.wp.com\/nadinospina.org\/wp-content\/uploads\/2022\/06\/captura-de-pantalla-2022-06-01-a-las-6.23.32-p.-m..png?fit=1812%2C1206&amp;ssl=1\" data-orig-size=\"1812,1206\" data-comments-opened=\"1\" data-image-meta=\"{&quot;aperture&quot;:&quot;0&quot;,&quot;credit&quot;:&quot;&quot;,&quot;camera&quot;:&quot;&quot;,&quot;caption&quot;:&quot;&quot;,&quot;created_timestamp&quot;:&quot;0&quot;,&quot;copyright&quot;:&quot;&quot;,&quot;focal_length&quot;:&quot;0&quot;,&quot;iso&quot;:&quot;0&quot;,&quot;shutter_speed&quot;:&quot;0&quot;,&quot;title&quot;:&quot;&quot;,&quot;orientation&quot;:&quot;0&quot;}\" data-image-title=\"captura-de-pantalla-2022-06-01-a-las-6.23.32-p.-m.\" data-image-description=\"\" data-image-caption=\"\" data-large-file=\"https:\/\/i0.wp.com\/nadinospina.org\/wp-content\/uploads\/2022\/06\/captura-de-pantalla-2022-06-01-a-las-6.23.32-p.-m..png?fit=640%2C426&amp;ssl=1\" src=\"https:\/\/i0.wp.com\/nadinospina.org\/wp-content\/uploads\/2022\/06\/captura-de-pantalla-2022-06-01-a-las-6.23.32-p.-m..png?resize=640%2C426&#038;ssl=1\" alt=\"\" class=\"wp-image-3574\"\/><\/figure>\n\n\n\n<p class=\"textojustificado wp-block-paragraph\">Da clases en la facultad de artes en la Universidad Jorge Tadeo Lozano y en la Universidad de los Andes en Bogot\u00e1, talleres de creaci\u00f3n en los que permite y fomenta que cada alumno trabaje en &nbsp;sus propios procesos.<\/p>\n\n\n\n<figure class=\"wp-block-image size-large\"><img data-recalc-dims=\"1\" loading=\"lazy\" decoding=\"async\" width=\"640\" height=\"416\" data-attachment-id=\"3575\" data-permalink=\"https:\/\/nadinospina.org\/en\/biografia\/captura-de-pantalla-2022-06-01-a-las-6-24-03-p-m\/\" data-orig-file=\"https:\/\/i0.wp.com\/nadinospina.org\/wp-content\/uploads\/2022\/06\/captura-de-pantalla-2022-06-01-a-las-6.24.03-p.-m..png?fit=1808%2C1176&amp;ssl=1\" data-orig-size=\"1808,1176\" data-comments-opened=\"1\" data-image-meta=\"{&quot;aperture&quot;:&quot;0&quot;,&quot;credit&quot;:&quot;&quot;,&quot;camera&quot;:&quot;&quot;,&quot;caption&quot;:&quot;&quot;,&quot;created_timestamp&quot;:&quot;0&quot;,&quot;copyright&quot;:&quot;&quot;,&quot;focal_length&quot;:&quot;0&quot;,&quot;iso&quot;:&quot;0&quot;,&quot;shutter_speed&quot;:&quot;0&quot;,&quot;title&quot;:&quot;&quot;,&quot;orientation&quot;:&quot;0&quot;}\" data-image-title=\"captura-de-pantalla-2022-06-01-a-las-6.24.03-p.-m.\" data-image-description=\"\" data-image-caption=\"\" data-large-file=\"https:\/\/i0.wp.com\/nadinospina.org\/wp-content\/uploads\/2022\/06\/captura-de-pantalla-2022-06-01-a-las-6.24.03-p.-m..png?fit=640%2C416&amp;ssl=1\" src=\"https:\/\/i0.wp.com\/nadinospina.org\/wp-content\/uploads\/2022\/06\/captura-de-pantalla-2022-06-01-a-las-6.24.03-p.-m..png?resize=640%2C416&#038;ssl=1\" alt=\"\" class=\"wp-image-3575\"\/><\/figure>\n\n\n\n<p class=\"textojustificado wp-block-paragraph translation-block\">He began his international career when the German collector of international art Peter Ludwig, sponsor of the<strong> la Bienal de la Habana<\/strong>, made a selection of works by artists to be exhibited at the Ludwig Forum Museum in Aachen.  Apparently the packaging that was to be used in the packing of his work was left behind in Cuba, the ceramic and stone pieces were severely damaged and broken when they arrived at their destination. Even so, the collector decided to restore the entire work and acquire it, creating a permanent exhibition space in this museum. Nad\u00edn lives then another paradox: A dramatic moment that seems a failure becomes the door to international promotion.<\/p>\n\n\n\n<figure class=\"wp-block-image size-large\"><img data-recalc-dims=\"1\" loading=\"lazy\" decoding=\"async\" width=\"640\" height=\"456\" data-attachment-id=\"3577\" data-permalink=\"https:\/\/nadinospina.org\/en\/biografia\/captura-de-pantalla-2022-06-01-a-las-6-24-33-p-m\/\" data-orig-file=\"https:\/\/i0.wp.com\/nadinospina.org\/wp-content\/uploads\/2022\/06\/captura-de-pantalla-2022-06-01-a-las-6.24.33-p.-m..png?fit=1810%2C1290&amp;ssl=1\" data-orig-size=\"1810,1290\" data-comments-opened=\"1\" data-image-meta=\"{&quot;aperture&quot;:&quot;0&quot;,&quot;credit&quot;:&quot;&quot;,&quot;camera&quot;:&quot;&quot;,&quot;caption&quot;:&quot;&quot;,&quot;created_timestamp&quot;:&quot;0&quot;,&quot;copyright&quot;:&quot;&quot;,&quot;focal_length&quot;:&quot;0&quot;,&quot;iso&quot;:&quot;0&quot;,&quot;shutter_speed&quot;:&quot;0&quot;,&quot;title&quot;:&quot;&quot;,&quot;orientation&quot;:&quot;0&quot;}\" data-image-title=\"captura-de-pantalla-2022-06-01-a-las-6.24.33-p.-m.\" data-image-description=\"\" data-image-caption=\"\" data-large-file=\"https:\/\/i0.wp.com\/nadinospina.org\/wp-content\/uploads\/2022\/06\/captura-de-pantalla-2022-06-01-a-las-6.24.33-p.-m..png?fit=640%2C456&amp;ssl=1\" src=\"https:\/\/i0.wp.com\/nadinospina.org\/wp-content\/uploads\/2022\/06\/captura-de-pantalla-2022-06-01-a-las-6.24.33-p.-m..png?resize=640%2C456&#038;ssl=1\" alt=\"\" class=\"wp-image-3577\"\/><\/figure>\n\n\n\n<p class=\"textojustificado wp-block-paragraph\">He participates in the artistic exchange Colombia-Mexico: <strong>\"Por mi raza hablar\u00e1 el esp\u00edritu\"<\/strong> in Mexico City, a trip that expands the possibilities of plastic production, there he gets in contact with artisans of pre-Columbian pieces, and makes in polyester resin an extensive series exhibited at the Museo del Chopo of the UNAM, under the direction of Lourdes Monge and the curatorship of Rosalba Garza and Paloma Porraz. The exhibition is shown the following year at the Luis \u00c1ngel Arango Library in Bogot\u00e1.<\/p>\n\n\n\n<figure class=\"wp-block-image size-large\"><img data-recalc-dims=\"1\" loading=\"lazy\" decoding=\"async\" width=\"640\" height=\"402\" data-attachment-id=\"3578\" data-permalink=\"https:\/\/nadinospina.org\/en\/biografia\/captura-de-pantalla-2022-06-01-a-las-6-25-09-p-m\/\" data-orig-file=\"https:\/\/i0.wp.com\/nadinospina.org\/wp-content\/uploads\/2022\/06\/captura-de-pantalla-2022-06-01-a-las-6.25.09-p.-m..png?fit=1810%2C1138&amp;ssl=1\" data-orig-size=\"1810,1138\" data-comments-opened=\"1\" data-image-meta=\"{&quot;aperture&quot;:&quot;0&quot;,&quot;credit&quot;:&quot;&quot;,&quot;camera&quot;:&quot;&quot;,&quot;caption&quot;:&quot;&quot;,&quot;created_timestamp&quot;:&quot;0&quot;,&quot;copyright&quot;:&quot;&quot;,&quot;focal_length&quot;:&quot;0&quot;,&quot;iso&quot;:&quot;0&quot;,&quot;shutter_speed&quot;:&quot;0&quot;,&quot;title&quot;:&quot;&quot;,&quot;orientation&quot;:&quot;0&quot;}\" data-image-title=\"captura-de-pantalla-2022-06-01-a-las-6.25.09-p.-m.\" data-image-description=\"\" data-image-caption=\"\" data-large-file=\"https:\/\/i0.wp.com\/nadinospina.org\/wp-content\/uploads\/2022\/06\/captura-de-pantalla-2022-06-01-a-las-6.25.09-p.-m..png?fit=640%2C402&amp;ssl=1\" src=\"https:\/\/i0.wp.com\/nadinospina.org\/wp-content\/uploads\/2022\/06\/captura-de-pantalla-2022-06-01-a-las-6.25.09-p.-m..png?resize=640%2C402&#038;ssl=1\" alt=\"\" class=\"wp-image-3578\"\/><\/figure>\n\n\n\n<p class=\"wp-block-paragraph\"><strong>1997<\/strong><\/p>\n\n\n\n<p class=\"textojustificado wp-block-paragraph translation-block\">Wins the <strong>Guggenheim Foundation Fellowship<\/strong> in New York. His project is to tour Latin America and visit the archaeological sites of the area: Bolivia, Peru, Ecuador, Mexico and Costa Rica to make pieces in each of these places with local artisans.<\/p>\n\n\n\n<figure class=\"wp-block-image size-large\"><img data-recalc-dims=\"1\" loading=\"lazy\" decoding=\"async\" width=\"640\" height=\"389\" data-attachment-id=\"3580\" data-permalink=\"https:\/\/nadinospina.org\/en\/biografia\/captura-de-pantalla-2022-06-01-a-las-6-27-26-p-m\/\" data-orig-file=\"https:\/\/i0.wp.com\/nadinospina.org\/wp-content\/uploads\/2022\/06\/captura-de-pantalla-2022-06-01-a-las-6.27.26-p.-m..png?fit=1808%2C1100&amp;ssl=1\" data-orig-size=\"1808,1100\" data-comments-opened=\"1\" data-image-meta=\"{&quot;aperture&quot;:&quot;0&quot;,&quot;credit&quot;:&quot;&quot;,&quot;camera&quot;:&quot;&quot;,&quot;caption&quot;:&quot;&quot;,&quot;created_timestamp&quot;:&quot;0&quot;,&quot;copyright&quot;:&quot;&quot;,&quot;focal_length&quot;:&quot;0&quot;,&quot;iso&quot;:&quot;0&quot;,&quot;shutter_speed&quot;:&quot;0&quot;,&quot;title&quot;:&quot;&quot;,&quot;orientation&quot;:&quot;0&quot;}\" data-image-title=\"captura-de-pantalla-2022-06-01-a-las-6.27.26-p.-m.\" data-image-description=\"\" data-image-caption=\"\" data-large-file=\"https:\/\/i0.wp.com\/nadinospina.org\/wp-content\/uploads\/2022\/06\/captura-de-pantalla-2022-06-01-a-las-6.27.26-p.-m..png?fit=640%2C389&amp;ssl=1\" src=\"https:\/\/i0.wp.com\/nadinospina.org\/wp-content\/uploads\/2022\/06\/captura-de-pantalla-2022-06-01-a-las-6.27.26-p.-m..png?resize=640%2C389&#038;ssl=1\" alt=\"\" class=\"wp-image-3580\"\/><\/figure>\n\n\n\n<p class=\"textojustificado wp-block-paragraph\">In 1999 he exhibited this work at the Museo de Arte Moderno de Bogot\u00e1 in the show:<strong>\u201cViaje al fondo de la tierra\u201d(Journey to the bottom of the earth)<\/strong>. This way the repertoire of pre-Columbian models and its consequent crossbreeding, expanded to the multiple iconography of the diverse pre-Columbian cultures of America.<\/p>\n\n\n\n<figure class=\"wp-block-image size-large\"><img data-recalc-dims=\"1\" loading=\"lazy\" decoding=\"async\" width=\"640\" height=\"345\" data-attachment-id=\"3581\" data-permalink=\"https:\/\/nadinospina.org\/en\/biografia\/captura-de-pantalla-2022-06-01-a-las-6-27-54-p-m\/\" data-orig-file=\"https:\/\/i0.wp.com\/nadinospina.org\/wp-content\/uploads\/2022\/06\/captura-de-pantalla-2022-06-01-a-las-6.27.54-p.-m..png?fit=1808%2C976&amp;ssl=1\" data-orig-size=\"1808,976\" data-comments-opened=\"1\" data-image-meta=\"{&quot;aperture&quot;:&quot;0&quot;,&quot;credit&quot;:&quot;&quot;,&quot;camera&quot;:&quot;&quot;,&quot;caption&quot;:&quot;&quot;,&quot;created_timestamp&quot;:&quot;0&quot;,&quot;copyright&quot;:&quot;&quot;,&quot;focal_length&quot;:&quot;0&quot;,&quot;iso&quot;:&quot;0&quot;,&quot;shutter_speed&quot;:&quot;0&quot;,&quot;title&quot;:&quot;&quot;,&quot;orientation&quot;:&quot;0&quot;}\" data-image-title=\"captura-de-pantalla-2022-06-01-a-las-6.27.54-p.-m.\" data-image-description=\"\" data-image-caption=\"\" data-large-file=\"https:\/\/i0.wp.com\/nadinospina.org\/wp-content\/uploads\/2022\/06\/captura-de-pantalla-2022-06-01-a-las-6.27.54-p.-m..png?fit=640%2C345&amp;ssl=1\" src=\"https:\/\/i0.wp.com\/nadinospina.org\/wp-content\/uploads\/2022\/06\/captura-de-pantalla-2022-06-01-a-las-6.27.54-p.-m..png?resize=640%2C345&#038;ssl=1\" alt=\"\" class=\"wp-image-3581\"\/><\/figure>\n\n\n\n<p class=\"textojustificado wp-block-paragraph\">As a final part of the project, the artist hires a group of painters to execute a series of images in the manner of scientific travelers. From this work emerge the<strong>\"Bodegones Coloniales\"<\/strong> based on Zurbar\u00e1n's painting and <strong>\"Instinto Caribe\"<\/strong> a parody of the Renaissance portrait based on the image of a Tairona dignitary taken from a pre-Columbian ocarina.<\/p>\n\n\n\n<figure class=\"wp-block-image size-large\"><img data-recalc-dims=\"1\" loading=\"lazy\" decoding=\"async\" width=\"640\" height=\"819\" data-attachment-id=\"3583\" data-permalink=\"https:\/\/nadinospina.org\/en\/biografia\/captura-de-pantalla-2022-06-01-a-las-6-28-31-p-m\/\" data-orig-file=\"https:\/\/i0.wp.com\/nadinospina.org\/wp-content\/uploads\/2022\/06\/captura-de-pantalla-2022-06-01-a-las-6.28.31-p.-m..png?fit=1456%2C1864&amp;ssl=1\" data-orig-size=\"1456,1864\" data-comments-opened=\"1\" data-image-meta=\"{&quot;aperture&quot;:&quot;0&quot;,&quot;credit&quot;:&quot;&quot;,&quot;camera&quot;:&quot;&quot;,&quot;caption&quot;:&quot;&quot;,&quot;created_timestamp&quot;:&quot;0&quot;,&quot;copyright&quot;:&quot;&quot;,&quot;focal_length&quot;:&quot;0&quot;,&quot;iso&quot;:&quot;0&quot;,&quot;shutter_speed&quot;:&quot;0&quot;,&quot;title&quot;:&quot;&quot;,&quot;orientation&quot;:&quot;0&quot;}\" data-image-title=\"captura-de-pantalla-2022-06-01-a-las-6.28.31-p.-m.\" data-image-description=\"\" data-image-caption=\"\" data-large-file=\"https:\/\/i0.wp.com\/nadinospina.org\/wp-content\/uploads\/2022\/06\/captura-de-pantalla-2022-06-01-a-las-6.28.31-p.-m..png?fit=640%2C819&amp;ssl=1\" src=\"https:\/\/i0.wp.com\/nadinospina.org\/wp-content\/uploads\/2022\/06\/captura-de-pantalla-2022-06-01-a-las-6.28.31-p.-m..png?resize=640%2C819&#038;ssl=1\" alt=\"\" class=\"wp-image-3583\"\/><\/figure>\n\n\n\n<p class=\"textojustificado wp-block-paragraph\">From this moment on, he participates in international art auctions such as Christie's and Sotheby's.<\/p>\n\n\n\n<figure class=\"wp-block-image size-large\"><img data-recalc-dims=\"1\" loading=\"lazy\" decoding=\"async\" width=\"640\" height=\"487\" data-attachment-id=\"3584\" data-permalink=\"https:\/\/nadinospina.org\/en\/biografia\/captura-de-pantalla-2022-06-01-a-las-6-29-11-p-m\/\" data-orig-file=\"https:\/\/i0.wp.com\/nadinospina.org\/wp-content\/uploads\/2022\/06\/captura-de-pantalla-2022-06-01-a-las-6.29.11-p.-m..png?fit=1962%2C1492&amp;ssl=1\" data-orig-size=\"1962,1492\" data-comments-opened=\"1\" data-image-meta=\"{&quot;aperture&quot;:&quot;0&quot;,&quot;credit&quot;:&quot;&quot;,&quot;camera&quot;:&quot;&quot;,&quot;caption&quot;:&quot;&quot;,&quot;created_timestamp&quot;:&quot;0&quot;,&quot;copyright&quot;:&quot;&quot;,&quot;focal_length&quot;:&quot;0&quot;,&quot;iso&quot;:&quot;0&quot;,&quot;shutter_speed&quot;:&quot;0&quot;,&quot;title&quot;:&quot;&quot;,&quot;orientation&quot;:&quot;0&quot;}\" data-image-title=\"captura-de-pantalla-2022-06-01-a-las-6.29.11-p.-m.\" data-image-description=\"\" data-image-caption=\"\" data-large-file=\"https:\/\/i0.wp.com\/nadinospina.org\/wp-content\/uploads\/2022\/06\/captura-de-pantalla-2022-06-01-a-las-6.29.11-p.-m..png?fit=640%2C487&amp;ssl=1\" src=\"https:\/\/i0.wp.com\/nadinospina.org\/wp-content\/uploads\/2022\/06\/captura-de-pantalla-2022-06-01-a-las-6.29.11-p.-m..png?resize=640%2C487&#038;ssl=1\" alt=\"\" class=\"wp-image-3584\"\/><\/figure>\n\n\n\n<p class=\"textojustificado wp-block-paragraph\">Selected for the <strong>Luis Caballero Award<\/strong> of the Instituto Distrital de Cultura y Turismo de Bogot\u00e1, he presents the work <strong>\"Estrellas de Piedra\"<\/strong>, a curatorial simulation in which he involves works by anonymous artists and the public in a work of a processual nature. Through a series of advertisements in the press inviting unrecognized artists to send their works to a postal mailing, Nad\u00edn receives them and has them enlarged to a larger format by a hired professional painter, who is in the exhibition executing them.<\/p>\n\n\n\n<p class=\"textojustificado wp-block-paragraph\">A critical parody that puts into practice the great post-modern debate on the crisis of authorship and reaffirms the operation of delegation of execution already introduced by the artist in his previous works.<\/p>\n\n\n\n<figure class=\"wp-block-image size-large\"><img data-recalc-dims=\"1\" loading=\"lazy\" decoding=\"async\" width=\"640\" height=\"518\" data-attachment-id=\"3586\" data-permalink=\"https:\/\/nadinospina.org\/en\/biografia\/captura-de-pantalla-2022-06-01-a-las-6-29-38-p-m\/\" data-orig-file=\"https:\/\/i0.wp.com\/nadinospina.org\/wp-content\/uploads\/2022\/06\/captura-de-pantalla-2022-06-01-a-las-6.29.38-p.-m..png?fit=1968%2C1594&amp;ssl=1\" data-orig-size=\"1968,1594\" data-comments-opened=\"1\" data-image-meta=\"{&quot;aperture&quot;:&quot;0&quot;,&quot;credit&quot;:&quot;&quot;,&quot;camera&quot;:&quot;&quot;,&quot;caption&quot;:&quot;&quot;,&quot;created_timestamp&quot;:&quot;0&quot;,&quot;copyright&quot;:&quot;&quot;,&quot;focal_length&quot;:&quot;0&quot;,&quot;iso&quot;:&quot;0&quot;,&quot;shutter_speed&quot;:&quot;0&quot;,&quot;title&quot;:&quot;&quot;,&quot;orientation&quot;:&quot;0&quot;}\" data-image-title=\"captura-de-pantalla-2022-06-01-a-las-6.29.38-p.-m.\" data-image-description=\"\" data-image-caption=\"\" data-large-file=\"https:\/\/i0.wp.com\/nadinospina.org\/wp-content\/uploads\/2022\/06\/captura-de-pantalla-2022-06-01-a-las-6.29.38-p.-m..png?fit=640%2C518&amp;ssl=1\" src=\"https:\/\/i0.wp.com\/nadinospina.org\/wp-content\/uploads\/2022\/06\/captura-de-pantalla-2022-06-01-a-las-6.29.38-p.-m..png?resize=640%2C518&#038;ssl=1\" alt=\"\" class=\"wp-image-3586\"\/><\/figure>\n\n\n\n<p class=\"wp-block-paragraph\"><strong>1998<\/strong><\/p>\n\n\n\n<p class=\"textojustificado wp-block-paragraph\">At the <strong>Medell\u00edn City Art Festival,<\/strong> an event sponsored by the Museo de Antioquia, Museo de Arte Moderno, the Universidad Pontificia Bolivariana and the Universidad de Antioquia, exhibits a piece based on the pre-Columbian altarpieces of the Quimbaya culture transferred to a format of gigantic dimensions, 8 meters high, with the characteristic of its portability as an inflatable piece, hence its name <strong>\"El Paseante\" (The Wanderer).<\/strong>Piece that travels to the Havana Biennial, the Venice Biennial, the Museum of Ethnography in Leiden and the Museum of the Americas in Denver.<\/p>\n\n\n\n<p class=\"textojustificado wp-block-paragraph translation-block\">He participates in the exhibition <strong>Trasatl\u00e1ntico<\/strong>, at the Centro Atl\u00e1ntico de Arte in Las Palmas de Gran Canaria, and in <strong>\"Mouse: An American Icon<\/strong>, an exhibition at the Alternative Museum in New York.\"<\/p>\n\n\n\n<figure class=\"wp-block-image size-large\"><img data-recalc-dims=\"1\" loading=\"lazy\" decoding=\"async\" width=\"640\" height=\"819\" data-attachment-id=\"3587\" data-permalink=\"https:\/\/nadinospina.org\/en\/biografia\/captura-de-pantalla-2022-06-01-a-las-6-30-11-p-m\/\" data-orig-file=\"https:\/\/i0.wp.com\/nadinospina.org\/wp-content\/uploads\/2022\/06\/captura-de-pantalla-2022-06-01-a-las-6.30.11-p.-m..png?fit=1178%2C1508&amp;ssl=1\" data-orig-size=\"1178,1508\" data-comments-opened=\"1\" data-image-meta=\"{&quot;aperture&quot;:&quot;0&quot;,&quot;credit&quot;:&quot;&quot;,&quot;camera&quot;:&quot;&quot;,&quot;caption&quot;:&quot;&quot;,&quot;created_timestamp&quot;:&quot;0&quot;,&quot;copyright&quot;:&quot;&quot;,&quot;focal_length&quot;:&quot;0&quot;,&quot;iso&quot;:&quot;0&quot;,&quot;shutter_speed&quot;:&quot;0&quot;,&quot;title&quot;:&quot;&quot;,&quot;orientation&quot;:&quot;0&quot;}\" data-image-title=\"captura-de-pantalla-2022-06-01-a-las-6.30.11-p.-m.\" data-image-description=\"\" data-image-caption=\"\" data-large-file=\"https:\/\/i0.wp.com\/nadinospina.org\/wp-content\/uploads\/2022\/06\/captura-de-pantalla-2022-06-01-a-las-6.30.11-p.-m..png?fit=640%2C819&amp;ssl=1\" src=\"https:\/\/i0.wp.com\/nadinospina.org\/wp-content\/uploads\/2022\/06\/captura-de-pantalla-2022-06-01-a-las-6.30.11-p.-m..png?resize=640%2C819&#038;ssl=1\" alt=\"\" class=\"wp-image-3587\"\/><\/figure>\n\n\n\n<p class=\"textojustificado wp-block-paragraph\"><strong>Double Trouble<\/strong> , an exhibition from Tom Patchett's collection of nearly 300 works, is exhibit at the Auditorio de Galicia, in Santiago de Compostela, with the support of the Museum of Contemporary Art in San Diego, California. Nad\u00edn participates with the work &nbsp;<strong>\"Pieza arcaica\",<\/strong>previously exhibited at the Museum of Contemporary Art in San Diego.<\/p>\n\n\n\n<p class=\"wp-block-paragraph\"><strong>1999 -2002<\/strong><\/p>\n\n\n\n<figure class=\"wp-block-image size-large\"><img data-recalc-dims=\"1\" loading=\"lazy\" decoding=\"async\" width=\"640\" height=\"869\" data-attachment-id=\"3589\" data-permalink=\"https:\/\/nadinospina.org\/en\/biografia\/captura-de-pantalla-2022-06-01-a-las-6-30-42-p-m\/\" data-orig-file=\"https:\/\/i0.wp.com\/nadinospina.org\/wp-content\/uploads\/2022\/06\/captura-de-pantalla-2022-06-01-a-las-6.30.42-p.-m..png?fit=1006%2C1366&amp;ssl=1\" data-orig-size=\"1006,1366\" data-comments-opened=\"1\" data-image-meta=\"{&quot;aperture&quot;:&quot;0&quot;,&quot;credit&quot;:&quot;&quot;,&quot;camera&quot;:&quot;&quot;,&quot;caption&quot;:&quot;&quot;,&quot;created_timestamp&quot;:&quot;0&quot;,&quot;copyright&quot;:&quot;&quot;,&quot;focal_length&quot;:&quot;0&quot;,&quot;iso&quot;:&quot;0&quot;,&quot;shutter_speed&quot;:&quot;0&quot;,&quot;title&quot;:&quot;&quot;,&quot;orientation&quot;:&quot;0&quot;}\" data-image-title=\"captura-de-pantalla-2022-06-01-a-las-6.30.42-p.-m.\" data-image-description=\"\" data-image-caption=\"\" data-large-file=\"https:\/\/i0.wp.com\/nadinospina.org\/wp-content\/uploads\/2022\/06\/captura-de-pantalla-2022-06-01-a-las-6.30.42-p.-m..png?fit=640%2C869&amp;ssl=1\" src=\"https:\/\/i0.wp.com\/nadinospina.org\/wp-content\/uploads\/2022\/06\/captura-de-pantalla-2022-06-01-a-las-6.30.42-p.-m..png?resize=640%2C869&#038;ssl=1\" alt=\"\" class=\"wp-image-3589\"\/><\/figure>\n\n\n\n<p class=\"wp-block-paragraph\">7\u00aa Bienal de la Habana. <strong>\"El Paseante\" (The Wanderer).<\/strong><\/p>\n\n\n\n<figure class=\"wp-block-image size-large\"><img data-recalc-dims=\"1\" loading=\"lazy\" decoding=\"async\" width=\"640\" height=\"480\" data-attachment-id=\"3590\" data-permalink=\"https:\/\/nadinospina.org\/en\/biografia\/captura-de-pantalla-2022-06-01-a-las-6-31-16-p-m\/\" data-orig-file=\"https:\/\/i0.wp.com\/nadinospina.org\/wp-content\/uploads\/2022\/06\/captura-de-pantalla-2022-06-01-a-las-6.31.16-p.-m..png?fit=1090%2C818&amp;ssl=1\" data-orig-size=\"1090,818\" data-comments-opened=\"1\" data-image-meta=\"{&quot;aperture&quot;:&quot;0&quot;,&quot;credit&quot;:&quot;&quot;,&quot;camera&quot;:&quot;&quot;,&quot;caption&quot;:&quot;&quot;,&quot;created_timestamp&quot;:&quot;0&quot;,&quot;copyright&quot;:&quot;&quot;,&quot;focal_length&quot;:&quot;0&quot;,&quot;iso&quot;:&quot;0&quot;,&quot;shutter_speed&quot;:&quot;0&quot;,&quot;title&quot;:&quot;&quot;,&quot;orientation&quot;:&quot;0&quot;}\" data-image-title=\"captura-de-pantalla-2022-06-01-a-las-6.31.16-p.-m.\" data-image-description=\"\" data-image-caption=\"\" data-large-file=\"https:\/\/i0.wp.com\/nadinospina.org\/wp-content\/uploads\/2022\/06\/captura-de-pantalla-2022-06-01-a-las-6.31.16-p.-m..png?fit=640%2C480&amp;ssl=1\" src=\"https:\/\/i0.wp.com\/nadinospina.org\/wp-content\/uploads\/2022\/06\/captura-de-pantalla-2022-06-01-a-las-6.31.16-p.-m..png?resize=640%2C480&#038;ssl=1\" alt=\"\" class=\"wp-image-3590\"\/><\/figure>\n\n\n\n<p class=\"wp-block-paragraph\">5e Bienal de Arte Contempor\u00e1neo de Lyon. <strong>\"el Gran Sue\u00f1o Americano\" (The Great American Dream)<\/strong><\/p>\n\n\n\n<p class=\"wp-block-paragraph\">Curator: Jean-Hubert Martin.<\/p>\n\n\n\n<figure class=\"wp-block-image size-large\"><img data-recalc-dims=\"1\" loading=\"lazy\" decoding=\"async\" width=\"640\" height=\"973\" data-attachment-id=\"3592\" data-permalink=\"https:\/\/nadinospina.org\/en\/biografia\/captura-de-pantalla-2022-06-01-a-las-6-31-45-p-m\/\" data-orig-file=\"https:\/\/i0.wp.com\/nadinospina.org\/wp-content\/uploads\/2022\/06\/captura-de-pantalla-2022-06-01-a-las-6.31.45-p.-m..png?fit=1106%2C1682&amp;ssl=1\" data-orig-size=\"1106,1682\" data-comments-opened=\"1\" data-image-meta=\"{&quot;aperture&quot;:&quot;0&quot;,&quot;credit&quot;:&quot;&quot;,&quot;camera&quot;:&quot;&quot;,&quot;caption&quot;:&quot;&quot;,&quot;created_timestamp&quot;:&quot;0&quot;,&quot;copyright&quot;:&quot;&quot;,&quot;focal_length&quot;:&quot;0&quot;,&quot;iso&quot;:&quot;0&quot;,&quot;shutter_speed&quot;:&quot;0&quot;,&quot;title&quot;:&quot;&quot;,&quot;orientation&quot;:&quot;0&quot;}\" data-image-title=\"captura-de-pantalla-2022-06-01-a-las-6.31.45-p.-m.\" data-image-description=\"\" data-image-caption=\"\" data-large-file=\"https:\/\/i0.wp.com\/nadinospina.org\/wp-content\/uploads\/2022\/06\/captura-de-pantalla-2022-06-01-a-las-6.31.45-p.-m..png?fit=640%2C973&amp;ssl=1\" src=\"https:\/\/i0.wp.com\/nadinospina.org\/wp-content\/uploads\/2022\/06\/captura-de-pantalla-2022-06-01-a-las-6.31.45-p.-m..png?resize=640%2C973&#038;ssl=1\" alt=\"\" class=\"wp-image-3592\"\/><\/figure>\n\n\n\n<p class=\"wp-block-paragraph\"><strong>39\u00aa Bienal de Venecia. <strong>\u201cPaseante y Expansionistas\u201d (The Wanderer and Expansionists)<\/strong><\/strong><\/p>\n\n\n\n<figure class=\"wp-block-image size-large\"><img data-recalc-dims=\"1\" loading=\"lazy\" decoding=\"async\" width=\"640\" height=\"385\" data-attachment-id=\"3593\" data-permalink=\"https:\/\/nadinospina.org\/en\/biografia\/captura-de-pantalla-2022-06-01-a-las-6-32-21-p-m\/\" data-orig-file=\"https:\/\/i0.wp.com\/nadinospina.org\/wp-content\/uploads\/2022\/06\/captura-de-pantalla-2022-06-01-a-las-6.32.21-p.-m..png?fit=1368%2C824&amp;ssl=1\" data-orig-size=\"1368,824\" data-comments-opened=\"1\" data-image-meta=\"{&quot;aperture&quot;:&quot;0&quot;,&quot;credit&quot;:&quot;&quot;,&quot;camera&quot;:&quot;&quot;,&quot;caption&quot;:&quot;&quot;,&quot;created_timestamp&quot;:&quot;0&quot;,&quot;copyright&quot;:&quot;&quot;,&quot;focal_length&quot;:&quot;0&quot;,&quot;iso&quot;:&quot;0&quot;,&quot;shutter_speed&quot;:&quot;0&quot;,&quot;title&quot;:&quot;&quot;,&quot;orientation&quot;:&quot;0&quot;}\" data-image-title=\"captura-de-pantalla-2022-06-01-a-las-6.32.21-p.-m.\" data-image-description=\"\" data-image-caption=\"\" data-large-file=\"https:\/\/i0.wp.com\/nadinospina.org\/wp-content\/uploads\/2022\/06\/captura-de-pantalla-2022-06-01-a-las-6.32.21-p.-m..png?fit=640%2C385&amp;ssl=1\" src=\"https:\/\/i0.wp.com\/nadinospina.org\/wp-content\/uploads\/2022\/06\/captura-de-pantalla-2022-06-01-a-las-6.32.21-p.-m..png?resize=640%2C385&#038;ssl=1\" alt=\"\" class=\"wp-image-3593\"\/><\/figure>\n\n\n\n<p class=\"textojustificado wp-block-paragraph\">El galerista parisino Enrico Navarra lo invita a &nbsp;la exposici\u00f3n itinerante<strong> &nbsp;<em>L'art \u00e0 la plage.<\/em> <\/strong>Exhibiting in Saint Tropez, Cannes, Ramatuelle and Tahiti. The exhibition includes artists such as Marina Abramovic, Robert Indiana and Niki de Saint Phalle.<\/p>\n\n\n\n<figure class=\"wp-block-image size-large\"><img data-recalc-dims=\"1\" loading=\"lazy\" decoding=\"async\" width=\"640\" height=\"480\" data-attachment-id=\"3595\" data-permalink=\"https:\/\/nadinospina.org\/en\/biografia\/captura-de-pantalla-2022-06-01-a-las-6-32-53-p-m\/\" data-orig-file=\"https:\/\/i0.wp.com\/nadinospina.org\/wp-content\/uploads\/2022\/06\/captura-de-pantalla-2022-06-01-a-las-6.32.53-p.-m..png?fit=1470%2C1102&amp;ssl=1\" data-orig-size=\"1470,1102\" data-comments-opened=\"1\" data-image-meta=\"{&quot;aperture&quot;:&quot;0&quot;,&quot;credit&quot;:&quot;&quot;,&quot;camera&quot;:&quot;&quot;,&quot;caption&quot;:&quot;&quot;,&quot;created_timestamp&quot;:&quot;0&quot;,&quot;copyright&quot;:&quot;&quot;,&quot;focal_length&quot;:&quot;0&quot;,&quot;iso&quot;:&quot;0&quot;,&quot;shutter_speed&quot;:&quot;0&quot;,&quot;title&quot;:&quot;&quot;,&quot;orientation&quot;:&quot;0&quot;}\" data-image-title=\"captura-de-pantalla-2022-06-01-a-las-6.32.53-p.-m.\" data-image-description=\"\" data-image-caption=\"\" data-large-file=\"https:\/\/i0.wp.com\/nadinospina.org\/wp-content\/uploads\/2022\/06\/captura-de-pantalla-2022-06-01-a-las-6.32.53-p.-m..png?fit=640%2C480&amp;ssl=1\" src=\"https:\/\/i0.wp.com\/nadinospina.org\/wp-content\/uploads\/2022\/06\/captura-de-pantalla-2022-06-01-a-las-6.32.53-p.-m..png?resize=640%2C480&#038;ssl=1\" alt=\"\" class=\"wp-image-3595\"\/><\/figure>\n\n\n\n<p class=\"textojustificado wp-block-paragraph\">In Costa Rica, with the curatorship of Virginia P\u00e9rez Ratton, director of the TEOR\/\u00e9Tica Foundation, Nad\u00edn works with Costa Rican artisans and pre-Columbian works, one of the most relevant projects of <strong>\"el Gran Sue\u00f1o Americano\" (The Great American Dream)<\/strong> called <strong>Pop-Colonialism.<\/strong>.<\/p>\n\n\n\n<p class=\"textojustificado wp-block-paragraph\">They work together and in 2002 she is laureate of the Prince Claus Award with the text.<strong>\"The Art of Authentic Fraud\". \"<\/strong>. <em>...Ospina's work continues her appropriation of pre-Columbian, pre-Columbian, pre-colonial forms to highlight, in an ironic way, the neo-colonizing powers of the media as well as the total insertion in our daily iconography and in our imaginary, of figures and characters from animations created by Hollywood.\"<\/em><\/p>\n\n\n\n<figure class=\"wp-block-image size-large\"><img data-recalc-dims=\"1\" loading=\"lazy\" decoding=\"async\" width=\"640\" height=\"436\" data-attachment-id=\"3596\" data-permalink=\"https:\/\/nadinospina.org\/en\/biografia\/captura-de-pantalla-2022-06-01-a-las-6-33-21-p-m\/\" data-orig-file=\"https:\/\/i0.wp.com\/nadinospina.org\/wp-content\/uploads\/2022\/06\/captura-de-pantalla-2022-06-01-a-las-6.33.21-p.-m..png?fit=1652%2C1126&amp;ssl=1\" data-orig-size=\"1652,1126\" data-comments-opened=\"1\" data-image-meta=\"{&quot;aperture&quot;:&quot;0&quot;,&quot;credit&quot;:&quot;&quot;,&quot;camera&quot;:&quot;&quot;,&quot;caption&quot;:&quot;&quot;,&quot;created_timestamp&quot;:&quot;0&quot;,&quot;copyright&quot;:&quot;&quot;,&quot;focal_length&quot;:&quot;0&quot;,&quot;iso&quot;:&quot;0&quot;,&quot;shutter_speed&quot;:&quot;0&quot;,&quot;title&quot;:&quot;&quot;,&quot;orientation&quot;:&quot;0&quot;}\" data-image-title=\"captura-de-pantalla-2022-06-01-a-las-6.33.21-p.-m.\" data-image-description=\"\" data-image-caption=\"\" data-large-file=\"https:\/\/i0.wp.com\/nadinospina.org\/wp-content\/uploads\/2022\/06\/captura-de-pantalla-2022-06-01-a-las-6.33.21-p.-m..png?fit=640%2C436&amp;ssl=1\" src=\"https:\/\/i0.wp.com\/nadinospina.org\/wp-content\/uploads\/2022\/06\/captura-de-pantalla-2022-06-01-a-las-6.33.21-p.-m..png?resize=640%2C436&#038;ssl=1\" alt=\"\" class=\"wp-image-3596\"\/><\/figure>\n\n\n\n<p class=\"textojustificado wp-block-paragraph translation-block\">Participates in the<strong> IV Biennial Barro de Am\u00e9rica.<\/strong> Museo de Arte Contempor\u00e1neo de Caracas Sof\u00eda Imber. The curator Roberto Guevara convened this Biennial focused on the material or conceptual production related to the earth element.<\/p>\n\n\n\n<p class=\"textojustificado wp-block-paragraph translation-block\">He is guest of honor at the <strong>International Art Fair of Caracas, FIA, <\/strong>and simultaneously carries out a large exhibition of his work at the <strong>Museo de Bellas Artes de Caracas.<\/strong><\/p>\n\n\n\n<p class=\"wp-block-paragraph\">He participates with a solo show at the FIAC in Paris represented by Gallery El Museo.<\/p>\n\n\n\n<figure class=\"wp-block-image size-large\"><img data-recalc-dims=\"1\" loading=\"lazy\" decoding=\"async\" width=\"640\" height=\"478\" data-attachment-id=\"3598\" data-permalink=\"https:\/\/nadinospina.org\/en\/biografia\/captura-de-pantalla-2022-06-01-a-las-6-33-48-p-m\/\" data-orig-file=\"https:\/\/i0.wp.com\/nadinospina.org\/wp-content\/uploads\/2022\/06\/captura-de-pantalla-2022-06-01-a-las-6.33.48-p.-m..png?fit=1544%2C1154&amp;ssl=1\" data-orig-size=\"1544,1154\" data-comments-opened=\"1\" data-image-meta=\"{&quot;aperture&quot;:&quot;0&quot;,&quot;credit&quot;:&quot;&quot;,&quot;camera&quot;:&quot;&quot;,&quot;caption&quot;:&quot;&quot;,&quot;created_timestamp&quot;:&quot;0&quot;,&quot;copyright&quot;:&quot;&quot;,&quot;focal_length&quot;:&quot;0&quot;,&quot;iso&quot;:&quot;0&quot;,&quot;shutter_speed&quot;:&quot;0&quot;,&quot;title&quot;:&quot;&quot;,&quot;orientation&quot;:&quot;0&quot;}\" data-image-title=\"captura-de-pantalla-2022-06-01-a-las-6.33.48-p.-m.\" data-image-description=\"\" data-image-caption=\"\" data-large-file=\"https:\/\/i0.wp.com\/nadinospina.org\/wp-content\/uploads\/2022\/06\/captura-de-pantalla-2022-06-01-a-las-6.33.48-p.-m..png?fit=640%2C478&amp;ssl=1\" src=\"https:\/\/i0.wp.com\/nadinospina.org\/wp-content\/uploads\/2022\/06\/captura-de-pantalla-2022-06-01-a-las-6.33.48-p.-m..png?resize=640%2C478&#038;ssl=1\" alt=\"\" class=\"wp-image-3598\"\/><\/figure>\n\n\n\n<p class=\"wp-block-paragraph\"><strong>2002<\/strong><\/p>\n\n\n\n<p class=\"textojustificado wp-block-paragraph translation-block\">He receives an invitation from the Argentinian curator Sebasti\u00e1n L\u00f3pez to intervene in the showcases of the Latin American art collection of the National Museum of Ethnology in Leiden, Holland. <strong>The Ground &amp; the Real <\/strong>by Nadin Ospina. After an initial trip, he prepared a series of 30 pieces related to the collection that were installed in the showcases next to the originals without announcing it to the public and without detailed technical data sheets, which caused a great controversy, the most conservative considered it a desacralising intervention. The discussion widened, and at the same time the World Congress of Ethnography was held, where the subject of how this type of museum should return sacred pieces to their place of origin was proposed. Nad\u00edn once again defends his critical position against the scientific plundering of cultural property.<\/p>\n\n\n\n<p class=\"wp-block-paragraph\"><strong>2003-2004<\/strong><\/p>\n\n\n\n<figure class=\"wp-block-image size-large\"><img data-recalc-dims=\"1\" loading=\"lazy\" decoding=\"async\" width=\"640\" height=\"473\" data-attachment-id=\"3600\" data-permalink=\"https:\/\/nadinospina.org\/en\/biografia\/captura-de-pantalla-2022-06-01-a-las-6-34-32-p-m\/\" data-orig-file=\"https:\/\/i0.wp.com\/nadinospina.org\/wp-content\/uploads\/2022\/06\/captura-de-pantalla-2022-06-01-a-las-6.34.32-p.-m..png?fit=1598%2C1180&amp;ssl=1\" data-orig-size=\"1598,1180\" data-comments-opened=\"1\" data-image-meta=\"{&quot;aperture&quot;:&quot;0&quot;,&quot;credit&quot;:&quot;&quot;,&quot;camera&quot;:&quot;&quot;,&quot;caption&quot;:&quot;&quot;,&quot;created_timestamp&quot;:&quot;0&quot;,&quot;copyright&quot;:&quot;&quot;,&quot;focal_length&quot;:&quot;0&quot;,&quot;iso&quot;:&quot;0&quot;,&quot;shutter_speed&quot;:&quot;0&quot;,&quot;title&quot;:&quot;&quot;,&quot;orientation&quot;:&quot;0&quot;}\" data-image-title=\"captura-de-pantalla-2022-06-01-a-las-6.34.32-p.-m.\" data-image-description=\"\" data-image-caption=\"\" data-large-file=\"https:\/\/i0.wp.com\/nadinospina.org\/wp-content\/uploads\/2022\/06\/captura-de-pantalla-2022-06-01-a-las-6.34.32-p.-m..png?fit=640%2C473&amp;ssl=1\" src=\"https:\/\/i0.wp.com\/nadinospina.org\/wp-content\/uploads\/2022\/06\/captura-de-pantalla-2022-06-01-a-las-6.34.32-p.-m..png?resize=640%2C473&#038;ssl=1\" alt=\"\" class=\"wp-image-3600\"\/><\/figure>\n\n\n\n<p class=\"textojustificado wp-block-paragraph\">Exhibits at the Museo de Arte Moderno de Bogot\u00e1&nbsp; <strong>\"El ojo del Tigre\" (The Eye of the Tiger),<\/strong>an inquiry into the cultural influence of the Orient in our environment.<\/p>\n\n\n\n<p class=\"textojustificado wp-block-paragraph\">Natalia Vega writes: <em>\"In this work, Nad\u00edn juxtaposes kitch oriental objects, elements of mass media, Japanese manga (comic strips) and anime (cartoons) characters next to canonical works of Chinese and Latin American archeology to generate new images on the computer that are later reproduced by her collaborators.  While acknowledging the many sources of image generation and challenging the concept of originality, demystifying the notions of authorship and authenticity, he paradoxically presents his final work as a labor-intensive, perfectly crafted, handmade product\".<\/em><\/p>\n\n\n\n<figure class=\"wp-block-image size-large\"><img data-recalc-dims=\"1\" loading=\"lazy\" decoding=\"async\" width=\"640\" height=\"928\" data-attachment-id=\"3601\" data-permalink=\"https:\/\/nadinospina.org\/en\/biografia\/captura-de-pantalla-2022-06-01-a-las-6-35-08-p-m\/\" data-orig-file=\"https:\/\/i0.wp.com\/nadinospina.org\/wp-content\/uploads\/2022\/06\/captura-de-pantalla-2022-06-01-a-las-6.35.08-p.-m..png?fit=1322%2C1916&amp;ssl=1\" data-orig-size=\"1322,1916\" data-comments-opened=\"1\" data-image-meta=\"{&quot;aperture&quot;:&quot;0&quot;,&quot;credit&quot;:&quot;&quot;,&quot;camera&quot;:&quot;&quot;,&quot;caption&quot;:&quot;&quot;,&quot;created_timestamp&quot;:&quot;0&quot;,&quot;copyright&quot;:&quot;&quot;,&quot;focal_length&quot;:&quot;0&quot;,&quot;iso&quot;:&quot;0&quot;,&quot;shutter_speed&quot;:&quot;0&quot;,&quot;title&quot;:&quot;&quot;,&quot;orientation&quot;:&quot;0&quot;}\" data-image-title=\"captura-de-pantalla-2022-06-01-a-las-6.35.08-p.-m.\" data-image-description=\"\" data-image-caption=\"\" data-large-file=\"https:\/\/i0.wp.com\/nadinospina.org\/wp-content\/uploads\/2022\/06\/captura-de-pantalla-2022-06-01-a-las-6.35.08-p.-m..png?fit=640%2C928&amp;ssl=1\" src=\"https:\/\/i0.wp.com\/nadinospina.org\/wp-content\/uploads\/2022\/06\/captura-de-pantalla-2022-06-01-a-las-6.35.08-p.-m..png?resize=640%2C928&#038;ssl=1\" alt=\"\" class=\"wp-image-3601\"\/><\/figure>\n\n\n\n<p class=\"textojustificado wp-block-paragraph translation-block\">The Swiss collection <strong><em>Daros-Latin America, <\/em><\/strong>curated by Hans-Michael Herzog, opens its Z\u00fcrich headquarters with the anthological exhibition <em><strong>Cantos Cuentos Colombianos<\/em><\/strong>, a panorama of contemporary Colombian art. The curator brings together emblematic works by artists Doris Salcedo, Fernando Arias, Jos\u00e9 Alejandro Restrepo, Juan Manuel Echavarr\u00eda, Mar\u00eda Fernanda Cardoso, Miguel \u00c1ngel Rojas, Oscar Mu\u00f1oz, Oswaldo Maci\u00e0, Rosemberg Sandoval and Nad\u00edn Ospina. It is the largest exhibition of contemporary Colombian art in Latin America.<\/p>\n\n\n\n<figure class=\"wp-block-image size-large\"><img data-recalc-dims=\"1\" loading=\"lazy\" decoding=\"async\" width=\"640\" height=\"954\" data-attachment-id=\"3603\" data-permalink=\"https:\/\/nadinospina.org\/en\/biografia\/captura-de-pantalla-2022-06-01-a-las-6-35-44-p-m\/\" data-orig-file=\"https:\/\/i0.wp.com\/nadinospina.org\/wp-content\/uploads\/2022\/06\/captura-de-pantalla-2022-06-01-a-las-6.35.44-p.-m..png?fit=1216%2C1812&amp;ssl=1\" data-orig-size=\"1216,1812\" data-comments-opened=\"1\" data-image-meta=\"{&quot;aperture&quot;:&quot;0&quot;,&quot;credit&quot;:&quot;&quot;,&quot;camera&quot;:&quot;&quot;,&quot;caption&quot;:&quot;&quot;,&quot;created_timestamp&quot;:&quot;0&quot;,&quot;copyright&quot;:&quot;&quot;,&quot;focal_length&quot;:&quot;0&quot;,&quot;iso&quot;:&quot;0&quot;,&quot;shutter_speed&quot;:&quot;0&quot;,&quot;title&quot;:&quot;&quot;,&quot;orientation&quot;:&quot;0&quot;}\" data-image-title=\"captura-de-pantalla-2022-06-01-a-las-6.35.44-p.-m.\" data-image-description=\"\" data-image-caption=\"\" data-large-file=\"https:\/\/i0.wp.com\/nadinospina.org\/wp-content\/uploads\/2022\/06\/captura-de-pantalla-2022-06-01-a-las-6.35.44-p.-m..png?fit=640%2C954&amp;ssl=1\" src=\"https:\/\/i0.wp.com\/nadinospina.org\/wp-content\/uploads\/2022\/06\/captura-de-pantalla-2022-06-01-a-las-6.35.44-p.-m..png?resize=640%2C954&#038;ssl=1\" alt=\"\" class=\"wp-image-3603\"\/><\/figure>\n\n\n\n<p class=\"textojustificado wp-block-paragraph\">Wins the 1st prize at the <strong>XVIII Sal\u00f3n del Fuego <\/strong>of the Fundaci\u00f3n Gilberto Alzate Avenda\u00f1o in Bogota with the work <strong>\"Vengadores\",<\/strong> a large format ceramic installation of Japanese comic book characters. With this work he closes the series <strong>\"The Great American Dream\".<\/strong><\/p>\n\n\n\n<p class=\"wp-block-paragraph\"><strong>2005 -2009<\/strong><\/p>\n\n\n\n<figure class=\"wp-block-image size-large\"><img data-recalc-dims=\"1\" loading=\"lazy\" decoding=\"async\" width=\"640\" height=\"480\" data-attachment-id=\"3604\" data-permalink=\"https:\/\/nadinospina.org\/en\/biografia\/captura-de-pantalla-2022-06-01-a-las-6-36-16-p-m\/\" data-orig-file=\"https:\/\/i0.wp.com\/nadinospina.org\/wp-content\/uploads\/2022\/06\/captura-de-pantalla-2022-06-01-a-las-6.36.16-p.-m..png?fit=1844%2C1382&amp;ssl=1\" data-orig-size=\"1844,1382\" data-comments-opened=\"1\" data-image-meta=\"{&quot;aperture&quot;:&quot;0&quot;,&quot;credit&quot;:&quot;&quot;,&quot;camera&quot;:&quot;&quot;,&quot;caption&quot;:&quot;&quot;,&quot;created_timestamp&quot;:&quot;0&quot;,&quot;copyright&quot;:&quot;&quot;,&quot;focal_length&quot;:&quot;0&quot;,&quot;iso&quot;:&quot;0&quot;,&quot;shutter_speed&quot;:&quot;0&quot;,&quot;title&quot;:&quot;&quot;,&quot;orientation&quot;:&quot;0&quot;}\" data-image-title=\"captura-de-pantalla-2022-06-01-a-las-6.36.16-p.-m.\" data-image-description=\"\" data-image-caption=\"\" data-large-file=\"https:\/\/i0.wp.com\/nadinospina.org\/wp-content\/uploads\/2022\/06\/captura-de-pantalla-2022-06-01-a-las-6.36.16-p.-m..png?fit=640%2C480&amp;ssl=1\" src=\"https:\/\/i0.wp.com\/nadinospina.org\/wp-content\/uploads\/2022\/06\/captura-de-pantalla-2022-06-01-a-las-6.36.16-p.-m..png?resize=640%2C480&#038;ssl=1\" alt=\"\" class=\"wp-image-3604\"\/><\/figure>\n\n\n\n<p class=\"textojustificado wp-block-paragraph\">In the late 1990s, the Danish company's Lego Adventurers series included in its toys versions of scenes from all over the world, including Latin America, a representation that included pyramids, parrots, idols, tombs and local characters personified as sinister villains, with guns, daggers and machetes.<\/p>\n\n\n\n<p class=\"textojustificado wp-block-paragraph\">His work <strong>Colombialand<\/strong> is a denounce of LEGO's wrongdoing and its appropriation of the Latin American \"clich\u00e9\". After the shocking discovery of this racist message, he began the production of ceramic pieces, but soon turned to an elaborate reproduction of the game pieces down to the smallest details, capturing their pop and technological spirit.<\/p>\n\n\n\n<figure class=\"wp-block-image size-large\"><img data-recalc-dims=\"1\" loading=\"lazy\" decoding=\"async\" width=\"640\" height=\"910\" data-attachment-id=\"3606\" data-permalink=\"https:\/\/nadinospina.org\/en\/biografia\/captura-de-pantalla-2022-06-01-a-las-6-37-16-p-m\/\" data-orig-file=\"https:\/\/i0.wp.com\/nadinospina.org\/wp-content\/uploads\/2022\/06\/captura-de-pantalla-2022-06-01-a-las-6.37.16-p.-m..png?fit=1190%2C1692&amp;ssl=1\" data-orig-size=\"1190,1692\" data-comments-opened=\"1\" data-image-meta=\"{&quot;aperture&quot;:&quot;0&quot;,&quot;credit&quot;:&quot;&quot;,&quot;camera&quot;:&quot;&quot;,&quot;caption&quot;:&quot;&quot;,&quot;created_timestamp&quot;:&quot;0&quot;,&quot;copyright&quot;:&quot;&quot;,&quot;focal_length&quot;:&quot;0&quot;,&quot;iso&quot;:&quot;0&quot;,&quot;shutter_speed&quot;:&quot;0&quot;,&quot;title&quot;:&quot;&quot;,&quot;orientation&quot;:&quot;0&quot;}\" data-image-title=\"captura-de-pantalla-2022-06-01-a-las-6.37.16-p.-m.\" data-image-description=\"\" data-image-caption=\"\" data-large-file=\"https:\/\/i0.wp.com\/nadinospina.org\/wp-content\/uploads\/2022\/06\/captura-de-pantalla-2022-06-01-a-las-6.37.16-p.-m..png?fit=640%2C910&amp;ssl=1\" src=\"https:\/\/i0.wp.com\/nadinospina.org\/wp-content\/uploads\/2022\/06\/captura-de-pantalla-2022-06-01-a-las-6.37.16-p.-m..png?resize=640%2C910&#038;ssl=1\" alt=\"\" class=\"wp-image-3606\"\/><\/figure>\n\n\n\n<p class=\"textojustificado wp-block-paragraph translation-block\">After showing in Bogota at La Universidad de Salamanca and at the Galer\u00eda Mundo, he exhibits the series <strong>Colombialand<\/strong> at the Centro Cervantes in Paris. An exhibition curated by the Spanish critic Jos\u00e9 Jim\u00e9nez. The work acquires an international dimension and is later exhibited at the Fernando Pradilla Gallery in Madrid.<\/p>\n\n\n\n<figure class=\"wp-block-image size-large\"><img data-recalc-dims=\"1\" loading=\"lazy\" decoding=\"async\" width=\"640\" height=\"944\" data-attachment-id=\"3608\" data-permalink=\"https:\/\/nadinospina.org\/en\/biografia\/captura-de-pantalla-2022-06-01-a-las-6-37-47-p-m\/\" data-orig-file=\"https:\/\/i0.wp.com\/nadinospina.org\/wp-content\/uploads\/2022\/06\/captura-de-pantalla-2022-06-01-a-las-6.37.47-p.-m..png?fit=1192%2C1758&amp;ssl=1\" data-orig-size=\"1192,1758\" data-comments-opened=\"1\" data-image-meta=\"{&quot;aperture&quot;:&quot;0&quot;,&quot;credit&quot;:&quot;&quot;,&quot;camera&quot;:&quot;&quot;,&quot;caption&quot;:&quot;&quot;,&quot;created_timestamp&quot;:&quot;0&quot;,&quot;copyright&quot;:&quot;&quot;,&quot;focal_length&quot;:&quot;0&quot;,&quot;iso&quot;:&quot;0&quot;,&quot;shutter_speed&quot;:&quot;0&quot;,&quot;title&quot;:&quot;&quot;,&quot;orientation&quot;:&quot;0&quot;}\" data-image-title=\"captura-de-pantalla-2022-06-01-a-las-6.37.47-p.-m.\" data-image-description=\"\" data-image-caption=\"\" data-large-file=\"https:\/\/i0.wp.com\/nadinospina.org\/wp-content\/uploads\/2022\/06\/captura-de-pantalla-2022-06-01-a-las-6.37.47-p.-m..png?fit=640%2C944&amp;ssl=1\" src=\"https:\/\/i0.wp.com\/nadinospina.org\/wp-content\/uploads\/2022\/06\/captura-de-pantalla-2022-06-01-a-las-6.37.47-p.-m..png?resize=640%2C944&#038;ssl=1\" alt=\"\" class=\"wp-image-3608\"\/><\/figure>\n\n\n\n<p class=\"textojustificado wp-block-paragraph translation-block\">Participates in <strong>\"The Hours\"<\/strong>. A traveling exhibition of Latin American art in: Visual Arts of Contemporary Latin America at IMMA. Irish Museum of Modern Art, Museum of Contemporary Art, Sydney, Australia, Museo Patio Herreriano. Valladolid. Valladolid, Spain. Along with other artists such as: Tania Bruguera, Oscar Mu\u00f1oz, Betsabe\u00e9 Romero and Doris Salcedo. Curated by the Argentinean Sebasti\u00e1n Lopez.<\/p>\n\n\n\n<figure class=\"wp-block-image size-large\"><img data-recalc-dims=\"1\" loading=\"lazy\" decoding=\"async\" width=\"640\" height=\"988\" data-attachment-id=\"3609\" data-permalink=\"https:\/\/nadinospina.org\/en\/biografia\/captura-de-pantalla-2022-06-01-a-las-6-38-17-p-m\/\" data-orig-file=\"https:\/\/i0.wp.com\/nadinospina.org\/wp-content\/uploads\/2022\/06\/captura-de-pantalla-2022-06-01-a-las-6.38.17-p.-m..png?fit=956%2C1476&amp;ssl=1\" data-orig-size=\"956,1476\" data-comments-opened=\"1\" data-image-meta=\"{&quot;aperture&quot;:&quot;0&quot;,&quot;credit&quot;:&quot;&quot;,&quot;camera&quot;:&quot;&quot;,&quot;caption&quot;:&quot;&quot;,&quot;created_timestamp&quot;:&quot;0&quot;,&quot;copyright&quot;:&quot;&quot;,&quot;focal_length&quot;:&quot;0&quot;,&quot;iso&quot;:&quot;0&quot;,&quot;shutter_speed&quot;:&quot;0&quot;,&quot;title&quot;:&quot;&quot;,&quot;orientation&quot;:&quot;0&quot;}\" data-image-title=\"captura-de-pantalla-2022-06-01-a-las-6.38.17-p.-m.\" data-image-description=\"\" data-image-caption=\"\" data-large-file=\"https:\/\/i0.wp.com\/nadinospina.org\/wp-content\/uploads\/2022\/06\/captura-de-pantalla-2022-06-01-a-las-6.38.17-p.-m..png?fit=640%2C988&amp;ssl=1\" src=\"https:\/\/i0.wp.com\/nadinospina.org\/wp-content\/uploads\/2022\/06\/captura-de-pantalla-2022-06-01-a-las-6.38.17-p.-m..png?resize=640%2C988&#038;ssl=1\" alt=\"\" class=\"wp-image-3609\"\/><\/figure>\n\n\n\n<p class=\"wp-block-paragraph\"><strong>2010 \u2013 2011<\/strong><\/p>\n\n\n\n<p class=\"textojustificado wp-block-paragraph\">Invited to the event<strong> La mar de M\u00fasicas <\/strong>bajo con la curadur\u00eda de Nacho Ruiz en la ciudad <a rel=\"noreferrer noopener\" href=\"https:\/\/es.wikipedia.org\/wiki\/Espa%C3%B1a\" target=\"_blank\">espa\u00f1ola<\/a>&nbsp;de&nbsp;<a rel=\"noreferrer noopener\" href=\"https:\/\/es.wikipedia.org\/wiki\/Cartagena_(Espa%C3%B1a)\" target=\"_blank\">of Cartagena.<\/a>He participates with <strong>\"Los expansionistas\",<\/strong> two 8-meter high inflatables, representing the famous monolithic stone&nbsp;<a href=\"https:\/\/es.wikipedia.org\/wiki\/Monolito\">Moai of<\/a>&nbsp;Easter Island,&nbsp;<a href=\"https:\/\/es.wikipedia.org\/wiki\/Isla_de_Pascua\">Isla de Pascua<\/a>located on the facade of the City Hall. At the same time, a complete retrospective of his work is exhibited at the Molina Palace.<\/p>\n\n\n\n<figure class=\"wp-block-image size-large\"><img data-recalc-dims=\"1\" loading=\"lazy\" decoding=\"async\" width=\"640\" height=\"395\" data-attachment-id=\"3611\" data-permalink=\"https:\/\/nadinospina.org\/en\/biografia\/captura-de-pantalla-2022-06-01-a-las-6-38-47-p-m\/\" data-orig-file=\"https:\/\/i0.wp.com\/nadinospina.org\/wp-content\/uploads\/2022\/06\/captura-de-pantalla-2022-06-01-a-las-6.38.47-p.-m..png?fit=1264%2C780&amp;ssl=1\" data-orig-size=\"1264,780\" data-comments-opened=\"1\" data-image-meta=\"{&quot;aperture&quot;:&quot;0&quot;,&quot;credit&quot;:&quot;&quot;,&quot;camera&quot;:&quot;&quot;,&quot;caption&quot;:&quot;&quot;,&quot;created_timestamp&quot;:&quot;0&quot;,&quot;copyright&quot;:&quot;&quot;,&quot;focal_length&quot;:&quot;0&quot;,&quot;iso&quot;:&quot;0&quot;,&quot;shutter_speed&quot;:&quot;0&quot;,&quot;title&quot;:&quot;&quot;,&quot;orientation&quot;:&quot;0&quot;}\" data-image-title=\"captura-de-pantalla-2022-06-01-a-las-6.38.47-p.-m.\" data-image-description=\"\" data-image-caption=\"\" data-large-file=\"https:\/\/i0.wp.com\/nadinospina.org\/wp-content\/uploads\/2022\/06\/captura-de-pantalla-2022-06-01-a-las-6.38.47-p.-m..png?fit=640%2C395&amp;ssl=1\" src=\"https:\/\/i0.wp.com\/nadinospina.org\/wp-content\/uploads\/2022\/06\/captura-de-pantalla-2022-06-01-a-las-6.38.47-p.-m..png?resize=640%2C395&#038;ssl=1\" alt=\"\" class=\"wp-image-3611\"\/><\/figure>\n\n\n\n<p class=\"textojustificado wp-block-paragraph\">A partir del viaje realizado a Inglaterra en 2008 por invitaci\u00f3n del Museo&nbsp;Firsite:&nbsp;Newsite de Colchester surge el proyecto:<strong> \"\u00cdnsulas\"<\/strong>was born, an installation composed of small pieces carved in stone that represent the icons of universal architecture executed in stone, a miniature world, a fantastic encounter that can only occur in the imaginary dimension of art.<\/p>\n\n\n\n<figure class=\"wp-block-image size-large\"><img data-recalc-dims=\"1\" loading=\"lazy\" decoding=\"async\" width=\"640\" height=\"309\" data-attachment-id=\"3612\" data-permalink=\"https:\/\/nadinospina.org\/en\/biografia\/captura-de-pantalla-2022-06-01-a-las-6-39-24-p-m\/\" data-orig-file=\"https:\/\/i0.wp.com\/nadinospina.org\/wp-content\/uploads\/2022\/06\/captura-de-pantalla-2022-06-01-a-las-6.39.24-p.-m..png?fit=1958%2C944&amp;ssl=1\" data-orig-size=\"1958,944\" data-comments-opened=\"1\" data-image-meta=\"{&quot;aperture&quot;:&quot;0&quot;,&quot;credit&quot;:&quot;&quot;,&quot;camera&quot;:&quot;&quot;,&quot;caption&quot;:&quot;&quot;,&quot;created_timestamp&quot;:&quot;0&quot;,&quot;copyright&quot;:&quot;&quot;,&quot;focal_length&quot;:&quot;0&quot;,&quot;iso&quot;:&quot;0&quot;,&quot;shutter_speed&quot;:&quot;0&quot;,&quot;title&quot;:&quot;&quot;,&quot;orientation&quot;:&quot;0&quot;}\" data-image-title=\"captura-de-pantalla-2022-06-01-a-las-6.39.24-p.-m.\" data-image-description=\"\" data-image-caption=\"\" data-large-file=\"https:\/\/i0.wp.com\/nadinospina.org\/wp-content\/uploads\/2022\/06\/captura-de-pantalla-2022-06-01-a-las-6.39.24-p.-m..png?fit=640%2C309&amp;ssl=1\" src=\"https:\/\/i0.wp.com\/nadinospina.org\/wp-content\/uploads\/2022\/06\/captura-de-pantalla-2022-06-01-a-las-6.39.24-p.-m..png?resize=640%2C309&#038;ssl=1\" alt=\"\" class=\"wp-image-3612\"\/><\/figure>\n\n\n\n<p class=\"textojustificado wp-block-paragraph translation-block\">Exhibits the first phase of the project at the Galer\u00eda Nueveochenta and later at the Botanical Garden of Bogota (2014) as part of the exhibition <strong>\"El bosque intervenido\" (The intervened forest) <\/strong> curated by Ana Mar\u00eda Lozano.<\/p>\n\n\n\n<p class=\"wp-block-paragraph\"><strong>2012<\/strong><\/p>\n\n\n\n<figure class=\"wp-block-image size-large\"><img data-recalc-dims=\"1\" loading=\"lazy\" decoding=\"async\" width=\"640\" height=\"418\" data-attachment-id=\"3614\" data-permalink=\"https:\/\/nadinospina.org\/en\/biografia\/captura-de-pantalla-2022-06-01-a-las-6-39-52-p-m\/\" data-orig-file=\"https:\/\/i0.wp.com\/nadinospina.org\/wp-content\/uploads\/2022\/06\/captura-de-pantalla-2022-06-01-a-las-6.39.52-p.-m..png?fit=1924%2C1258&amp;ssl=1\" data-orig-size=\"1924,1258\" data-comments-opened=\"1\" data-image-meta=\"{&quot;aperture&quot;:&quot;0&quot;,&quot;credit&quot;:&quot;&quot;,&quot;camera&quot;:&quot;&quot;,&quot;caption&quot;:&quot;&quot;,&quot;created_timestamp&quot;:&quot;0&quot;,&quot;copyright&quot;:&quot;&quot;,&quot;focal_length&quot;:&quot;0&quot;,&quot;iso&quot;:&quot;0&quot;,&quot;shutter_speed&quot;:&quot;0&quot;,&quot;title&quot;:&quot;&quot;,&quot;orientation&quot;:&quot;0&quot;}\" data-image-title=\"captura-de-pantalla-2022-06-01-a-las-6.39.52-p.-m.\" data-image-description=\"\" data-image-caption=\"\" data-large-file=\"https:\/\/i0.wp.com\/nadinospina.org\/wp-content\/uploads\/2022\/06\/captura-de-pantalla-2022-06-01-a-las-6.39.52-p.-m..png?fit=640%2C418&amp;ssl=1\" src=\"https:\/\/i0.wp.com\/nadinospina.org\/wp-content\/uploads\/2022\/06\/captura-de-pantalla-2022-06-01-a-las-6.39.52-p.-m..png?resize=640%2C418&#038;ssl=1\" alt=\"\" class=\"wp-image-3614\"\/><\/figure>\n\n\n\n<p class=\"textojustificado wp-block-paragraph\">Develops the work<strong> \"Oniria\" <\/strong>(2007-2012) A multimedia work in which he retakes the resource of the installation, various small format pieces that represent architectural elements and characters that come from the world of his dreams, of childhood, of toys. The exhibition is presented at the Museo de Artes Visuales de Universidad Jorge Tadeo Lozano in Bogota.<\/p>\n\n\n\n<figure class=\"wp-block-image size-large\"><img data-recalc-dims=\"1\" loading=\"lazy\" decoding=\"async\" width=\"640\" height=\"396\" data-attachment-id=\"3616\" data-permalink=\"https:\/\/nadinospina.org\/en\/biografia\/captura-de-pantalla-2022-06-01-a-las-6-40-26-p-m\/\" data-orig-file=\"https:\/\/i0.wp.com\/nadinospina.org\/wp-content\/uploads\/2022\/06\/captura-de-pantalla-2022-06-01-a-las-6.40.26-p.-m..png?fit=1962%2C1214&amp;ssl=1\" data-orig-size=\"1962,1214\" data-comments-opened=\"1\" data-image-meta=\"{&quot;aperture&quot;:&quot;0&quot;,&quot;credit&quot;:&quot;&quot;,&quot;camera&quot;:&quot;&quot;,&quot;caption&quot;:&quot;&quot;,&quot;created_timestamp&quot;:&quot;0&quot;,&quot;copyright&quot;:&quot;&quot;,&quot;focal_length&quot;:&quot;0&quot;,&quot;iso&quot;:&quot;0&quot;,&quot;shutter_speed&quot;:&quot;0&quot;,&quot;title&quot;:&quot;&quot;,&quot;orientation&quot;:&quot;0&quot;}\" data-image-title=\"captura-de-pantalla-2022-06-01-a-las-6.40.26-p.-m.\" data-image-description=\"\" data-image-caption=\"\" data-large-file=\"https:\/\/i0.wp.com\/nadinospina.org\/wp-content\/uploads\/2022\/06\/captura-de-pantalla-2022-06-01-a-las-6.40.26-p.-m..png?fit=640%2C396&amp;ssl=1\" src=\"https:\/\/i0.wp.com\/nadinospina.org\/wp-content\/uploads\/2022\/06\/captura-de-pantalla-2022-06-01-a-las-6.40.26-p.-m..png?resize=640%2C396&#038;ssl=1\" alt=\"\" class=\"wp-image-3616\"\/><\/figure>\n\n\n\n<figure class=\"wp-block-image size-large\"><img data-recalc-dims=\"1\" loading=\"lazy\" decoding=\"async\" width=\"640\" height=\"437\" data-attachment-id=\"3617\" data-permalink=\"https:\/\/nadinospina.org\/en\/biografia\/captura-de-pantalla-2022-06-01-a-las-6-40-48-p-m\/\" data-orig-file=\"https:\/\/i0.wp.com\/nadinospina.org\/wp-content\/uploads\/2022\/06\/captura-de-pantalla-2022-06-01-a-las-6.40.48-p.-m..png?fit=1954%2C1334&amp;ssl=1\" data-orig-size=\"1954,1334\" data-comments-opened=\"1\" data-image-meta=\"{&quot;aperture&quot;:&quot;0&quot;,&quot;credit&quot;:&quot;&quot;,&quot;camera&quot;:&quot;&quot;,&quot;caption&quot;:&quot;&quot;,&quot;created_timestamp&quot;:&quot;0&quot;,&quot;copyright&quot;:&quot;&quot;,&quot;focal_length&quot;:&quot;0&quot;,&quot;iso&quot;:&quot;0&quot;,&quot;shutter_speed&quot;:&quot;0&quot;,&quot;title&quot;:&quot;&quot;,&quot;orientation&quot;:&quot;0&quot;}\" data-image-title=\"captura-de-pantalla-2022-06-01-a-las-6.40.48-p.-m.\" data-image-description=\"\" data-image-caption=\"\" data-large-file=\"https:\/\/i0.wp.com\/nadinospina.org\/wp-content\/uploads\/2022\/06\/captura-de-pantalla-2022-06-01-a-las-6.40.48-p.-m..png?fit=640%2C437&amp;ssl=1\" src=\"https:\/\/i0.wp.com\/nadinospina.org\/wp-content\/uploads\/2022\/06\/captura-de-pantalla-2022-06-01-a-las-6.40.48-p.-m..png?resize=640%2C437&#038;ssl=1\" alt=\"\" class=\"wp-image-3617\"\/><\/figure>\n\n\n\n<p class=\"wp-block-paragraph\"><strong>2013<\/strong><\/p>\n\n\n\n<p class=\"textojustificado wp-block-paragraph\"><em>Invited by curator Patrice Giasson to participate in the exhibition <\/em>Patrice Giasson a participar en la muestra <strong><em>&nbsp;Pre-Columbian Remix: The Art of Enrique Chagoya, Demian Flores, Ruben Ortiz-Torres and Nad\u00edn Ospina.<\/em>: The Art of Enrique Chagoya, Demian Flores, Ruben Ortiz-Torres and Nad\u00edn Ospina. <\/strong>En el Neuberger Museum of Art de Nueva York.<\/p>\n\n\n\n<figure class=\"wp-block-image size-large\"><img data-recalc-dims=\"1\" loading=\"lazy\" decoding=\"async\" width=\"640\" height=\"426\" data-attachment-id=\"3618\" data-permalink=\"https:\/\/nadinospina.org\/en\/biografia\/captura-de-pantalla-2022-06-01-a-las-6-41-17-p-m\/\" data-orig-file=\"https:\/\/i0.wp.com\/nadinospina.org\/wp-content\/uploads\/2022\/06\/captura-de-pantalla-2022-06-01-a-las-6.41.17-p.-m..png?fit=1964%2C1306&amp;ssl=1\" data-orig-size=\"1964,1306\" data-comments-opened=\"1\" data-image-meta=\"{&quot;aperture&quot;:&quot;0&quot;,&quot;credit&quot;:&quot;&quot;,&quot;camera&quot;:&quot;&quot;,&quot;caption&quot;:&quot;&quot;,&quot;created_timestamp&quot;:&quot;0&quot;,&quot;copyright&quot;:&quot;&quot;,&quot;focal_length&quot;:&quot;0&quot;,&quot;iso&quot;:&quot;0&quot;,&quot;shutter_speed&quot;:&quot;0&quot;,&quot;title&quot;:&quot;&quot;,&quot;orientation&quot;:&quot;0&quot;}\" data-image-title=\"captura-de-pantalla-2022-06-01-a-las-6.41.17-p.-m.\" data-image-description=\"\" data-image-caption=\"\" data-large-file=\"https:\/\/i0.wp.com\/nadinospina.org\/wp-content\/uploads\/2022\/06\/captura-de-pantalla-2022-06-01-a-las-6.41.17-p.-m..png?fit=640%2C426&amp;ssl=1\" src=\"https:\/\/i0.wp.com\/nadinospina.org\/wp-content\/uploads\/2022\/06\/captura-de-pantalla-2022-06-01-a-las-6.41.17-p.-m..png?resize=640%2C426&#038;ssl=1\" alt=\"\" class=\"wp-image-3618\"\/><\/figure>\n\n\n\n<p class=\"textojustificado wp-block-paragraph translation-block\">In 2013 his work was exhibited in the exhibition <strong>Cantos Cuentos Cuentos Colombianos<\/strong>, which opened the <strong>Casa Daros<\/strong> in Rio de Janeiro, curated by Hans-Michael Herzog.<\/p>\n\n\n\n<figure class=\"wp-block-image size-large\"><img data-recalc-dims=\"1\" loading=\"lazy\" decoding=\"async\" width=\"640\" height=\"331\" data-attachment-id=\"3620\" data-permalink=\"https:\/\/nadinospina.org\/en\/biografia\/captura-de-pantalla-2022-06-01-a-las-6-41-48-p-m\/\" data-orig-file=\"https:\/\/i0.wp.com\/nadinospina.org\/wp-content\/uploads\/2022\/06\/captura-de-pantalla-2022-06-01-a-las-6.41.48-p.-m..png?fit=1964%2C1016&amp;ssl=1\" data-orig-size=\"1964,1016\" data-comments-opened=\"1\" data-image-meta=\"{&quot;aperture&quot;:&quot;0&quot;,&quot;credit&quot;:&quot;&quot;,&quot;camera&quot;:&quot;&quot;,&quot;caption&quot;:&quot;&quot;,&quot;created_timestamp&quot;:&quot;0&quot;,&quot;copyright&quot;:&quot;&quot;,&quot;focal_length&quot;:&quot;0&quot;,&quot;iso&quot;:&quot;0&quot;,&quot;shutter_speed&quot;:&quot;0&quot;,&quot;title&quot;:&quot;&quot;,&quot;orientation&quot;:&quot;0&quot;}\" data-image-title=\"captura-de-pantalla-2022-06-01-a-las-6.41.48-p.-m.\" data-image-description=\"\" data-image-caption=\"\" data-large-file=\"https:\/\/i0.wp.com\/nadinospina.org\/wp-content\/uploads\/2022\/06\/captura-de-pantalla-2022-06-01-a-las-6.41.48-p.-m..png?fit=640%2C331&amp;ssl=1\" src=\"https:\/\/i0.wp.com\/nadinospina.org\/wp-content\/uploads\/2022\/06\/captura-de-pantalla-2022-06-01-a-las-6.41.48-p.-m..png?resize=640%2C331&#038;ssl=1\" alt=\"\" class=\"wp-image-3620\"\/><\/figure>\n\n\n\n<p class=\"textojustificado wp-block-paragraph\">He works on the series<strong> \"Resplandor\",<\/strong>inspired by Renaissance images of travels in the age of discovery, prodigies, wonders and monstrosities. A critique of human cruelty through gilded bronze figures. With the brightness of gold, it highlights the greed and mistreatment that the indigenous people of our America received and receive.<\/p>\n\n\n\n<figure class=\"wp-block-image size-large\"><img data-recalc-dims=\"1\" loading=\"lazy\" decoding=\"async\" width=\"640\" height=\"433\" data-attachment-id=\"3621\" data-permalink=\"https:\/\/nadinospina.org\/en\/biografia\/captura-de-pantalla-2022-06-01-a-las-6-42-20-p-m\/\" data-orig-file=\"https:\/\/i0.wp.com\/nadinospina.org\/wp-content\/uploads\/2022\/06\/captura-de-pantalla-2022-06-01-a-las-6.42.20-p.-m..png?fit=1962%2C1328&amp;ssl=1\" data-orig-size=\"1962,1328\" data-comments-opened=\"1\" data-image-meta=\"{&quot;aperture&quot;:&quot;0&quot;,&quot;credit&quot;:&quot;&quot;,&quot;camera&quot;:&quot;&quot;,&quot;caption&quot;:&quot;&quot;,&quot;created_timestamp&quot;:&quot;0&quot;,&quot;copyright&quot;:&quot;&quot;,&quot;focal_length&quot;:&quot;0&quot;,&quot;iso&quot;:&quot;0&quot;,&quot;shutter_speed&quot;:&quot;0&quot;,&quot;title&quot;:&quot;&quot;,&quot;orientation&quot;:&quot;0&quot;}\" data-image-title=\"captura-de-pantalla-2022-06-01-a-las-6.42.20-p.-m.\" data-image-description=\"\" data-image-caption=\"\" data-large-file=\"https:\/\/i0.wp.com\/nadinospina.org\/wp-content\/uploads\/2022\/06\/captura-de-pantalla-2022-06-01-a-las-6.42.20-p.-m..png?fit=640%2C433&amp;ssl=1\" src=\"https:\/\/i0.wp.com\/nadinospina.org\/wp-content\/uploads\/2022\/06\/captura-de-pantalla-2022-06-01-a-las-6.42.20-p.-m..png?resize=640%2C433&#038;ssl=1\" alt=\"\" class=\"wp-image-3621\"\/><\/figure>\n\n\n\n<p class=\"textojustificado wp-block-paragraph\">In 2013, gallery owner Luis Fernando Pradilla inaugurated the new headquarters of his gallery El Museo de Bogot\u00e1 with the exhibition &nbsp;<strong>\"La Suerte del Color\",<\/strong>an anthological exhibition of the artist that covers the entire space of the gallery.<\/p>\n\n\n\n<figure class=\"wp-block-image size-large\"><img data-recalc-dims=\"1\" loading=\"lazy\" decoding=\"async\" width=\"640\" height=\"893\" data-attachment-id=\"3623\" data-permalink=\"https:\/\/nadinospina.org\/en\/biografia\/captura-de-pantalla-2022-06-01-a-las-6-43-21-p-m\/\" data-orig-file=\"https:\/\/i0.wp.com\/nadinospina.org\/wp-content\/uploads\/2022\/06\/captura-de-pantalla-2022-06-01-a-las-6.43.21-p.-m..png?fit=1342%2C1872&amp;ssl=1\" data-orig-size=\"1342,1872\" data-comments-opened=\"1\" data-image-meta=\"{&quot;aperture&quot;:&quot;0&quot;,&quot;credit&quot;:&quot;&quot;,&quot;camera&quot;:&quot;&quot;,&quot;caption&quot;:&quot;&quot;,&quot;created_timestamp&quot;:&quot;0&quot;,&quot;copyright&quot;:&quot;&quot;,&quot;focal_length&quot;:&quot;0&quot;,&quot;iso&quot;:&quot;0&quot;,&quot;shutter_speed&quot;:&quot;0&quot;,&quot;title&quot;:&quot;&quot;,&quot;orientation&quot;:&quot;0&quot;}\" data-image-title=\"captura-de-pantalla-2022-06-01-a-las-6.43.21-p.-m.\" data-image-description=\"\" data-image-caption=\"\" data-large-file=\"https:\/\/i0.wp.com\/nadinospina.org\/wp-content\/uploads\/2022\/06\/captura-de-pantalla-2022-06-01-a-las-6.43.21-p.-m..png?fit=640%2C893&amp;ssl=1\" src=\"https:\/\/i0.wp.com\/nadinospina.org\/wp-content\/uploads\/2022\/06\/captura-de-pantalla-2022-06-01-a-las-6.43.21-p.-m..png?resize=640%2C893&#038;ssl=1\" alt=\"\" class=\"wp-image-3623\"\/><\/figure>\n\n\n\n<p class=\"wp-block-paragraph\"><strong>2014<\/strong><\/p>\n\n\n\n<p class=\"textojustificado wp-block-paragraph\">In his series <strong>\"Cr\u00edptidos\"<\/strong> (those supernatural or singular beings whose existence is known but not scientifically corroborated, such as dragons, big foot or extraterrestrials) he delves into a world of fantastic images that speak of prodigious beings. Color returns to his work in a vibrant way and full of historical references, revealing the biased vision of the other in today's societies.<\/p>\n\n\n\n<figure class=\"wp-block-image size-large\"><img data-recalc-dims=\"1\" loading=\"lazy\" decoding=\"async\" width=\"640\" height=\"852\" data-attachment-id=\"3624\" data-permalink=\"https:\/\/nadinospina.org\/en\/biografia\/captura-de-pantalla-2022-06-01-a-las-6-43-56-p-m\/\" data-orig-file=\"https:\/\/i0.wp.com\/nadinospina.org\/wp-content\/uploads\/2022\/06\/captura-de-pantalla-2022-06-01-a-las-6.43.56-p.-m..png?fit=1264%2C1682&amp;ssl=1\" data-orig-size=\"1264,1682\" data-comments-opened=\"1\" data-image-meta=\"{&quot;aperture&quot;:&quot;0&quot;,&quot;credit&quot;:&quot;&quot;,&quot;camera&quot;:&quot;&quot;,&quot;caption&quot;:&quot;&quot;,&quot;created_timestamp&quot;:&quot;0&quot;,&quot;copyright&quot;:&quot;&quot;,&quot;focal_length&quot;:&quot;0&quot;,&quot;iso&quot;:&quot;0&quot;,&quot;shutter_speed&quot;:&quot;0&quot;,&quot;title&quot;:&quot;&quot;,&quot;orientation&quot;:&quot;0&quot;}\" data-image-title=\"captura-de-pantalla-2022-06-01-a-las-6.43.56-p.-m.\" data-image-description=\"\" data-image-caption=\"\" data-large-file=\"https:\/\/i0.wp.com\/nadinospina.org\/wp-content\/uploads\/2022\/06\/captura-de-pantalla-2022-06-01-a-las-6.43.56-p.-m..png?fit=640%2C852&amp;ssl=1\" src=\"https:\/\/i0.wp.com\/nadinospina.org\/wp-content\/uploads\/2022\/06\/captura-de-pantalla-2022-06-01-a-las-6.43.56-p.-m..png?resize=640%2C852&#038;ssl=1\" alt=\"\" class=\"wp-image-3624\"\/><\/figure>\n\n\n\n<p class=\"wp-block-paragraph\">Began a relationship with Elvia Mejia in 2014.<\/p>\n\n\n\n<p class=\"wp-block-paragraph\"><strong>2015 &#8211; 2016<\/strong><\/p>\n\n\n\n<p class=\"textojustificado wp-block-paragraph\">Participates in the <strong>Primera Bienal Internacional de Asunci\u00f3n,<\/strong>Paraguay. Curated by Roice Smith. The works are exhibited in various spaces not necessarily artistic of the city, Nad\u00edn and Roice choose for the <strong>\"bodybuilders\"<\/strong> a gym.<\/p>\n\n\n\n<figure class=\"wp-block-image size-large\"><img data-recalc-dims=\"1\" loading=\"lazy\" decoding=\"async\" width=\"640\" height=\"465\" data-attachment-id=\"3625\" data-permalink=\"https:\/\/nadinospina.org\/en\/biografia\/captura-de-pantalla-2022-06-01-a-las-6-44-34-p-m\/\" data-orig-file=\"https:\/\/i0.wp.com\/nadinospina.org\/wp-content\/uploads\/2022\/06\/captura-de-pantalla-2022-06-01-a-las-6.44.34-p.-m..png?fit=1750%2C1272&amp;ssl=1\" data-orig-size=\"1750,1272\" data-comments-opened=\"1\" data-image-meta=\"{&quot;aperture&quot;:&quot;0&quot;,&quot;credit&quot;:&quot;&quot;,&quot;camera&quot;:&quot;&quot;,&quot;caption&quot;:&quot;&quot;,&quot;created_timestamp&quot;:&quot;0&quot;,&quot;copyright&quot;:&quot;&quot;,&quot;focal_length&quot;:&quot;0&quot;,&quot;iso&quot;:&quot;0&quot;,&quot;shutter_speed&quot;:&quot;0&quot;,&quot;title&quot;:&quot;&quot;,&quot;orientation&quot;:&quot;0&quot;}\" data-image-title=\"captura-de-pantalla-2022-06-01-a-las-6.44.34-p.-m.\" data-image-description=\"\" data-image-caption=\"\" data-large-file=\"https:\/\/i0.wp.com\/nadinospina.org\/wp-content\/uploads\/2022\/06\/captura-de-pantalla-2022-06-01-a-las-6.44.34-p.-m..png?fit=640%2C465&amp;ssl=1\" src=\"https:\/\/i0.wp.com\/nadinospina.org\/wp-content\/uploads\/2022\/06\/captura-de-pantalla-2022-06-01-a-las-6.44.34-p.-m..png?resize=640%2C465&#038;ssl=1\" alt=\"\" class=\"wp-image-3625\"\/><\/figure>\n\n\n\n<p class=\"textojustificado wp-block-paragraph\">At the same time, Nad\u00edn is invited by curator L\u00eda Colombino to intervene in the showcases of the <strong>Museo del Barro,<\/strong>a museum in Asunci\u00f3n dedicated to ethnology and contemporary Latin American art. The work&nbsp; <strong>\"Fisiculturistas\"<\/strong> &nbsp;entra a formar parte de la colecci\u00f3n permanente &nbsp;del&nbsp; Museo.<\/p>\n\n\n\n<figure class=\"wp-block-image size-large\"><img data-recalc-dims=\"1\" loading=\"lazy\" decoding=\"async\" width=\"640\" height=\"568\" data-attachment-id=\"3627\" data-permalink=\"https:\/\/nadinospina.org\/en\/biografia\/captura-de-pantalla-2022-06-01-a-las-6-45-03-p-m\/\" data-orig-file=\"https:\/\/i0.wp.com\/nadinospina.org\/wp-content\/uploads\/2022\/06\/captura-de-pantalla-2022-06-01-a-las-6.45.03-p.-m..png?fit=1748%2C1550&amp;ssl=1\" data-orig-size=\"1748,1550\" data-comments-opened=\"1\" data-image-meta=\"{&quot;aperture&quot;:&quot;0&quot;,&quot;credit&quot;:&quot;&quot;,&quot;camera&quot;:&quot;&quot;,&quot;caption&quot;:&quot;&quot;,&quot;created_timestamp&quot;:&quot;0&quot;,&quot;copyright&quot;:&quot;&quot;,&quot;focal_length&quot;:&quot;0&quot;,&quot;iso&quot;:&quot;0&quot;,&quot;shutter_speed&quot;:&quot;0&quot;,&quot;title&quot;:&quot;&quot;,&quot;orientation&quot;:&quot;0&quot;}\" data-image-title=\"captura-de-pantalla-2022-06-01-a-las-6.45.03-p.-m.\" data-image-description=\"\" data-image-caption=\"\" data-large-file=\"https:\/\/i0.wp.com\/nadinospina.org\/wp-content\/uploads\/2022\/06\/captura-de-pantalla-2022-06-01-a-las-6.45.03-p.-m..png?fit=640%2C568&amp;ssl=1\" src=\"https:\/\/i0.wp.com\/nadinospina.org\/wp-content\/uploads\/2022\/06\/captura-de-pantalla-2022-06-01-a-las-6.45.03-p.-m..png?resize=640%2C568&#038;ssl=1\" alt=\"\" class=\"wp-image-3627\"\/><\/figure>\n\n\n\n<p class=\"textojustificado wp-block-paragraph\">He works on the series <strong>\"Otros mundos\" (Other Worlds),<\/strong> a work inspired by the retro futuristic kitsch images of American cinema and television, in a clear reference to the world of fantasy literature and speculation about the existence of alien societies and their interaction with humanity. Pre-Columbian references reappear in allusion to the popular belief of extraterrestrial intervention in ancient societies. Colorful pieces with a strong pop character.<\/p>\n\n\n\n<figure class=\"wp-block-image size-large\"><img data-recalc-dims=\"1\" loading=\"lazy\" decoding=\"async\" width=\"640\" height=\"1008\" data-attachment-id=\"3628\" data-permalink=\"https:\/\/nadinospina.org\/en\/biografia\/captura-de-pantalla-2022-06-01-a-las-6-45-38-p-m\/\" data-orig-file=\"https:\/\/i0.wp.com\/nadinospina.org\/wp-content\/uploads\/2022\/06\/captura-de-pantalla-2022-06-01-a-las-6.45.38-p.-m..png?fit=1210%2C1906&amp;ssl=1\" data-orig-size=\"1210,1906\" data-comments-opened=\"1\" data-image-meta=\"{&quot;aperture&quot;:&quot;0&quot;,&quot;credit&quot;:&quot;&quot;,&quot;camera&quot;:&quot;&quot;,&quot;caption&quot;:&quot;&quot;,&quot;created_timestamp&quot;:&quot;0&quot;,&quot;copyright&quot;:&quot;&quot;,&quot;focal_length&quot;:&quot;0&quot;,&quot;iso&quot;:&quot;0&quot;,&quot;shutter_speed&quot;:&quot;0&quot;,&quot;title&quot;:&quot;&quot;,&quot;orientation&quot;:&quot;0&quot;}\" data-image-title=\"captura-de-pantalla-2022-06-01-a-las-6.45.38-p.-m.\" data-image-description=\"\" data-image-caption=\"\" data-large-file=\"https:\/\/i0.wp.com\/nadinospina.org\/wp-content\/uploads\/2022\/06\/captura-de-pantalla-2022-06-01-a-las-6.45.38-p.-m..png?fit=640%2C1008&amp;ssl=1\" src=\"https:\/\/i0.wp.com\/nadinospina.org\/wp-content\/uploads\/2022\/06\/captura-de-pantalla-2022-06-01-a-las-6.45.38-p.-m..png?resize=640%2C1008&#038;ssl=1\" alt=\"\" class=\"wp-image-3628\"\/><\/figure>\n\n\n\n<p class=\"wp-block-paragraph\">Creates the large format mural, <strong>\"Del<\/strong> <strong>Otro Mundo\" (De Otro Mundo)<\/strong> en el edificio Col\u00f3n del centro de Bogot\u00e1.<\/p>\n\n\n\n<figure class=\"wp-block-image size-large\"><img data-recalc-dims=\"1\" loading=\"lazy\" decoding=\"async\" width=\"640\" height=\"426\" data-attachment-id=\"3630\" data-permalink=\"https:\/\/nadinospina.org\/en\/biografia\/captura-de-pantalla-2022-06-01-a-las-6-46-07-p-m\/\" data-orig-file=\"https:\/\/i0.wp.com\/nadinospina.org\/wp-content\/uploads\/2022\/06\/captura-de-pantalla-2022-06-01-a-las-6.46.07-p.-m..png?fit=1858%2C1238&amp;ssl=1\" data-orig-size=\"1858,1238\" data-comments-opened=\"1\" data-image-meta=\"{&quot;aperture&quot;:&quot;0&quot;,&quot;credit&quot;:&quot;&quot;,&quot;camera&quot;:&quot;&quot;,&quot;caption&quot;:&quot;&quot;,&quot;created_timestamp&quot;:&quot;0&quot;,&quot;copyright&quot;:&quot;&quot;,&quot;focal_length&quot;:&quot;0&quot;,&quot;iso&quot;:&quot;0&quot;,&quot;shutter_speed&quot;:&quot;0&quot;,&quot;title&quot;:&quot;&quot;,&quot;orientation&quot;:&quot;0&quot;}\" data-image-title=\"captura-de-pantalla-2022-06-01-a-las-6.46.07-p.-m.\" data-image-description=\"\" data-image-caption=\"\" data-large-file=\"https:\/\/i0.wp.com\/nadinospina.org\/wp-content\/uploads\/2022\/06\/captura-de-pantalla-2022-06-01-a-las-6.46.07-p.-m..png?fit=640%2C426&amp;ssl=1\" src=\"https:\/\/i0.wp.com\/nadinospina.org\/wp-content\/uploads\/2022\/06\/captura-de-pantalla-2022-06-01-a-las-6.46.07-p.-m..png?resize=640%2C426&#038;ssl=1\" alt=\"\" class=\"wp-image-3630\"\/><\/figure>\n\n\n\n<p class=\"textojustificado wp-block-paragraph translation-block\">The Banco de la Republica Collection announces the acquisition for the permanent collection of the works <strong>\"Idolo con Mu\u00f1eca y Cincel\" (Idol with Wrist and Chisel)<\/strong> and <strong>\"Casa de X\u00f3lotl\" (The House of X\u00f3lot).<\/strong><\/p>\n\n\n\n<p class=\"wp-block-paragraph\"><strong>2017<\/strong><\/p>\n\n\n\n<figure class=\"wp-block-image size-large\"><img data-recalc-dims=\"1\" loading=\"lazy\" decoding=\"async\" width=\"640\" height=\"368\" data-attachment-id=\"3631\" data-permalink=\"https:\/\/nadinospina.org\/en\/biografia\/captura-de-pantalla-2022-06-01-a-las-6-46-37-p-m\/\" data-orig-file=\"https:\/\/i0.wp.com\/nadinospina.org\/wp-content\/uploads\/2022\/06\/captura-de-pantalla-2022-06-01-a-las-6.46.37-p.-m..png?fit=1868%2C1074&amp;ssl=1\" data-orig-size=\"1868,1074\" data-comments-opened=\"1\" data-image-meta=\"{&quot;aperture&quot;:&quot;0&quot;,&quot;credit&quot;:&quot;&quot;,&quot;camera&quot;:&quot;&quot;,&quot;caption&quot;:&quot;&quot;,&quot;created_timestamp&quot;:&quot;0&quot;,&quot;copyright&quot;:&quot;&quot;,&quot;focal_length&quot;:&quot;0&quot;,&quot;iso&quot;:&quot;0&quot;,&quot;shutter_speed&quot;:&quot;0&quot;,&quot;title&quot;:&quot;&quot;,&quot;orientation&quot;:&quot;0&quot;}\" data-image-title=\"captura-de-pantalla-2022-06-01-a-las-6.46.37-p.-m.\" data-image-description=\"\" data-image-caption=\"\" data-large-file=\"https:\/\/i0.wp.com\/nadinospina.org\/wp-content\/uploads\/2022\/06\/captura-de-pantalla-2022-06-01-a-las-6.46.37-p.-m..png?fit=640%2C368&amp;ssl=1\" src=\"https:\/\/i0.wp.com\/nadinospina.org\/wp-content\/uploads\/2022\/06\/captura-de-pantalla-2022-06-01-a-las-6.46.37-p.-m..png?resize=640%2C368&#038;ssl=1\" alt=\"\" class=\"wp-image-3631\"\/><\/figure>\n\n\n\n<p class=\"textojustificado wp-block-paragraph translation-block\">He works on the series <strong>\"Mutaciones\" (Mutations)<\/strong> in which the world of dreams and magic are intertwined in an approach to the poetics of esotericism.<\/p>\n\n\n\n<p class=\"wp-block-paragraph\"><strong>2018-2019<\/strong><\/p>\n\n\n\n<figure class=\"wp-block-image size-large\"><img data-recalc-dims=\"1\" loading=\"lazy\" decoding=\"async\" width=\"640\" height=\"531\" data-attachment-id=\"3633\" data-permalink=\"https:\/\/nadinospina.org\/en\/biografia\/captura-de-pantalla-2022-06-01-a-las-6-47-11-p-m\/\" data-orig-file=\"https:\/\/i0.wp.com\/nadinospina.org\/wp-content\/uploads\/2022\/06\/captura-de-pantalla-2022-06-01-a-las-6.47.11-p.-m..png?fit=1872%2C1552&amp;ssl=1\" data-orig-size=\"1872,1552\" data-comments-opened=\"1\" data-image-meta=\"{&quot;aperture&quot;:&quot;0&quot;,&quot;credit&quot;:&quot;&quot;,&quot;camera&quot;:&quot;&quot;,&quot;caption&quot;:&quot;&quot;,&quot;created_timestamp&quot;:&quot;0&quot;,&quot;copyright&quot;:&quot;&quot;,&quot;focal_length&quot;:&quot;0&quot;,&quot;iso&quot;:&quot;0&quot;,&quot;shutter_speed&quot;:&quot;0&quot;,&quot;title&quot;:&quot;&quot;,&quot;orientation&quot;:&quot;0&quot;}\" data-image-title=\"captura-de-pantalla-2022-06-01-a-las-6.47.11-p.-m.\" data-image-description=\"\" data-image-caption=\"\" data-large-file=\"https:\/\/i0.wp.com\/nadinospina.org\/wp-content\/uploads\/2022\/06\/captura-de-pantalla-2022-06-01-a-las-6.47.11-p.-m..png?fit=640%2C531&amp;ssl=1\" src=\"https:\/\/i0.wp.com\/nadinospina.org\/wp-content\/uploads\/2022\/06\/captura-de-pantalla-2022-06-01-a-las-6.47.11-p.-m..png?resize=640%2C531&#038;ssl=1\" alt=\"\" class=\"wp-image-3633\"\/><\/figure>\n\n\n\n<p class=\"textojustificado wp-block-paragraph translation-block\">In a change of attitude towards life circumstances and the art world, he reduces his artistic operation to the production of simple and poetic elements that materialize in the series <strong>\"La Preponderancia de lo Peque\u00f1o\" (The preponderance of the small)<\/strong> in which he presents a subtle connection with the natural universe representing birds of the Colombian region and retaking in a pictorial exercise the images of the Botanical Expedition.<\/p>\n\n\n\n<p class=\"wp-block-paragraph\"><strong>2020- 2021<\/strong><\/p>\n\n\n\n<figure class=\"wp-block-image size-large\"><img data-recalc-dims=\"1\" loading=\"lazy\" decoding=\"async\" width=\"640\" height=\"368\" data-attachment-id=\"3634\" data-permalink=\"https:\/\/nadinospina.org\/en\/biografia\/captura-de-pantalla-2022-06-01-a-las-6-47-39-p-m\/\" data-orig-file=\"https:\/\/i0.wp.com\/nadinospina.org\/wp-content\/uploads\/2022\/06\/captura-de-pantalla-2022-06-01-a-las-6.47.39-p.-m..png?fit=1868%2C1074&amp;ssl=1\" data-orig-size=\"1868,1074\" data-comments-opened=\"1\" data-image-meta=\"{&quot;aperture&quot;:&quot;0&quot;,&quot;credit&quot;:&quot;&quot;,&quot;camera&quot;:&quot;&quot;,&quot;caption&quot;:&quot;&quot;,&quot;created_timestamp&quot;:&quot;0&quot;,&quot;copyright&quot;:&quot;&quot;,&quot;focal_length&quot;:&quot;0&quot;,&quot;iso&quot;:&quot;0&quot;,&quot;shutter_speed&quot;:&quot;0&quot;,&quot;title&quot;:&quot;&quot;,&quot;orientation&quot;:&quot;0&quot;}\" data-image-title=\"captura-de-pantalla-2022-06-01-a-las-6.47.39-p.-m.\" data-image-description=\"\" data-image-caption=\"\" data-large-file=\"https:\/\/i0.wp.com\/nadinospina.org\/wp-content\/uploads\/2022\/06\/captura-de-pantalla-2022-06-01-a-las-6.47.39-p.-m..png?fit=640%2C368&amp;ssl=1\" src=\"https:\/\/i0.wp.com\/nadinospina.org\/wp-content\/uploads\/2022\/06\/captura-de-pantalla-2022-06-01-a-las-6.47.39-p.-m..png?resize=640%2C368&#038;ssl=1\" alt=\"\" class=\"wp-image-3634\"\/><\/figure>\n\n\n\n<p class=\"textojustificado wp-block-paragraph translation-block\">At the invitation of the Spanish curator Isabel Duran he develops the exhibition project <strong>\"Yo soy otro T\u00fa\" (I'm an other you)<\/strong>, which will be shown at the Museo de Antropolog\u00eda in Madrid in February 2020. The exhibition deals with issues related to intercultural encounters and the problems of today's world through references to the world of pop culture and pre-Columbian art.<\/p>\n\n\n\n<p class=\"wp-block-paragraph\"><a href=\"https:\/\/nadinospina.org\/en\/exposicion-yo-soy-otro-tu\/\">P\u00e1gina de la exposici\u00f3n.<\/a><\/p>\n\n\n\n<figure class=\"wp-block-image size-large\"><img data-recalc-dims=\"1\" loading=\"lazy\" decoding=\"async\" width=\"640\" height=\"393\" data-attachment-id=\"3636\" data-permalink=\"https:\/\/nadinospina.org\/en\/biografia\/captura-de-pantalla-2022-06-01-a-las-6-48-06-p-m\/\" data-orig-file=\"https:\/\/i0.wp.com\/nadinospina.org\/wp-content\/uploads\/2022\/06\/captura-de-pantalla-2022-06-01-a-las-6.48.06-p.-m..png?fit=1868%2C1148&amp;ssl=1\" data-orig-size=\"1868,1148\" data-comments-opened=\"1\" data-image-meta=\"{&quot;aperture&quot;:&quot;0&quot;,&quot;credit&quot;:&quot;&quot;,&quot;camera&quot;:&quot;&quot;,&quot;caption&quot;:&quot;&quot;,&quot;created_timestamp&quot;:&quot;0&quot;,&quot;copyright&quot;:&quot;&quot;,&quot;focal_length&quot;:&quot;0&quot;,&quot;iso&quot;:&quot;0&quot;,&quot;shutter_speed&quot;:&quot;0&quot;,&quot;title&quot;:&quot;&quot;,&quot;orientation&quot;:&quot;0&quot;}\" data-image-title=\"captura-de-pantalla-2022-06-01-a-las-6.48.06-p.-m.\" data-image-description=\"\" data-image-caption=\"\" data-large-file=\"https:\/\/i0.wp.com\/nadinospina.org\/wp-content\/uploads\/2022\/06\/captura-de-pantalla-2022-06-01-a-las-6.48.06-p.-m..png?fit=640%2C393&amp;ssl=1\" src=\"https:\/\/i0.wp.com\/nadinospina.org\/wp-content\/uploads\/2022\/06\/captura-de-pantalla-2022-06-01-a-las-6.48.06-p.-m..png?resize=640%2C393&#038;ssl=1\" alt=\"\" class=\"wp-image-3636\"\/><\/figure>\n\n\n\n<p class=\"textojustificado wp-block-paragraph translation-block\">Selected as a finalist of the Mutis Salon of the University of Antioquia with his work <strong> \"La preponderancia de lo peque\u00f1o\" (The preponderance of the small)<\/strong>, which is exhibited as a multimedia montage at the MUUA. University Museum of the University of Antioquia.<\/p>\n\n\n\n<p class=\"wp-block-paragraph\"><a href=\"https:\/\/nadinospina.org\/en\/la-preponderancia-de-lo-pequeno\/\">P\u00e1gina de la exposici\u00f3n<\/a><\/p>\n\n\n\n<figure class=\"wp-block-image size-large\"><img data-recalc-dims=\"1\" loading=\"lazy\" decoding=\"async\" width=\"640\" height=\"425\" data-attachment-id=\"3637\" data-permalink=\"https:\/\/nadinospina.org\/en\/biografia\/captura-de-pantalla-2022-06-01-a-las-6-48-39-p-m\/\" data-orig-file=\"https:\/\/i0.wp.com\/nadinospina.org\/wp-content\/uploads\/2022\/06\/captura-de-pantalla-2022-06-01-a-las-6.48.39-p.-m..png?fit=1938%2C1288&amp;ssl=1\" data-orig-size=\"1938,1288\" data-comments-opened=\"1\" data-image-meta=\"{&quot;aperture&quot;:&quot;0&quot;,&quot;credit&quot;:&quot;&quot;,&quot;camera&quot;:&quot;&quot;,&quot;caption&quot;:&quot;&quot;,&quot;created_timestamp&quot;:&quot;0&quot;,&quot;copyright&quot;:&quot;&quot;,&quot;focal_length&quot;:&quot;0&quot;,&quot;iso&quot;:&quot;0&quot;,&quot;shutter_speed&quot;:&quot;0&quot;,&quot;title&quot;:&quot;&quot;,&quot;orientation&quot;:&quot;0&quot;}\" data-image-title=\"captura-de-pantalla-2022-06-01-a-las-6.48.39-p.-m.\" data-image-description=\"\" data-image-caption=\"\" data-large-file=\"https:\/\/i0.wp.com\/nadinospina.org\/wp-content\/uploads\/2022\/06\/captura-de-pantalla-2022-06-01-a-las-6.48.39-p.-m..png?fit=640%2C425&amp;ssl=1\" src=\"https:\/\/i0.wp.com\/nadinospina.org\/wp-content\/uploads\/2022\/06\/captura-de-pantalla-2022-06-01-a-las-6.48.39-p.-m..png?resize=640%2C425&#038;ssl=1\" alt=\"\" class=\"wp-image-3637\"\/><\/figure>\n\n\n\n<p class=\"textojustificado wp-block-paragraph translation-block\">Nad\u00edn Ospina. September 2021 with the screening of the play <strong>\"La preponderancia de lo peque\u00f1o\"  (The preponderance of the small)<\/strong>.<\/p>\n\n\n\n<figure class=\"wp-block-image size-large\"><img data-recalc-dims=\"1\" loading=\"lazy\" decoding=\"async\" width=\"640\" height=\"408\" data-attachment-id=\"3639\" data-permalink=\"https:\/\/nadinospina.org\/en\/biografia\/captura-de-pantalla-2022-06-01-a-las-6-49-06-p-m\/\" data-orig-file=\"https:\/\/i0.wp.com\/nadinospina.org\/wp-content\/uploads\/2022\/06\/captura-de-pantalla-2022-06-01-a-las-6.49.06-p.-m..png?fit=1866%2C1190&amp;ssl=1\" data-orig-size=\"1866,1190\" data-comments-opened=\"1\" data-image-meta=\"{&quot;aperture&quot;:&quot;0&quot;,&quot;credit&quot;:&quot;&quot;,&quot;camera&quot;:&quot;&quot;,&quot;caption&quot;:&quot;&quot;,&quot;created_timestamp&quot;:&quot;0&quot;,&quot;copyright&quot;:&quot;&quot;,&quot;focal_length&quot;:&quot;0&quot;,&quot;iso&quot;:&quot;0&quot;,&quot;shutter_speed&quot;:&quot;0&quot;,&quot;title&quot;:&quot;&quot;,&quot;orientation&quot;:&quot;0&quot;}\" data-image-title=\"captura-de-pantalla-2022-06-01-a-las-6.49.06-p.-m.\" data-image-description=\"\" data-image-caption=\"\" data-large-file=\"https:\/\/i0.wp.com\/nadinospina.org\/wp-content\/uploads\/2022\/06\/captura-de-pantalla-2022-06-01-a-las-6.49.06-p.-m..png?fit=640%2C408&amp;ssl=1\" src=\"https:\/\/i0.wp.com\/nadinospina.org\/wp-content\/uploads\/2022\/06\/captura-de-pantalla-2022-06-01-a-las-6.49.06-p.-m..png?resize=640%2C408&#038;ssl=1\" alt=\"\" class=\"wp-image-3639\"\/><\/figure>\n\n\n\n<p class=\"textojustificado wp-block-paragraph translation-block\">In 2021 he begins the series <strong>\"La manera de todas las cosas\" (The way of all things)<\/strong>, a poetic reflection on the relationship of humanity with the beings and elements of nature, summoning images of unusual events of the pandemic period in which the presence of animals in the uninhabited urban environments generated disturbing appearances. Likewise, this work is a remembrance of the surrealist aspect of the nativity scenes in which disparate elements are combined in a playful and absurd manner, outside of any realistic context, intermingling dissimilar times and motifs.<\/p>\n\n\n\n<figure class=\"wp-block-image size-large\"><img data-recalc-dims=\"1\" loading=\"lazy\" decoding=\"async\" width=\"640\" height=\"1015\" data-attachment-id=\"3641\" data-permalink=\"https:\/\/nadinospina.org\/en\/biografia\/captura-de-pantalla-2022-06-01-a-las-6-49-56-p-m\/\" data-orig-file=\"https:\/\/i0.wp.com\/nadinospina.org\/wp-content\/uploads\/2022\/06\/captura-de-pantalla-2022-06-01-a-las-6.49.56-p.-m..png?fit=806%2C1278&amp;ssl=1\" data-orig-size=\"806,1278\" data-comments-opened=\"1\" data-image-meta=\"{&quot;aperture&quot;:&quot;0&quot;,&quot;credit&quot;:&quot;&quot;,&quot;camera&quot;:&quot;&quot;,&quot;caption&quot;:&quot;&quot;,&quot;created_timestamp&quot;:&quot;0&quot;,&quot;copyright&quot;:&quot;&quot;,&quot;focal_length&quot;:&quot;0&quot;,&quot;iso&quot;:&quot;0&quot;,&quot;shutter_speed&quot;:&quot;0&quot;,&quot;title&quot;:&quot;&quot;,&quot;orientation&quot;:&quot;0&quot;}\" data-image-title=\"captura-de-pantalla-2022-06-01-a-las-6.49.56-p.-m.\" data-image-description=\"\" data-image-caption=\"\" data-large-file=\"https:\/\/i0.wp.com\/nadinospina.org\/wp-content\/uploads\/2022\/06\/captura-de-pantalla-2022-06-01-a-las-6.49.56-p.-m..png?fit=640%2C1015&amp;ssl=1\" src=\"https:\/\/i0.wp.com\/nadinospina.org\/wp-content\/uploads\/2022\/06\/captura-de-pantalla-2022-06-01-a-las-6.49.56-p.-m..png?resize=640%2C1015&#038;ssl=1\" alt=\"\" class=\"wp-image-3641\"\/><\/figure>\n\n\n\n<figure class=\"wp-block-image size-large\"><a href=\"https:\/\/nadinospina.org\/en\/lapresistenciadeldeseo\/\"><img data-recalc-dims=\"1\" loading=\"lazy\" decoding=\"async\" width=\"640\" height=\"423\" data-attachment-id=\"6945\" data-permalink=\"https:\/\/nadinospina.org\/en\/la-persistencia-del-deseo\/lobos-azules-torre-de-babel-amarilla\/\" data-orig-file=\"https:\/\/i0.wp.com\/nadinospina.org\/wp-content\/uploads\/2023\/06\/LObos-azules-Torre-de-babel-amarilla.png?fit=1769%2C1170&amp;ssl=1\" data-orig-size=\"1769,1170\" data-comments-opened=\"1\" data-image-meta=\"{&quot;aperture&quot;:&quot;0&quot;,&quot;credit&quot;:&quot;&quot;,&quot;camera&quot;:&quot;&quot;,&quot;caption&quot;:&quot;&quot;,&quot;created_timestamp&quot;:&quot;0&quot;,&quot;copyright&quot;:&quot;&quot;,&quot;focal_length&quot;:&quot;0&quot;,&quot;iso&quot;:&quot;0&quot;,&quot;shutter_speed&quot;:&quot;0&quot;,&quot;title&quot;:&quot;&quot;,&quot;orientation&quot;:&quot;0&quot;}\" data-image-title=\"LObos azules &amp;#8211; Torre de babel amarilla\" data-image-description=\"\" data-image-caption=\"&lt;p&gt;LOBOS \u2013 TORRE&lt;\/p&gt;\" data-large-file=\"https:\/\/i0.wp.com\/nadinospina.org\/wp-content\/uploads\/2023\/06\/LObos-azules-Torre-de-babel-amarilla.png?fit=640%2C423&amp;ssl=1\" src=\"https:\/\/i0.wp.com\/nadinospina.org\/wp-content\/uploads\/2023\/06\/LObos-azules-Torre-de-babel-amarilla.png?resize=640%2C423&#038;ssl=1\" alt=\"\" class=\"wp-image-6945\" srcset=\"https:\/\/i0.wp.com\/nadinospina.org\/wp-content\/uploads\/2023\/06\/LObos-azules-Torre-de-babel-amarilla.png?resize=1024%2C677&amp;ssl=1 1024w, https:\/\/i0.wp.com\/nadinospina.org\/wp-content\/uploads\/2023\/06\/LObos-azules-Torre-de-babel-amarilla.png?resize=300%2C198&amp;ssl=1 300w, https:\/\/i0.wp.com\/nadinospina.org\/wp-content\/uploads\/2023\/06\/LObos-azules-Torre-de-babel-amarilla.png?resize=768%2C508&amp;ssl=1 768w, https:\/\/i0.wp.com\/nadinospina.org\/wp-content\/uploads\/2023\/06\/LObos-azules-Torre-de-babel-amarilla.png?resize=1536%2C1016&amp;ssl=1 1536w, https:\/\/i0.wp.com\/nadinospina.org\/wp-content\/uploads\/2023\/06\/LObos-azules-Torre-de-babel-amarilla.png?resize=18%2C12&amp;ssl=1 18w, https:\/\/i0.wp.com\/nadinospina.org\/wp-content\/uploads\/2023\/06\/LObos-azules-Torre-de-babel-amarilla.png?resize=1200%2C794&amp;ssl=1 1200w, https:\/\/i0.wp.com\/nadinospina.org\/wp-content\/uploads\/2023\/06\/LObos-azules-Torre-de-babel-amarilla.png?resize=1280%2C847&amp;ssl=1 1280w, https:\/\/i0.wp.com\/nadinospina.org\/wp-content\/uploads\/2023\/06\/LObos-azules-Torre-de-babel-amarilla.png?w=1769&amp;ssl=1 1769w\" sizes=\"(max-width: 640px) 100vw, 640px\" \/><\/a><\/figure>\n\n\n\n<p class=\"wp-block-paragraph\">En 2022 comienza a trabajar la serie <a href=\"https:\/\/nadinospina.org\/en\/lapresistenciadeldeseo\/\"><em>The persistence of desire<\/em> <\/a>conjunto de esculturas e instalaciones coloridas ejecutadas en impresi\u00f3n 3D a partir de archivos de libre disposici\u00f3n, llevando la pr\u00e1ctica de la apropiaci\u00f3n a un nuevo nivel.<\/p>\n\n\n\n<p class=\"textojustificado wp-block-paragraph\">Instalaciones compuestas por piezas permutables que contin\u00faan hablando del encuentro y la confrontaci\u00f3n surreal de los seres de la naturaleza con estructuras arquitect\u00f3nicas, tecnol\u00f3gicas y museales, s\u00edmbolo de la modernidad y la supuesta preeminencia humana.<\/p>\n\n\n\n<figure class=\"wp-block-image size-large\"><img data-recalc-dims=\"1\" loading=\"lazy\" decoding=\"async\" width=\"640\" height=\"349\" data-attachment-id=\"6953\" data-permalink=\"https:\/\/nadinospina.org\/en\/la-persistencia-del-deseo\/lobo-elefante\/\" data-orig-file=\"https:\/\/i0.wp.com\/nadinospina.org\/wp-content\/uploads\/2023\/06\/Lobo-elefante.png?fit=2550%2C1392&amp;ssl=1\" data-orig-size=\"2550,1392\" data-comments-opened=\"1\" data-image-meta=\"{&quot;aperture&quot;:&quot;0&quot;,&quot;credit&quot;:&quot;&quot;,&quot;camera&quot;:&quot;&quot;,&quot;caption&quot;:&quot;&quot;,&quot;created_timestamp&quot;:&quot;0&quot;,&quot;copyright&quot;:&quot;&quot;,&quot;focal_length&quot;:&quot;0&quot;,&quot;iso&quot;:&quot;0&quot;,&quot;shutter_speed&quot;:&quot;0&quot;,&quot;title&quot;:&quot;&quot;,&quot;orientation&quot;:&quot;0&quot;}\" data-image-title=\"Lobo elefante\" data-image-description=\"\" data-image-caption=\"\" data-large-file=\"https:\/\/i0.wp.com\/nadinospina.org\/wp-content\/uploads\/2023\/06\/Lobo-elefante.png?fit=640%2C349&amp;ssl=1\" src=\"https:\/\/i0.wp.com\/nadinospina.org\/wp-content\/uploads\/2023\/06\/Lobo-elefante-1024x559.png?resize=640%2C349&#038;ssl=1\" alt=\"\" class=\"wp-image-6953\" srcset=\"https:\/\/i0.wp.com\/nadinospina.org\/wp-content\/uploads\/2023\/06\/Lobo-elefante.png?resize=1024%2C559&amp;ssl=1 1024w, https:\/\/i0.wp.com\/nadinospina.org\/wp-content\/uploads\/2023\/06\/Lobo-elefante.png?resize=300%2C164&amp;ssl=1 300w, https:\/\/i0.wp.com\/nadinospina.org\/wp-content\/uploads\/2023\/06\/Lobo-elefante.png?resize=768%2C419&amp;ssl=1 768w, https:\/\/i0.wp.com\/nadinospina.org\/wp-content\/uploads\/2023\/06\/Lobo-elefante.png?resize=1536%2C838&amp;ssl=1 1536w, https:\/\/i0.wp.com\/nadinospina.org\/wp-content\/uploads\/2023\/06\/Lobo-elefante.png?resize=2048%2C1118&amp;ssl=1 2048w, https:\/\/i0.wp.com\/nadinospina.org\/wp-content\/uploads\/2023\/06\/Lobo-elefante.png?resize=18%2C10&amp;ssl=1 18w, https:\/\/i0.wp.com\/nadinospina.org\/wp-content\/uploads\/2023\/06\/Lobo-elefante.png?resize=1200%2C655&amp;ssl=1 1200w, https:\/\/i0.wp.com\/nadinospina.org\/wp-content\/uploads\/2023\/06\/Lobo-elefante.png?resize=1280%2C699&amp;ssl=1 1280w, https:\/\/i0.wp.com\/nadinospina.org\/wp-content\/uploads\/2023\/06\/Lobo-elefante.png?w=1920&amp;ssl=1 1920w\" sizes=\"(max-width: 640px) 100vw, 640px\" \/><\/figure>\n\n\n\n<p class=\"textojustificado wp-block-paragraph\">En colaboraci\u00f3n con el dise\u00f1ador rumano \u2013 italiano Adrian Lovin desarrolla una serie de piezas de video arte,&nbsp; NFTs&nbsp; y un proyecto de experiencia de realidad virtual en donde se expande a nuevos campos la tem\u00e1tica de <em>\u201cLa persistencia del deseo\u201d (The persistence of desire).<\/em><\/p>\n\n\n\n<figure class=\"wp-block-image size-large\"><img data-recalc-dims=\"1\" loading=\"lazy\" decoding=\"async\" width=\"640\" height=\"574\" data-attachment-id=\"7228\" data-permalink=\"https:\/\/nadinospina.org\/en\/extasis\/extasis-i-y-ii-2023-impresion-3d-63-x-29-x-27-cm-nadin-ospina\/\" data-orig-file=\"https:\/\/i0.wp.com\/nadinospina.org\/wp-content\/uploads\/2023\/07\/Extasis-I-y-II.-2023.-Impresion-3D.-63-x-29-x-27-cm-Nadin-Ospina.png?fit=3709%2C3327&amp;ssl=1\" data-orig-size=\"3709,3327\" data-comments-opened=\"1\" data-image-meta=\"{&quot;aperture&quot;:&quot;0&quot;,&quot;credit&quot;:&quot;&quot;,&quot;camera&quot;:&quot;&quot;,&quot;caption&quot;:&quot;&quot;,&quot;created_timestamp&quot;:&quot;0&quot;,&quot;copyright&quot;:&quot;&quot;,&quot;focal_length&quot;:&quot;0&quot;,&quot;iso&quot;:&quot;0&quot;,&quot;shutter_speed&quot;:&quot;0&quot;,&quot;title&quot;:&quot;&quot;,&quot;orientation&quot;:&quot;0&quot;}\" data-image-title=\"\u00c9xtasis I y II. 2023. Impresi\u00f3n 3D. 63 x 29 x 27 cm Nadin Ospina\" data-image-description=\"\" data-image-caption=\"\" data-large-file=\"https:\/\/i0.wp.com\/nadinospina.org\/wp-content\/uploads\/2023\/07\/Extasis-I-y-II.-2023.-Impresion-3D.-63-x-29-x-27-cm-Nadin-Ospina.png?fit=640%2C574&amp;ssl=1\" src=\"https:\/\/i0.wp.com\/nadinospina.org\/wp-content\/uploads\/2023\/07\/Extasis-I-y-II.-2023.-Impresion-3D.-63-x-29-x-27-cm-Nadin-Ospina.png?resize=640%2C574&#038;ssl=1\" alt=\"\" class=\"wp-image-7228\" srcset=\"https:\/\/i0.wp.com\/nadinospina.org\/wp-content\/uploads\/2023\/07\/Extasis-I-y-II.-2023.-Impresion-3D.-63-x-29-x-27-cm-Nadin-Ospina.png?resize=1024%2C919&amp;ssl=1 1024w, https:\/\/i0.wp.com\/nadinospina.org\/wp-content\/uploads\/2023\/07\/Extasis-I-y-II.-2023.-Impresion-3D.-63-x-29-x-27-cm-Nadin-Ospina.png?resize=300%2C269&amp;ssl=1 300w, https:\/\/i0.wp.com\/nadinospina.org\/wp-content\/uploads\/2023\/07\/Extasis-I-y-II.-2023.-Impresion-3D.-63-x-29-x-27-cm-Nadin-Ospina.png?resize=768%2C689&amp;ssl=1 768w, https:\/\/i0.wp.com\/nadinospina.org\/wp-content\/uploads\/2023\/07\/Extasis-I-y-II.-2023.-Impresion-3D.-63-x-29-x-27-cm-Nadin-Ospina.png?resize=1536%2C1378&amp;ssl=1 1536w, https:\/\/i0.wp.com\/nadinospina.org\/wp-content\/uploads\/2023\/07\/Extasis-I-y-II.-2023.-Impresion-3D.-63-x-29-x-27-cm-Nadin-Ospina.png?resize=2048%2C1837&amp;ssl=1 2048w, https:\/\/i0.wp.com\/nadinospina.org\/wp-content\/uploads\/2023\/07\/Extasis-I-y-II.-2023.-Impresion-3D.-63-x-29-x-27-cm-Nadin-Ospina.png?resize=13%2C12&amp;ssl=1 13w, https:\/\/i0.wp.com\/nadinospina.org\/wp-content\/uploads\/2023\/07\/Extasis-I-y-II.-2023.-Impresion-3D.-63-x-29-x-27-cm-Nadin-Ospina.png?resize=1200%2C1076&amp;ssl=1 1200w, https:\/\/i0.wp.com\/nadinospina.org\/wp-content\/uploads\/2023\/07\/Extasis-I-y-II.-2023.-Impresion-3D.-63-x-29-x-27-cm-Nadin-Ospina.png?resize=1280%2C1148&amp;ssl=1 1280w, https:\/\/i0.wp.com\/nadinospina.org\/wp-content\/uploads\/2023\/07\/Extasis-I-y-II.-2023.-Impresion-3D.-63-x-29-x-27-cm-Nadin-Ospina.png?w=1920&amp;ssl=1 1920w\" sizes=\"(max-width: 640px) 100vw, 640px\" \/><\/figure>\n\n\n\n<p class=\"textojustificado wp-block-paragraph\">Comienza en 2023 el desarrollo de la serie <em>\u00c9xtasis<\/em> una serie de piezas en impresi\u00f3n 3D, impresi\u00f3n gr\u00e1fica y fundici\u00f3n en bronce con la representaci\u00f3n de personajes de caracter\u00edsticas \u00e9tnicas perif\u00e9ricas con la inserci\u00f3n de piezas arquitect\u00f3nicas de car\u00e1cter religioso en una cr\u00edtica al colonialismo y la imposici\u00f3n ideol\u00f3gica.<\/p>\n\n\n\n<figure class=\"wp-block-image size-large\"><a href=\"https:\/\/nadinospina.org\/en\/la-persistencia-del-deseo\/\"><img data-recalc-dims=\"1\" loading=\"lazy\" decoding=\"async\" width=\"640\" height=\"358\" data-attachment-id=\"7723\" data-permalink=\"https:\/\/nadinospina.org\/en\/biografia\/la-persistencia-del-deseo-galeria-fernando-pradilla-madrid-septiembre-2023-sala-1-pared-de-fondo-extais-la-persistencia-del-deseo-lobos-empire-estate\/\" data-orig-file=\"https:\/\/i0.wp.com\/nadinospina.org\/wp-content\/uploads\/2023\/11\/La-Persistencia-del-deseo.-Galeria-Fernando-Pradilla.-Madrid.-Septiembre-2023.-Sala-1.-Pared-de-fondo.-Extais-La-persistencia-del-deseo-lobos-Empire-Estate.jpg?fit=3894%2C2180&amp;ssl=1\" data-orig-size=\"3894,2180\" data-comments-opened=\"1\" data-image-meta=\"{&quot;aperture&quot;:&quot;11&quot;,&quot;credit&quot;:&quot;&quot;,&quot;camera&quot;:&quot;ILCE-7SM2&quot;,&quot;caption&quot;:&quot;&quot;,&quot;created_timestamp&quot;:&quot;1452781736&quot;,&quot;copyright&quot;:&quot;&quot;,&quot;focal_length&quot;:&quot;24&quot;,&quot;iso&quot;:&quot;160&quot;,&quot;shutter_speed&quot;:&quot;0.16666666666667&quot;,&quot;title&quot;:&quot;&quot;,&quot;orientation&quot;:&quot;1&quot;}\" data-image-title=\"La-Persistencia-del-deseo.-Galeria-Fernando-Pradilla.-Madrid.-Septiembre-2023.-Sala-1.-Pared-de-fondo.-Extais-La-persistencia-del-deseo-lobos-Empire-Estate\" data-image-description=\"\" data-image-caption=\"\" data-large-file=\"https:\/\/i0.wp.com\/nadinospina.org\/wp-content\/uploads\/2023\/11\/La-Persistencia-del-deseo.-Galeria-Fernando-Pradilla.-Madrid.-Septiembre-2023.-Sala-1.-Pared-de-fondo.-Extais-La-persistencia-del-deseo-lobos-Empire-Estate.jpg?fit=640%2C358&amp;ssl=1\" src=\"https:\/\/i0.wp.com\/nadinospina.org\/wp-content\/uploads\/2023\/11\/La-Persistencia-del-deseo.-Galeria-Fernando-Pradilla.-Madrid.-Septiembre-2023.-Sala-1.-Pared-de-fondo.-Extais-La-persistencia-del-deseo-lobos-Empire-Estate-1024x573.jpg?resize=640%2C358&#038;ssl=1\" alt=\"\" class=\"wp-image-7723\" srcset=\"https:\/\/i0.wp.com\/nadinospina.org\/wp-content\/uploads\/2023\/11\/La-Persistencia-del-deseo.-Galeria-Fernando-Pradilla.-Madrid.-Septiembre-2023.-Sala-1.-Pared-de-fondo.-Extais-La-persistencia-del-deseo-lobos-Empire-Estate.jpg?resize=1024%2C573&amp;ssl=1 1024w, https:\/\/i0.wp.com\/nadinospina.org\/wp-content\/uploads\/2023\/11\/La-Persistencia-del-deseo.-Galeria-Fernando-Pradilla.-Madrid.-Septiembre-2023.-Sala-1.-Pared-de-fondo.-Extais-La-persistencia-del-deseo-lobos-Empire-Estate.jpg?resize=300%2C168&amp;ssl=1 300w, https:\/\/i0.wp.com\/nadinospina.org\/wp-content\/uploads\/2023\/11\/La-Persistencia-del-deseo.-Galeria-Fernando-Pradilla.-Madrid.-Septiembre-2023.-Sala-1.-Pared-de-fondo.-Extais-La-persistencia-del-deseo-lobos-Empire-Estate.jpg?resize=768%2C430&amp;ssl=1 768w, https:\/\/i0.wp.com\/nadinospina.org\/wp-content\/uploads\/2023\/11\/La-Persistencia-del-deseo.-Galeria-Fernando-Pradilla.-Madrid.-Septiembre-2023.-Sala-1.-Pared-de-fondo.-Extais-La-persistencia-del-deseo-lobos-Empire-Estate.jpg?resize=1536%2C860&amp;ssl=1 1536w, https:\/\/i0.wp.com\/nadinospina.org\/wp-content\/uploads\/2023\/11\/La-Persistencia-del-deseo.-Galeria-Fernando-Pradilla.-Madrid.-Septiembre-2023.-Sala-1.-Pared-de-fondo.-Extais-La-persistencia-del-deseo-lobos-Empire-Estate.jpg?resize=2048%2C1147&amp;ssl=1 2048w, https:\/\/i0.wp.com\/nadinospina.org\/wp-content\/uploads\/2023\/11\/La-Persistencia-del-deseo.-Galeria-Fernando-Pradilla.-Madrid.-Septiembre-2023.-Sala-1.-Pared-de-fondo.-Extais-La-persistencia-del-deseo-lobos-Empire-Estate.jpg?resize=18%2C10&amp;ssl=1 18w, https:\/\/i0.wp.com\/nadinospina.org\/wp-content\/uploads\/2023\/11\/La-Persistencia-del-deseo.-Galeria-Fernando-Pradilla.-Madrid.-Septiembre-2023.-Sala-1.-Pared-de-fondo.-Extais-La-persistencia-del-deseo-lobos-Empire-Estate.jpg?resize=1200%2C672&amp;ssl=1 1200w, https:\/\/i0.wp.com\/nadinospina.org\/wp-content\/uploads\/2023\/11\/La-Persistencia-del-deseo.-Galeria-Fernando-Pradilla.-Madrid.-Septiembre-2023.-Sala-1.-Pared-de-fondo.-Extais-La-persistencia-del-deseo-lobos-Empire-Estate.jpg?resize=1280%2C717&amp;ssl=1 1280w, https:\/\/i0.wp.com\/nadinospina.org\/wp-content\/uploads\/2023\/11\/La-Persistencia-del-deseo.-Galeria-Fernando-Pradilla.-Madrid.-Septiembre-2023.-Sala-1.-Pared-de-fondo.-Extais-La-persistencia-del-deseo-lobos-Empire-Estate.jpg?w=1920&amp;ssl=1 1920w\" sizes=\"(max-width: 640px) 100vw, 640px\" \/><\/a><\/figure>\n\n\n\n<p class=\"textojustificado wp-block-paragraph\">En septiembre de 2023 realiza en la Galer\u00eda Fernando Pradilla de Madrid la exposici\u00f3n <em><a href=\"https:\/\/nadinospina.org\/en\/la-persistencia-del-deseo\/\">The persistence of desire<\/a><\/em> con curadur\u00eda del fil\u00f3sofo, cr\u00edtico y curador espa\u00f1ol Fernando Castro Fl\u00f3rez<\/p>\n\n\n\n<figure class=\"wp-block-image size-large\"><img data-recalc-dims=\"1\" loading=\"lazy\" decoding=\"async\" width=\"640\" height=\"449\" data-attachment-id=\"6963\" data-permalink=\"https:\/\/nadinospina.org\/en\/la-persistencia-del-deseo\/rescate-alta-2016-frente-aluminio-policromado-17-x-22-x-8-cm-edicion-de-7-piezas-1-de-7-galeria-el-museo-septiembre-16-de-2022\/\" data-orig-file=\"https:\/\/i0.wp.com\/nadinospina.org\/wp-content\/uploads\/2023\/06\/Rescate.-Alta.-2016.-Frente.-Aluminio-policromado.-17-x-22-x-8-cm.-Edicion-de-7-piezas.-1-de-7-Galeria-El-Museo.-Septiembre-16-de-2022.jpg?fit=5092%2C3576&amp;ssl=1\" data-orig-size=\"5092,3576\" data-comments-opened=\"1\" data-image-meta=\"{&quot;aperture&quot;:&quot;16&quot;,&quot;credit&quot;:&quot;&quot;,&quot;camera&quot;:&quot;Canon EOS M6 Mark II&quot;,&quot;caption&quot;:&quot;&quot;,&quot;created_timestamp&quot;:&quot;1663773567&quot;,&quot;copyright&quot;:&quot;&quot;,&quot;focal_length&quot;:&quot;45&quot;,&quot;iso&quot;:&quot;100&quot;,&quot;shutter_speed&quot;:&quot;0.6&quot;,&quot;title&quot;:&quot;&quot;,&quot;orientation&quot;:&quot;1&quot;}\" data-image-title=\"Rescate. Alta. 2016. Frente. Aluminio policromado. 17 x 22 x 8 cm. Edici\u00f3n de 7 piezas. 1 de 7 Galer\u00eda El Museo. Septiembre 16 de 2022\" data-image-description=\"\" data-image-caption=\"&lt;p&gt;Rescate. 2016. Aluminio policromado. 17 x 22 x 8 cm. Edici\u00f3n de 7 piezas.&lt;\/p&gt;\" data-large-file=\"https:\/\/i0.wp.com\/nadinospina.org\/wp-content\/uploads\/2023\/06\/Rescate.-Alta.-2016.-Frente.-Aluminio-policromado.-17-x-22-x-8-cm.-Edicion-de-7-piezas.-1-de-7-Galeria-El-Museo.-Septiembre-16-de-2022.jpg?fit=640%2C449&amp;ssl=1\" src=\"https:\/\/i0.wp.com\/nadinospina.org\/wp-content\/uploads\/2023\/06\/Rescate.-Alta.-2016.-Frente.-Aluminio-policromado.-17-x-22-x-8-cm.-Edicion-de-7-piezas.-1-de-7-Galeria-El-Museo.-Septiembre-16-de-2022.jpg?resize=640%2C449&#038;ssl=1\" alt=\"\" class=\"wp-image-6963\" srcset=\"https:\/\/i0.wp.com\/nadinospina.org\/wp-content\/uploads\/2023\/06\/Rescate.-Alta.-2016.-Frente.-Aluminio-policromado.-17-x-22-x-8-cm.-Edicion-de-7-piezas.-1-de-7-Galeria-El-Museo.-Septiembre-16-de-2022.jpg?resize=1024%2C719&amp;ssl=1 1024w, https:\/\/i0.wp.com\/nadinospina.org\/wp-content\/uploads\/2023\/06\/Rescate.-Alta.-2016.-Frente.-Aluminio-policromado.-17-x-22-x-8-cm.-Edicion-de-7-piezas.-1-de-7-Galeria-El-Museo.-Septiembre-16-de-2022.jpg?resize=300%2C211&amp;ssl=1 300w, https:\/\/i0.wp.com\/nadinospina.org\/wp-content\/uploads\/2023\/06\/Rescate.-Alta.-2016.-Frente.-Aluminio-policromado.-17-x-22-x-8-cm.-Edicion-de-7-piezas.-1-de-7-Galeria-El-Museo.-Septiembre-16-de-2022.jpg?resize=768%2C539&amp;ssl=1 768w, https:\/\/i0.wp.com\/nadinospina.org\/wp-content\/uploads\/2023\/06\/Rescate.-Alta.-2016.-Frente.-Aluminio-policromado.-17-x-22-x-8-cm.-Edicion-de-7-piezas.-1-de-7-Galeria-El-Museo.-Septiembre-16-de-2022.jpg?resize=1536%2C1079&amp;ssl=1 1536w, https:\/\/i0.wp.com\/nadinospina.org\/wp-content\/uploads\/2023\/06\/Rescate.-Alta.-2016.-Frente.-Aluminio-policromado.-17-x-22-x-8-cm.-Edicion-de-7-piezas.-1-de-7-Galeria-El-Museo.-Septiembre-16-de-2022.jpg?resize=2048%2C1438&amp;ssl=1 2048w, https:\/\/i0.wp.com\/nadinospina.org\/wp-content\/uploads\/2023\/06\/Rescate.-Alta.-2016.-Frente.-Aluminio-policromado.-17-x-22-x-8-cm.-Edicion-de-7-piezas.-1-de-7-Galeria-El-Museo.-Septiembre-16-de-2022.jpg?resize=18%2C12&amp;ssl=1 18w, https:\/\/i0.wp.com\/nadinospina.org\/wp-content\/uploads\/2023\/06\/Rescate.-Alta.-2016.-Frente.-Aluminio-policromado.-17-x-22-x-8-cm.-Edicion-de-7-piezas.-1-de-7-Galeria-El-Museo.-Septiembre-16-de-2022.jpg?resize=1200%2C843&amp;ssl=1 1200w, https:\/\/i0.wp.com\/nadinospina.org\/wp-content\/uploads\/2023\/06\/Rescate.-Alta.-2016.-Frente.-Aluminio-policromado.-17-x-22-x-8-cm.-Edicion-de-7-piezas.-1-de-7-Galeria-El-Museo.-Septiembre-16-de-2022.jpg?resize=1280%2C899&amp;ssl=1 1280w, https:\/\/i0.wp.com\/nadinospina.org\/wp-content\/uploads\/2023\/06\/Rescate.-Alta.-2016.-Frente.-Aluminio-policromado.-17-x-22-x-8-cm.-Edicion-de-7-piezas.-1-de-7-Galeria-El-Museo.-Septiembre-16-de-2022.jpg?w=1920&amp;ssl=1 1920w\" sizes=\"(max-width: 640px) 100vw, 640px\" \/><\/figure>\n\n\n\n<p class=\"textojustificado wp-block-paragraph\">En octubre de 2023 se presenta en la fundaci\u00f3n March de Madrid la exposici\u00f3n antol\u00f3gica <em>Antes de Am\u00e9rica Fuentes originarias \u2013 cultura moderna <\/em>con la curadur\u00eda de Rodrigo Guti\u00e9rrez Vi\u00f1uales, exposici\u00f3n que incluye varios trabajos del artista.<\/p>\n\n\n\n<figure class=\"wp-block-image size-large\"><a href=\"https:\/\/nadinospina.org\/en\/migracion\/\"><img data-recalc-dims=\"1\" loading=\"lazy\" decoding=\"async\" width=\"640\" height=\"428\" data-attachment-id=\"7661\" data-permalink=\"https:\/\/nadinospina.org\/en\/migracion\/migrac1\/\" data-orig-file=\"https:\/\/i0.wp.com\/nadinospina.org\/wp-content\/uploads\/2023\/11\/MIGRAC1.jpg?fit=2000%2C1336&amp;ssl=1\" data-orig-size=\"2000,1336\" data-comments-opened=\"1\" data-image-meta=\"{&quot;aperture&quot;:&quot;0&quot;,&quot;credit&quot;:&quot;&quot;,&quot;camera&quot;:&quot;&quot;,&quot;caption&quot;:&quot;&quot;,&quot;created_timestamp&quot;:&quot;0&quot;,&quot;copyright&quot;:&quot;&quot;,&quot;focal_length&quot;:&quot;0&quot;,&quot;iso&quot;:&quot;0&quot;,&quot;shutter_speed&quot;:&quot;0&quot;,&quot;title&quot;:&quot;&quot;,&quot;orientation&quot;:&quot;0&quot;}\" data-image-title=\"MIGRAC~1\" data-image-description=\"\" data-image-caption=\"\" data-large-file=\"https:\/\/i0.wp.com\/nadinospina.org\/wp-content\/uploads\/2023\/11\/MIGRAC1.jpg?fit=640%2C428&amp;ssl=1\" src=\"https:\/\/i0.wp.com\/nadinospina.org\/wp-content\/uploads\/2023\/11\/MIGRAC1.jpg?resize=640%2C428&#038;ssl=1\" alt=\"\" class=\"wp-image-7661\" srcset=\"https:\/\/i0.wp.com\/nadinospina.org\/wp-content\/uploads\/2023\/11\/MIGRAC1.jpg?resize=1024%2C684&amp;ssl=1 1024w, https:\/\/i0.wp.com\/nadinospina.org\/wp-content\/uploads\/2023\/11\/MIGRAC1.jpg?resize=300%2C200&amp;ssl=1 300w, https:\/\/i0.wp.com\/nadinospina.org\/wp-content\/uploads\/2023\/11\/MIGRAC1.jpg?resize=768%2C513&amp;ssl=1 768w, https:\/\/i0.wp.com\/nadinospina.org\/wp-content\/uploads\/2023\/11\/MIGRAC1.jpg?resize=1536%2C1026&amp;ssl=1 1536w, https:\/\/i0.wp.com\/nadinospina.org\/wp-content\/uploads\/2023\/11\/MIGRAC1.jpg?resize=18%2C12&amp;ssl=1 18w, https:\/\/i0.wp.com\/nadinospina.org\/wp-content\/uploads\/2023\/11\/MIGRAC1.jpg?resize=1200%2C802&amp;ssl=1 1200w, https:\/\/i0.wp.com\/nadinospina.org\/wp-content\/uploads\/2023\/11\/MIGRAC1.jpg?resize=1280%2C855&amp;ssl=1 1280w, https:\/\/i0.wp.com\/nadinospina.org\/wp-content\/uploads\/2023\/11\/MIGRAC1.jpg?w=2000&amp;ssl=1 2000w, https:\/\/i0.wp.com\/nadinospina.org\/wp-content\/uploads\/2023\/11\/MIGRAC1.jpg?w=1920&amp;ssl=1 1920w\" sizes=\"(max-width: 640px) 100vw, 640px\" \/><\/a><\/figure>\n\n\n\n<p class=\"textojustificado wp-block-paragraph\">En noviembre de 2023 representado por la Galer\u00eda El Museo es seleccionado para presentar en el espacio Sitio de&nbsp; la Feria ARTBO la instalaci\u00f3n <em><a href=\"https:\/\/nadinospina.org\/en\/migracion\/\">Migraci\u00f3n<\/a> <\/em>una intervenci\u00f3n de espacio que reflexiona sobre la crisis ecol\u00f3gica con un tono surrealista y po\u00e9tico.<\/p>\n\n\n\n<figure class=\"wp-block-image size-large\"><img data-recalc-dims=\"1\" loading=\"lazy\" decoding=\"async\" width=\"640\" height=\"428\" data-attachment-id=\"7737\" data-permalink=\"https:\/\/nadinospina.org\/en\/biografia\/nadin-ospina-elefantes-migracion-artbo-p\/\" data-orig-file=\"https:\/\/i0.wp.com\/nadinospina.org\/wp-content\/uploads\/2023\/11\/nadin-ospina-elefantes-migracion-artbo-p.png?fit=2000%2C1336&amp;ssl=1\" data-orig-size=\"2000,1336\" data-comments-opened=\"1\" data-image-meta=\"{&quot;aperture&quot;:&quot;0&quot;,&quot;credit&quot;:&quot;&quot;,&quot;camera&quot;:&quot;&quot;,&quot;caption&quot;:&quot;&quot;,&quot;created_timestamp&quot;:&quot;0&quot;,&quot;copyright&quot;:&quot;&quot;,&quot;focal_length&quot;:&quot;0&quot;,&quot;iso&quot;:&quot;0&quot;,&quot;shutter_speed&quot;:&quot;0&quot;,&quot;title&quot;:&quot;&quot;,&quot;orientation&quot;:&quot;0&quot;}\" data-image-title=\"nadin-ospina-elefantes-migracion-artbo-p\" data-image-description=\"\" data-image-caption=\"\" data-large-file=\"https:\/\/i0.wp.com\/nadinospina.org\/wp-content\/uploads\/2023\/11\/nadin-ospina-elefantes-migracion-artbo-p.png?fit=640%2C428&amp;ssl=1\" src=\"https:\/\/i0.wp.com\/nadinospina.org\/wp-content\/uploads\/2023\/11\/nadin-ospina-elefantes-migracion-artbo-p.png?resize=640%2C428&#038;ssl=1\" alt=\"\" class=\"wp-image-7737\" srcset=\"https:\/\/i0.wp.com\/nadinospina.org\/wp-content\/uploads\/2023\/11\/nadin-ospina-elefantes-migracion-artbo-p.png?resize=1024%2C684&amp;ssl=1 1024w, https:\/\/i0.wp.com\/nadinospina.org\/wp-content\/uploads\/2023\/11\/nadin-ospina-elefantes-migracion-artbo-p.png?resize=300%2C200&amp;ssl=1 300w, https:\/\/i0.wp.com\/nadinospina.org\/wp-content\/uploads\/2023\/11\/nadin-ospina-elefantes-migracion-artbo-p.png?resize=768%2C513&amp;ssl=1 768w, https:\/\/i0.wp.com\/nadinospina.org\/wp-content\/uploads\/2023\/11\/nadin-ospina-elefantes-migracion-artbo-p.png?resize=1536%2C1026&amp;ssl=1 1536w, https:\/\/i0.wp.com\/nadinospina.org\/wp-content\/uploads\/2023\/11\/nadin-ospina-elefantes-migracion-artbo-p.png?resize=18%2C12&amp;ssl=1 18w, https:\/\/i0.wp.com\/nadinospina.org\/wp-content\/uploads\/2023\/11\/nadin-ospina-elefantes-migracion-artbo-p.png?resize=1200%2C802&amp;ssl=1 1200w, https:\/\/i0.wp.com\/nadinospina.org\/wp-content\/uploads\/2023\/11\/nadin-ospina-elefantes-migracion-artbo-p.png?resize=1280%2C855&amp;ssl=1 1280w, https:\/\/i0.wp.com\/nadinospina.org\/wp-content\/uploads\/2023\/11\/nadin-ospina-elefantes-migracion-artbo-p.png?w=2000&amp;ssl=1 2000w, https:\/\/i0.wp.com\/nadinospina.org\/wp-content\/uploads\/2023\/11\/nadin-ospina-elefantes-migracion-artbo-p.png?w=1920&amp;ssl=1 1920w\" sizes=\"(max-width: 640px) 100vw, 640px\" \/><\/figure>\n\n\n\n<figure class=\"wp-block-image size-large\"><img data-recalc-dims=\"1\" loading=\"lazy\" decoding=\"async\" width=\"640\" height=\"763\" data-attachment-id=\"8293\" data-permalink=\"https:\/\/nadinospina.org\/en\/biografia\/img_0013-2\/\" data-orig-file=\"https:\/\/i0.wp.com\/nadinospina.org\/wp-content\/uploads\/2024\/10\/IMG_0013-2.jpg?fit=1510%2C1800&amp;ssl=1\" data-orig-size=\"1510,1800\" data-comments-opened=\"1\" data-image-meta=\"{&quot;aperture&quot;:&quot;0&quot;,&quot;credit&quot;:&quot;&quot;,&quot;camera&quot;:&quot;&quot;,&quot;caption&quot;:&quot;&quot;,&quot;created_timestamp&quot;:&quot;0&quot;,&quot;copyright&quot;:&quot;&quot;,&quot;focal_length&quot;:&quot;0&quot;,&quot;iso&quot;:&quot;0&quot;,&quot;shutter_speed&quot;:&quot;0&quot;,&quot;title&quot;:&quot;&quot;,&quot;orientation&quot;:&quot;1&quot;}\" data-image-title=\"IMG_0013 2\" data-image-description=\"\" data-image-caption=\"\" data-large-file=\"https:\/\/i0.wp.com\/nadinospina.org\/wp-content\/uploads\/2024\/10\/IMG_0013-2.jpg?fit=640%2C763&amp;ssl=1\" src=\"https:\/\/i0.wp.com\/nadinospina.org\/wp-content\/uploads\/2024\/10\/IMG_0013-2.jpg?resize=640%2C763&#038;ssl=1\" alt=\"\" class=\"wp-image-8293\" srcset=\"https:\/\/i0.wp.com\/nadinospina.org\/wp-content\/uploads\/2024\/10\/IMG_0013-2.jpg?resize=859%2C1024&amp;ssl=1 859w, https:\/\/i0.wp.com\/nadinospina.org\/wp-content\/uploads\/2024\/10\/IMG_0013-2.jpg?resize=252%2C300&amp;ssl=1 252w, https:\/\/i0.wp.com\/nadinospina.org\/wp-content\/uploads\/2024\/10\/IMG_0013-2.jpg?resize=768%2C915&amp;ssl=1 768w, https:\/\/i0.wp.com\/nadinospina.org\/wp-content\/uploads\/2024\/10\/IMG_0013-2.jpg?resize=1289%2C1536&amp;ssl=1 1289w, https:\/\/i0.wp.com\/nadinospina.org\/wp-content\/uploads\/2024\/10\/IMG_0013-2.jpg?resize=10%2C12&amp;ssl=1 10w, https:\/\/i0.wp.com\/nadinospina.org\/wp-content\/uploads\/2024\/10\/IMG_0013-2.jpg?resize=1280%2C1526&amp;ssl=1 1280w, https:\/\/i0.wp.com\/nadinospina.org\/wp-content\/uploads\/2024\/10\/IMG_0013-2.jpg?w=1510&amp;ssl=1 1510w\" sizes=\"(max-width: 640px) 100vw, 640px\" \/><\/figure>\n\n\n\n<p class=\"wp-block-paragraph\">En mayo de 2024 se inaugura en la ciudad de Murcia, Espa\u00f1a, la exposici\u00f3n &#8220;\u00c9xtasis&#8221; en la Galer\u00eda T20 curada por Carolina Parra y Nacho Ruiz. <\/p>\n\n\n\n<figure class=\"wp-block-image size-large\"><img data-recalc-dims=\"1\" loading=\"lazy\" decoding=\"async\" width=\"640\" height=\"640\" data-attachment-id=\"8295\" data-permalink=\"https:\/\/nadinospina.org\/en\/biografia\/jpg-media-t20-danin-ospina-extasis-_mg_7887-pano-editar\/\" data-orig-file=\"https:\/\/i0.wp.com\/nadinospina.org\/wp-content\/uploads\/2024\/10\/JPG-Media-T20-Danin-Ospina-Extasis-_MG_7887-Pano-Editar.jpg?fit=2048%2C2048&amp;ssl=1\" data-orig-size=\"2048,2048\" data-comments-opened=\"1\" data-image-meta=\"{&quot;aperture&quot;:&quot;11&quot;,&quot;credit&quot;:&quot;Jose Filemon Fotografia&quot;,&quot;camera&quot;:&quot;Canon EOS R6&quot;,&quot;caption&quot;:&quot;&quot;,&quot;created_timestamp&quot;:&quot;1717066997&quot;,&quot;copyright&quot;:&quot;&quot;,&quot;focal_length&quot;:&quot;17&quot;,&quot;iso&quot;:&quot;100&quot;,&quot;shutter_speed&quot;:&quot;0.16666666666667&quot;,&quot;title&quot;:&quot;&quot;,&quot;orientation&quot;:&quot;0&quot;}\" data-image-title=\"JPG Media T20- Dani\u0301n Ospina- E\u0301xtasis _MG_7887-Pano-Editar\" data-image-description=\"\" data-image-caption=\"\" data-large-file=\"https:\/\/i0.wp.com\/nadinospina.org\/wp-content\/uploads\/2024\/10\/JPG-Media-T20-Danin-Ospina-Extasis-_MG_7887-Pano-Editar.jpg?fit=640%2C640&amp;ssl=1\" src=\"https:\/\/i0.wp.com\/nadinospina.org\/wp-content\/uploads\/2024\/10\/JPG-Media-T20-Danin-Ospina-Extasis-_MG_7887-Pano-Editar-1024x1024.jpg?resize=640%2C640&#038;ssl=1\" alt=\"\" class=\"wp-image-8295\" srcset=\"https:\/\/i0.wp.com\/nadinospina.org\/wp-content\/uploads\/2024\/10\/JPG-Media-T20-Danin-Ospina-Extasis-_MG_7887-Pano-Editar.jpg?resize=1024%2C1024&amp;ssl=1 1024w, https:\/\/i0.wp.com\/nadinospina.org\/wp-content\/uploads\/2024\/10\/JPG-Media-T20-Danin-Ospina-Extasis-_MG_7887-Pano-Editar.jpg?resize=300%2C300&amp;ssl=1 300w, https:\/\/i0.wp.com\/nadinospina.org\/wp-content\/uploads\/2024\/10\/JPG-Media-T20-Danin-Ospina-Extasis-_MG_7887-Pano-Editar.jpg?resize=150%2C150&amp;ssl=1 150w, https:\/\/i0.wp.com\/nadinospina.org\/wp-content\/uploads\/2024\/10\/JPG-Media-T20-Danin-Ospina-Extasis-_MG_7887-Pano-Editar.jpg?resize=768%2C768&amp;ssl=1 768w, https:\/\/i0.wp.com\/nadinospina.org\/wp-content\/uploads\/2024\/10\/JPG-Media-T20-Danin-Ospina-Extasis-_MG_7887-Pano-Editar.jpg?resize=1536%2C1536&amp;ssl=1 1536w, https:\/\/i0.wp.com\/nadinospina.org\/wp-content\/uploads\/2024\/10\/JPG-Media-T20-Danin-Ospina-Extasis-_MG_7887-Pano-Editar.jpg?resize=12%2C12&amp;ssl=1 12w, https:\/\/i0.wp.com\/nadinospina.org\/wp-content\/uploads\/2024\/10\/JPG-Media-T20-Danin-Ospina-Extasis-_MG_7887-Pano-Editar.jpg?resize=1280%2C1280&amp;ssl=1 1280w, https:\/\/i0.wp.com\/nadinospina.org\/wp-content\/uploads\/2024\/10\/JPG-Media-T20-Danin-Ospina-Extasis-_MG_7887-Pano-Editar.jpg?w=2048&amp;ssl=1 2048w, https:\/\/i0.wp.com\/nadinospina.org\/wp-content\/uploads\/2024\/10\/JPG-Media-T20-Danin-Ospina-Extasis-_MG_7887-Pano-Editar.jpg?w=1920&amp;ssl=1 1920w\" sizes=\"(max-width: 640px) 100vw, 640px\" \/><\/figure>\n\n\n\n<p class=\"wp-block-paragraph\">La exposici\u00f3n es la primera muestra en la Ciudad de Murcia y la introducci\u00f3n de las obras de la serie &#8220;La persistencia del deseo&#8221; ya exhibida en Madrid en el 2023.<\/p>\n\n\n\n<figure class=\"wp-block-image size-large\"><img data-recalc-dims=\"1\" loading=\"lazy\" decoding=\"async\" width=\"640\" height=\"733\" data-attachment-id=\"8297\" data-permalink=\"https:\/\/nadinospina.org\/en\/biografia\/jpg-media-t20-danin-ospina-la-persistencia-del-deseo-carcel-vieja-_mg_7956-pano\/\" data-orig-file=\"https:\/\/i0.wp.com\/nadinospina.org\/wp-content\/uploads\/2024\/10\/JPG-Media-T20-Danin-Ospina-La-persistencia-del-deseo-Carcel-Vieja-_MG_7956-Pano.jpg?fit=1788%2C2048&amp;ssl=1\" data-orig-size=\"1788,2048\" data-comments-opened=\"1\" data-image-meta=\"{&quot;aperture&quot;:&quot;11&quot;,&quot;credit&quot;:&quot;Jose Filemon Fotografia&quot;,&quot;camera&quot;:&quot;Canon EOS R6&quot;,&quot;caption&quot;:&quot;&quot;,&quot;created_timestamp&quot;:&quot;1717073874&quot;,&quot;copyright&quot;:&quot;&quot;,&quot;focal_length&quot;:&quot;17&quot;,&quot;iso&quot;:&quot;100&quot;,&quot;shutter_speed&quot;:&quot;0.02&quot;,&quot;title&quot;:&quot;&quot;,&quot;orientation&quot;:&quot;0&quot;}\" data-image-title=\"JPG Media- T20- Dani\u0301n Ospina- La persistencia del deseo- Ca\u0301rcel Vieja _MG_7956-Pano\" data-image-description=\"\" data-image-caption=\"\" data-large-file=\"https:\/\/i0.wp.com\/nadinospina.org\/wp-content\/uploads\/2024\/10\/JPG-Media-T20-Danin-Ospina-La-persistencia-del-deseo-Carcel-Vieja-_MG_7956-Pano.jpg?fit=640%2C733&amp;ssl=1\" src=\"https:\/\/i0.wp.com\/nadinospina.org\/wp-content\/uploads\/2024\/10\/JPG-Media-T20-Danin-Ospina-La-persistencia-del-deseo-Carcel-Vieja-_MG_7956-Pano.jpg?resize=640%2C733&#038;ssl=1\" alt=\"\" class=\"wp-image-8297\" srcset=\"https:\/\/i0.wp.com\/nadinospina.org\/wp-content\/uploads\/2024\/10\/JPG-Media-T20-Danin-Ospina-La-persistencia-del-deseo-Carcel-Vieja-_MG_7956-Pano.jpg?resize=894%2C1024&amp;ssl=1 894w, https:\/\/i0.wp.com\/nadinospina.org\/wp-content\/uploads\/2024\/10\/JPG-Media-T20-Danin-Ospina-La-persistencia-del-deseo-Carcel-Vieja-_MG_7956-Pano.jpg?resize=262%2C300&amp;ssl=1 262w, https:\/\/i0.wp.com\/nadinospina.org\/wp-content\/uploads\/2024\/10\/JPG-Media-T20-Danin-Ospina-La-persistencia-del-deseo-Carcel-Vieja-_MG_7956-Pano.jpg?resize=768%2C880&amp;ssl=1 768w, https:\/\/i0.wp.com\/nadinospina.org\/wp-content\/uploads\/2024\/10\/JPG-Media-T20-Danin-Ospina-La-persistencia-del-deseo-Carcel-Vieja-_MG_7956-Pano.jpg?resize=1341%2C1536&amp;ssl=1 1341w, https:\/\/i0.wp.com\/nadinospina.org\/wp-content\/uploads\/2024\/10\/JPG-Media-T20-Danin-Ospina-La-persistencia-del-deseo-Carcel-Vieja-_MG_7956-Pano.jpg?resize=10%2C12&amp;ssl=1 10w, https:\/\/i0.wp.com\/nadinospina.org\/wp-content\/uploads\/2024\/10\/JPG-Media-T20-Danin-Ospina-La-persistencia-del-deseo-Carcel-Vieja-_MG_7956-Pano.jpg?resize=1280%2C1466&amp;ssl=1 1280w, https:\/\/i0.wp.com\/nadinospina.org\/wp-content\/uploads\/2024\/10\/JPG-Media-T20-Danin-Ospina-La-persistencia-del-deseo-Carcel-Vieja-_MG_7956-Pano.jpg?w=1788&amp;ssl=1 1788w\" sizes=\"(max-width: 640px) 100vw, 640px\" \/><\/figure>\n\n\n\n<p class=\"wp-block-paragraph\">Tambi\u00e9n en Mayo de 2024 y con la curadur\u00eda de Carolina Parra y Nacho Ruiz se abre la muestra &#8220;La persistencia del deseo&#8221; en el magn\u00edfico espacio expositivo de la &#8220;Antigua Carcel de Murcia&#8221;<\/p>\n\n\n\n<figure class=\"wp-block-image size-large\"><img data-recalc-dims=\"1\" loading=\"lazy\" decoding=\"async\" width=\"640\" height=\"640\" data-attachment-id=\"8299\" data-permalink=\"https:\/\/nadinospina.org\/en\/biografia\/portelaes-por-galeria-el-museo\/\" data-orig-file=\"https:\/\/i0.wp.com\/nadinospina.org\/wp-content\/uploads\/2024\/10\/Portelaes-por-Galeria-El-Museo.jpg?fit=1280%2C1280&amp;ssl=1\" data-orig-size=\"1280,1280\" data-comments-opened=\"1\" data-image-meta=\"{&quot;aperture&quot;:&quot;0&quot;,&quot;credit&quot;:&quot;&quot;,&quot;camera&quot;:&quot;&quot;,&quot;caption&quot;:&quot;&quot;,&quot;created_timestamp&quot;:&quot;0&quot;,&quot;copyright&quot;:&quot;&quot;,&quot;focal_length&quot;:&quot;0&quot;,&quot;iso&quot;:&quot;0&quot;,&quot;shutter_speed&quot;:&quot;0&quot;,&quot;title&quot;:&quot;&quot;,&quot;orientation&quot;:&quot;1&quot;}\" data-image-title=\"Portelaes por Galeri\u0301a El Museo\" data-image-description=\"\" data-image-caption=\"\" data-large-file=\"https:\/\/i0.wp.com\/nadinospina.org\/wp-content\/uploads\/2024\/10\/Portelaes-por-Galeria-El-Museo.jpg?fit=640%2C640&amp;ssl=1\" src=\"https:\/\/i0.wp.com\/nadinospina.org\/wp-content\/uploads\/2024\/10\/Portelaes-por-Galeria-El-Museo.jpg?resize=640%2C640&#038;ssl=1\" alt=\"\" class=\"wp-image-8299\" srcset=\"https:\/\/i0.wp.com\/nadinospina.org\/wp-content\/uploads\/2024\/10\/Portelaes-por-Galeria-El-Museo.jpg?resize=1024%2C1024&amp;ssl=1 1024w, https:\/\/i0.wp.com\/nadinospina.org\/wp-content\/uploads\/2024\/10\/Portelaes-por-Galeria-El-Museo.jpg?resize=300%2C300&amp;ssl=1 300w, https:\/\/i0.wp.com\/nadinospina.org\/wp-content\/uploads\/2024\/10\/Portelaes-por-Galeria-El-Museo.jpg?resize=150%2C150&amp;ssl=1 150w, https:\/\/i0.wp.com\/nadinospina.org\/wp-content\/uploads\/2024\/10\/Portelaes-por-Galeria-El-Museo.jpg?resize=768%2C768&amp;ssl=1 768w, https:\/\/i0.wp.com\/nadinospina.org\/wp-content\/uploads\/2024\/10\/Portelaes-por-Galeria-El-Museo.jpg?resize=12%2C12&amp;ssl=1 12w, https:\/\/i0.wp.com\/nadinospina.org\/wp-content\/uploads\/2024\/10\/Portelaes-por-Galeria-El-Museo.jpg?w=1280&amp;ssl=1 1280w\" sizes=\"(max-width: 640px) 100vw, 640px\" \/><\/figure>\n\n\n\n<p class=\"wp-block-paragraph\">En Octubre de 2024 se abre la muestra &#8220;Portales&#8221; en la Galer\u00eda El Museo de Bogot\u00e1, muestra que introduce el nuevo proyecto que involucra elementos producidos por medio de la IA y ejecutados en impresi\u00f3n Chromalux en aluminio e impresiones 3D. La obra es un umbral, un espacio de transici\u00f3n entre el universo f\u00edsico y un mundo et\u00e9reo. Una reflexi\u00f3n sobre las perturbadoras condiciones planetarias en por medio de un dispositivo de conexi\u00f3n metaf\u00edsica. <\/p>","protected":false},"excerpt":{"rendered":"<p>1960 Nace en&nbsp;&nbsp;Bogot\u00e1, Colombia, el 16 de mayo de 1960, hijo del abogado Nad\u00edn Ospina y Lucy Valbuena. Estudi\u00f3 en el colegio de jesuitas San Bartolom\u00e9 de la Merced, en donde adquiere una formaci\u00f3n rigurosa y una conciencia social y pol\u00edtica concentrada en la problem\u00e1tica de los pueblos de Am\u00e9rica Latina. 1977 Influenciado por su [&hellip;]<\/p>\n","protected":false},"author":154715982,"featured_media":0,"parent":0,"menu_order":0,"comment_status":"closed","ping_status":"closed","template":"","meta":{"_coblocks_attr":"","_coblocks_dimensions":"","_coblocks_responsive_height":"","_coblocks_accordion_ie_support":"","_crdt_document":"","advanced_seo_description":"","jetpack_seo_html_title":"","jetpack_seo_noindex":false,"footnotes":""},"class_list":["post-3506","page","type-page","status-publish","hentry"],"jetpack_likes_enabled":true,"jetpack_sharing_enabled":true,"jetpack_shortlink":"https:\/\/wp.me\/PaPj6W-Uy","jetpack-related-posts":[],"_links":{"self":[{"href":"https:\/\/nadinospina.org\/en\/wp-json\/wp\/v2\/pages\/3506","targetHints":{"allow":["GET"]}}],"collection":[{"href":"https:\/\/nadinospina.org\/en\/wp-json\/wp\/v2\/pages"}],"about":[{"href":"https:\/\/nadinospina.org\/en\/wp-json\/wp\/v2\/types\/page"}],"author":[{"embeddable":true,"href":"https:\/\/nadinospina.org\/en\/wp-json\/wp\/v2\/users\/154715982"}],"replies":[{"embeddable":true,"href":"https:\/\/nadinospina.org\/en\/wp-json\/wp\/v2\/comments?post=3506"}],"version-history":[{"count":48,"href":"https:\/\/nadinospina.org\/en\/wp-json\/wp\/v2\/pages\/3506\/revisions"}],"predecessor-version":[{"id":8300,"href":"https:\/\/nadinospina.org\/en\/wp-json\/wp\/v2\/pages\/3506\/revisions\/8300"}],"wp:attachment":[{"href":"https:\/\/nadinospina.org\/en\/wp-json\/wp\/v2\/media?parent=3506"}],"curies":[{"name":"wp","href":"https:\/\/api.w.org\/{rel}","templated":true}]}}